{"id":17112,"date":"2020-08-13T21:52:52","date_gmt":"2020-08-13T21:52:52","guid":{"rendered":"https:\/\/versano.nl\/shop\/heren-winterjas-halflang-grijs-thomas-n-versano\/"},"modified":"2024-12-13T11:40:48","modified_gmt":"2024-12-13T11:40:48","slug":"heren-winterjas-halflang-grijs-thomas-n-versano","status":"publish","type":"product","link":"https:\/\/versano.nl\/de\/shop\/heren-winterjas-halflang-grijs-thomas-n-versano\/","title":{"rendered":"Herren Winterjacke mittellang grau Thomas N Versano"},"content":{"rendered":"<h2><strong><span style=\"font-size: 14.0pt; font-family: 'Arial',sans-serif;\">Herren Winterjacke mittellang grau Thomas N Versano<\/span><\/strong><\/h2>\n<p><span style=\"font-size: 11.0pt; font-family: 'Arial',sans-serif;\">Diese Herren Winterjacke von Versano hat eine sch\u00f6ne schmale Passform und ist wunderbar warm gef\u00fcttert. Die Jacke hat eine Kapuze mit Druckkn\u00f6pfen an der der Pelzkragen befestigt werden kann.Nat\u00fcrlich k\u00f6nnen Sie diese Herren Winterjacke mittellang grau Thomas Versano auch ohne Pelzkragen bestellen\/tragen. Dar\u00fcber hinaus verf\u00fcgt die Jacke \u00fcber einen Doppelverschluss bestehend aus Rei\u00dfverschluss und Magnetknopfverschluss, der sich bis in den hohen Kragen fortsetzt. Diese Winterjacke hat 2 Seitentaschen mit Rei\u00dfverschluss und eine Brusttasche mit Rei\u00dfverschluss. Alle Au\u00dfentaschen sind aus Fleece um die H\u00e4nde sch\u00f6n warm zu halten und die Jacke hat auch noch 2 tiefe Taschen auf der Innenseite. Dies ist eine Jacke, mit der Sie sicher sein k\u00f6nnen, dass Sie sie auch bei schlechtem Wetter genie\u00dfen werden. Au\u00dferdem h\u00e4lt sie warm und ist so sch\u00f6n designt, dass Sie damit bestimmt auffallen werden.<\/span><\/p>\n<h2><strong><span style=\"font-size: 14.0pt; font-family: 'Arial',sans-serif;\">Modell Thomas N in grau bestellen<\/span><\/strong><\/h2>\n<p><span style=\"font-size: 11.0pt; font-family: 'Arial',sans-serif;\">Mit einer so sch\u00f6nen Jacke von Versano k\u00f6nnen Sie sicher sein, dass Sie sie den ganzen Winter \u00fcber tragen k\u00f6nnen. Dieses Modell k\u00f6nnen Sie ganz einfach im Versano Webshop bestellen. Hier haben wir alle unsere Jacken f\u00fcr Sie zusammengestellt, damit Sie ganz einfach eine Bestellung aufgeben k\u00f6nnen. Bei Versano k\u00f6nnen Sie sich immer sicher sein, einen sch\u00f6nen und sorgf\u00e4ltig verarbeiteten Mantel zu kaufen. Bei uns k\u00f6nnen Sie ganz einfach die richtige Gr\u00f6\u00dfe anhand unserer smarten Anleitungsvideos ausw\u00e4hlen. Haben Sie Fragen oder sind Sie sich nicht sicher, welche Gr\u00f6\u00dfe Sie bestellen sollen? Dann k\u00f6nnen Sie uns jederzeit per Mail oder WhatsApp kontaktieren. Unsere Mitarbeiter m\u00f6chten Ihnen helfen!<\/span><\/p>\n<p><span style=\"font-family: 'Arial',sans-serif;\">\u00a0<\/span><\/p>\n<p><span style=\"font-family: 'Arial',sans-serif;\">Marke:<a title=\"versano\" href=\"https:\/\/versano.nl\" target=\"_blank\" rel=\"noopener noreferrer\"> Versano<\/a><br \/>\nL\u00e4nge: H\u00e4lfte<br \/>\nPassform: Dutch Slim Fit<br \/>\nFutter: 100% Polyester<br \/>\nBelagdicke: 200 Gramm ausgekleideten dicke<br \/>\n\u00c4rmell\u00e4nge: lang\u00e4rmelige<br \/>\nHOOD ausgekleidete, Massiv<br \/>\nExtras: verst\u00e4rkte N\u00e4hte<br \/>\nVerschluss: Rei\u00dfverschluss, mit Schutzklappe<br \/>\nTaschen: Seitentaschen an der H\u00fcfte mit Druckkn\u00f6pfen + Innentasche<br \/>\nFunktion: wasserdicht, winddicht<br \/>\nMaterialau\u00dfenschicht: 100% Polyester<br \/>\nZubeh\u00f6r: Pelzkragen (optional)<\/span><\/p>\n<p><span style=\"font-size: 11.0pt; font-family: 'Arial',sans-serif;\">Lieferzeit: 2-3 Werktage<\/span><\/p>\n<p><strong>OPTIONAL: REAL FUR COLLAR RACCOON RACCOON ART OF FUR<\/strong><\/p>","protected":false},"excerpt":{"rendered":"<p>W\u00c4HLEN SIE HIER EINE ANDERE FARBE<\/p>\n<p><strong><a href=\"https:\/\/versano.nl\/shop\/heren-parka-winterjas-halflang-zwart-thomas-n-versano\/\"><img loading=\"lazy\" decoding=\"async\" class=\"alignnone size-full wp-image-19720\" src=\"https:\/\/versano.nl\/wp-content\/uploads\/sites\/2\/2020\/08\/heren-winterjas-halflang-zwart-met-capuchon-bontkraag-versano-thomas-thumb.jpg\" alt=\"\" width=\"56\" height=\"75\" \/><\/a><a href=\"https:\/\/versano.nl\/shop\/heren-parka-winterjas-thomas-n-versano-blauw\/\"><img loading=\"lazy\" decoding=\"async\" class=\"alignnone size-full wp-image-26985\" src=\"https:\/\/versano.nl\/wp-content\/uploads\/sites\/2\/2022\/09\/heren-winterjas-halflang-zwart-met-capuchon-myversano-thomas-voorkant-gesloten-thumb.jpg\" alt=\"\" width=\"56\" height=\"75\" srcset=\"https:\/\/versano.nl\/wp-content\/uploads\/2022\/09\/heren-winterjas-halflang-zwart-met-capuchon-myversano-thomas-voorkant-gesloten-thumb.jpg 56w, https:\/\/versano.nl\/wp-content\/uploads\/2022\/09\/heren-winterjas-halflang-zwart-met-capuchon-myversano-thomas-voorkant-gesloten-thumb-9x12.jpg 9w\" sizes=\"auto, (max-width: 56px) 100vw, 56px\" \/><\/a><\/strong><\/p>\n<p style=\"background: white; margin: 0cm 0cm 15.0pt 0cm;\"><strong><span style=\"font-size: 9.5pt; font-family: 'Arial',sans-serif; color: red;\">Fit Beratung:\u00a0<\/span><\/strong><span style=\"font-size: 9.5pt; font-family: 'Arial',sans-serif; color: #555555;\">Die Passform dieser Jacke ist schmal geschnitten. Unser Model ist 1,85 cm gro\u00df und tr\u00e4gt Gr\u00f6\u00dfe M.<\/span><\/p>\n<p style=\"background: white; box-sizing: border-box; text-rendering: optimizelegibility; font-variant-ligatures: normal; font-variant-caps: normal; orphans: 2; text-align: start; widows: 2; -webkit-text-stroke-width: 0px; text-decoration-thickness: initial; text-decoration-style: initial; text-decoration-color: initial; word-spacing: 0px; margin: 0cm 0cm 15.0pt 0cm;\"><span style=\"font-size: 9.5pt; font-family: 'Arial',sans-serif; color: #555555;\">Wenn Sie sich bei Ihren Ma\u00dfen nicht sicher sind, empfehlen wir Ihnen, zuerst Ihre Gr\u00f6\u00dfenma\u00dfe zu messen und sie mit unserer Gr\u00f6\u00dfentabelle zu vergleichen. Wenn Sie keine Erfahrung mit der Messung von Umfangsgr\u00f6\u00dfen haben, klicken Sie auf\u00a0<a style=\"box-sizing: border-box; line-height: inherit;\" href=\"https:\/\/www.youtube.com\/watch?v=3ZSfY87v6pM\"><em style=\"box-sizing: border-box; line-height: inherit;\"><span style=\"font-family: 'Arial',sans-serif; color: #333333; text-decoration: none; text-underline: none;\">HIER<\/span><\/em><span style=\"color: #333333;\">\u00a0<\/span><\/a>\u00a0zu\u00a0<\/span><span style=\"box-sizing: border-box;\"><span style=\"font-size: 9.5pt; font-family: 'Arial',sans-serif; color: red;\"><a style=\"box-sizing: border-box; line-height: inherit;\" href=\"https:\/\/www.youtube.com\/watch?v=3ZSfY87v6pM\"><em style=\"box-sizing: border-box; line-height: inherit;\"><span style=\"font-family: 'Arial',sans-serif; color: red; text-decoration: none; text-underline: none;\">VIDEO<\/span><\/em><\/a><\/span><\/span><span style=\"font-size: 9.5pt; font-family: 'Arial',sans-serif; color: #555555;\">\u00a0 mit Anleitung ansehen. Sie k\u00f6nnen uns auch direkt anrufen oder per App aufrufen! Unsere Mitarbeiter stehen Ihnen jederzeit mit Rat und Tat zur Seite.<\/span><\/p>\n<p style=\"background: white; box-sizing: border-box; text-rendering: optimizelegibility; font-variant-ligatures: normal; font-variant-caps: normal; orphans: 2; text-align: start; widows: 2; -webkit-text-stroke-width: 0px; text-decoration-thickness: initial; text-decoration-style: initial; text-decoration-color: initial; word-spacing: 0px; margin: 0cm 0cm 15.0pt 0cm;\"><strong style=\"box-sizing: border-box; line-height: inherit;\"><span style=\"font-size: 9.5pt; font-family: 'Arial',sans-serif; color: #555555;\">LIEFERZEIT :<\/span><\/strong><span style=\"font-size: 9.5pt; font-family: 'Arial',sans-serif; color: #555555;\">\u00a02 bis 3 Werktage.<\/span><\/p>\n<p style=\"background: white; box-sizing: border-box; text-rendering: optimizelegibility; font-variant-ligatures: normal; font-variant-caps: normal; orphans: 2; text-align: start; widows: 2; -webkit-text-stroke-width: 0px; text-decoration-thickness: initial; text-decoration-style: initial; text-decoration-color: initial; word-spacing: 0px; margin: 0cm 0cm 15.0pt 0cm;\"><span style=\"box-sizing: border-box;\"><span style=\"font-size: 9.5pt; font-family: 'Arial',sans-serif; color: red;\">WICHTIGE INFO:<\/span><\/span><span style=\"font-size: 9.5pt; font-family: 'Arial',sans-serif; color: #555555;\">\u00a0Sie k\u00f6nnen jede Versano-Jacke mit oder ohne Pelzkragen kaufen, der Pelzkragen ist nicht im Lieferumfang enthalten.<\/span><\/p>","protected":false},"featured_media":18958,"comment_status":"closed","ping_status":"closed","template":"","meta":[],"product_brand":[],"product_cat":[1403,231,1146,1596,1601,1605,2060,1037,1080,882,1143,1147,1041,1081,1404,1082,1547],"product_tag":[1611,1309,1614,1310,1311,1312,1612,1616,1185,572,1615,1613],"class_list":{"0":"post-17112","1":"product","2":"type-product","3":"status-publish","4":"has-post-thumbnail","6":"product_cat-bontkraag-jas","7":"product_cat-heren-jassen-met-bontkraag","8":"product_cat-heren-winterjas","9":"product_cat-heren-winterjas-met-bontkraag","10":"product_cat-heren-winterjas-met-pels","11":"product_cat-heren-winterjas-parka","12":"product_cat-heren-winterjassen","13":"product_cat-jas-met-bontkraag","14":"product_cat-jas-met-bontkraag-heren","15":"product_cat-versano","16":"product_cat-winterjas","17":"product_cat-winterjas-heren","18":"product_cat-winterjas-met-bontkraag","19":"product_cat-winterjas-met-bontkraag-heren","20":"product_cat-winterjassen","21":"product_cat-winterjassen-met-bontkraag-heren","22":"product_cat-winterjassen-heren","23":"product_tag-goedkope-winterjassen","24":"product_tag-grijze-heren-parka-jas","25":"product_tag-grijze-winterjas-heren","26":"product_tag-heren-parka-jas-grijs","27":"product_tag-parka-heren-jas-grijs","28":"product_tag-parka-heren-winterjas","29":"product_tag-uitverkoop-winterjassen","30":"product_tag-versano-winterjassen-heren","31":"product_tag-winterjas-heren","32":"product_tag-winterjas-met-bontkraag-heren","33":"product_tag-winterjas-met-kraag-voor-heren","34":"product_tag-winterjassen-heren-in-sale","35":"tm-has-options","37":"first","38":"instock","39":"taxable","40":"shipping-taxable","41":"purchasable","42":"product-type-variable"},"yoast_head":"<!-- This site is optimized with the Yoast SEO plugin v27.2 - https:\/\/yoast.com\/product\/yoast-seo-wordpress\/ -->\n<title>Heren winterjas halflang grijs Thomas N Versano, zwarte parke heren jas<\/title>\n<meta name=\"description\" content=\"Ben je op zoek naar een Heren winterjas halflang grijs Thomas N Versano, dan ben je bij Versano aan het juiste adres voor parka jassen.\" \/>\n<meta name=\"robots\" content=\"index, follow, max-snippet:-1, max-image-preview:large, max-video-preview:-1\" \/>\n<link rel=\"canonical\" href=\"https:\/\/versano.nl\/de\/shop\/heren-winterjas-halflang-grijs-thomas-n-versano\/\" \/>\n<meta property=\"og:locale\" content=\"de_DE\" \/>\n<meta property=\"og:type\" content=\"article\" \/>\n<meta property=\"og:title\" content=\"Heren winterjas halflang grijs Thomas N Versano, zwarte parke heren jas\" \/>\n<meta property=\"og:description\" content=\"Ben je op zoek naar een Heren winterjas halflang grijs Thomas N Versano, dan ben je bij Versano aan het juiste adres voor parka jassen.\" \/>\n<meta property=\"og:url\" content=\"https:\/\/versano.nl\/de\/shop\/heren-winterjas-halflang-grijs-thomas-n-versano\/\" \/>\n<meta property=\"og:site_name\" content=\"Versano\" \/>\n<meta property=\"article:modified_time\" content=\"2024-12-13T11:40:48+00:00\" \/>\n<meta property=\"og:image\" content=\"https:\/\/versano.nl\/wp-content\/uploads\/2020\/12\/heren-winterjas-halflang-grijs-met-capuchon-bontkraag-versano-thomas-voorkant.jpg\" \/>\n\t<meta property=\"og:image:width\" content=\"900\" \/>\n\t<meta property=\"og:image:height\" content=\"1200\" \/>\n\t<meta property=\"og:image:type\" content=\"image\/jpeg\" \/>\n<meta name=\"twitter:card\" content=\"summary_large_image\" \/>\n<meta name=\"twitter:label1\" content=\"Gesch\u00e4tzte Lesezeit\" \/>\n\t<meta name=\"twitter:data1\" content=\"2\u00a0Minuten\" \/>\n<script type=\"application\/ld+json\" class=\"yoast-schema-graph\">{\"@context\":\"https:\/\/schema.org\",\"@graph\":[{\"@type\":\"WebPage\",\"@id\":\"https:\/\/versano.nl\/shop\/heren-winterjas-halflang-grijs-thomas-n-versano\/\",\"url\":\"https:\/\/versano.nl\/shop\/heren-winterjas-halflang-grijs-thomas-n-versano\/\",\"name\":\"Heren winterjas halflang grijs Thomas N Versano, zwarte parke heren jas\",\"isPartOf\":{\"@id\":\"https:\/\/versano.nl\/#website\"},\"primaryImageOfPage\":{\"@id\":\"https:\/\/versano.nl\/shop\/heren-winterjas-halflang-grijs-thomas-n-versano\/#primaryimage\"},\"image\":{\"@id\":\"https:\/\/versano.nl\/shop\/heren-winterjas-halflang-grijs-thomas-n-versano\/#primaryimage\"},\"thumbnailUrl\":\"https:\/\/versano.nl\/wp-content\/uploads\/2020\/12\/heren-winterjas-halflang-grijs-met-capuchon-bontkraag-versano-thomas-voorkant.jpg\",\"datePublished\":\"2020-08-13T21:52:52+00:00\",\"dateModified\":\"2024-12-13T11:40:48+00:00\",\"description\":\"Ben je op zoek naar een Heren winterjas halflang grijs Thomas N Versano, dan ben je bij Versano aan het juiste adres voor parka jassen.\",\"breadcrumb\":{\"@id\":\"https:\/\/versano.nl\/shop\/heren-winterjas-halflang-grijs-thomas-n-versano\/#breadcrumb\"},\"inLanguage\":\"de\",\"potentialAction\":[{\"@type\":\"ReadAction\",\"target\":[\"https:\/\/versano.nl\/shop\/heren-winterjas-halflang-grijs-thomas-n-versano\/\"]}]},{\"@type\":\"ImageObject\",\"inLanguage\":\"de\",\"@id\":\"https:\/\/versano.nl\/shop\/heren-winterjas-halflang-grijs-thomas-n-versano\/#primaryimage\",\"url\":\"https:\/\/versano.nl\/wp-content\/uploads\/2020\/12\/heren-winterjas-halflang-grijs-met-capuchon-bontkraag-versano-thomas-voorkant.jpg\",\"contentUrl\":\"https:\/\/versano.nl\/wp-content\/uploads\/2020\/12\/heren-winterjas-halflang-grijs-met-capuchon-bontkraag-versano-thomas-voorkant.jpg\",\"width\":900,\"height\":1200,\"caption\":\"heren-winterjas-halflang-grijs-met-capuchon-bontkraag-versano-thomas-voorkant.jpg\"},{\"@type\":\"BreadcrumbList\",\"@id\":\"https:\/\/versano.nl\/shop\/heren-winterjas-halflang-grijs-thomas-n-versano\/#breadcrumb\",\"itemListElement\":[{\"@type\":\"ListItem\",\"position\":1,\"name\":\"Home\",\"item\":\"https:\/\/versano.nl\/\"},{\"@type\":\"ListItem\",\"position\":2,\"name\":\"Shop\",\"item\":\"https:\/\/versano.nl\/shop\/\"},{\"@type\":\"ListItem\",\"position\":3,\"name\":\"Heren winterjas halflang grijs Thomas N Versano\"}]},{\"@type\":\"WebSite\",\"@id\":\"https:\/\/versano.nl\/#website\",\"url\":\"https:\/\/versano.nl\/\",\"name\":\"Versano\",\"description\":\"winterjassen met bontkraag | leren dames jassen | leren heren jassen\",\"potentialAction\":[{\"@type\":\"SearchAction\",\"target\":{\"@type\":\"EntryPoint\",\"urlTemplate\":\"https:\/\/versano.nl\/?s={search_term_string}\"},\"query-input\":{\"@type\":\"PropertyValueSpecification\",\"valueRequired\":true,\"valueName\":\"search_term_string\"}}],\"inLanguage\":\"de\"}]}<\/script>\n<!-- \/ Yoast SEO plugin. -->","yoast_head_json":{"title":"Herren Winterjacke mittellang grau Thomas N Versano, schwarze Parke Herrenjacke","description":"Suchen Sie eine Herren Winterjacke mittellang grau Thomas N Versano, dann sind Sie bei Versano an der richtigen Adresse f\u00fcr Parka-Jacken.","robots":{"index":"index","follow":"follow","max-snippet":"max-snippet:-1","max-image-preview":"max-image-preview:large","max-video-preview":"max-video-preview:-1"},"canonical":"https:\/\/versano.nl\/de\/shop\/heren-winterjas-halflang-grijs-thomas-n-versano\/","og_locale":"de_DE","og_type":"article","og_title":"Heren winterjas halflang grijs Thomas N Versano, zwarte parke heren jas","og_description":"Ben je op zoek naar een Heren winterjas halflang grijs Thomas N Versano, dan ben je bij Versano aan het juiste adres voor parka jassen.","og_url":"https:\/\/versano.nl\/de\/shop\/heren-winterjas-halflang-grijs-thomas-n-versano\/","og_site_name":"Versano","article_modified_time":"2024-12-13T11:40:48+00:00","og_image":[{"width":900,"height":1200,"url":"https:\/\/versano.nl\/wp-content\/uploads\/2020\/12\/heren-winterjas-halflang-grijs-met-capuchon-bontkraag-versano-thomas-voorkant.jpg","type":"image\/jpeg"}],"twitter_card":"summary_large_image","twitter_misc":{"Gesch\u00e4tzte Lesezeit":"2\u00a0Minuten"},"schema":{"@context":"https:\/\/schema.org","@graph":[{"@type":"WebPage","@id":"https:\/\/versano.nl\/shop\/heren-winterjas-halflang-grijs-thomas-n-versano\/","url":"https:\/\/versano.nl\/shop\/heren-winterjas-halflang-grijs-thomas-n-versano\/","name":"Herren Winterjacke mittellang grau Thomas N Versano, schwarze Parke Herrenjacke","isPartOf":{"@id":"https:\/\/versano.nl\/#website"},"primaryImageOfPage":{"@id":"https:\/\/versano.nl\/shop\/heren-winterjas-halflang-grijs-thomas-n-versano\/#primaryimage"},"image":{"@id":"https:\/\/versano.nl\/shop\/heren-winterjas-halflang-grijs-thomas-n-versano\/#primaryimage"},"thumbnailUrl":"https:\/\/versano.nl\/wp-content\/uploads\/2020\/12\/heren-winterjas-halflang-grijs-met-capuchon-bontkraag-versano-thomas-voorkant.jpg","datePublished":"2020-08-13T21:52:52+00:00","dateModified":"2024-12-13T11:40:48+00:00","description":"Suchen Sie eine Herren Winterjacke mittellang grau Thomas N Versano, dann sind Sie bei Versano an der richtigen Adresse f\u00fcr Parka-Jacken.","breadcrumb":{"@id":"https:\/\/versano.nl\/shop\/heren-winterjas-halflang-grijs-thomas-n-versano\/#breadcrumb"},"inLanguage":"de","potentialAction":[{"@type":"ReadAction","target":["https:\/\/versano.nl\/shop\/heren-winterjas-halflang-grijs-thomas-n-versano\/"]}]},{"@type":"ImageObject","inLanguage":"de","@id":"https:\/\/versano.nl\/shop\/heren-winterjas-halflang-grijs-thomas-n-versano\/#primaryimage","url":"https:\/\/versano.nl\/wp-content\/uploads\/2020\/12\/heren-winterjas-halflang-grijs-met-capuchon-bontkraag-versano-thomas-voorkant.jpg","contentUrl":"https:\/\/versano.nl\/wp-content\/uploads\/2020\/12\/heren-winterjas-halflang-grijs-met-capuchon-bontkraag-versano-thomas-voorkant.jpg","width":900,"height":1200,"caption":"heren-winterjas-halflang-grijs-met-capuchon-bontkraag-versano-thomas-voorkant.jpg"},{"@type":"BreadcrumbList","@id":"https:\/\/versano.nl\/shop\/heren-winterjas-halflang-grijs-thomas-n-versano\/#breadcrumb","itemListElement":[{"@type":"ListItem","position":1,"name":"Home","item":"https:\/\/versano.nl\/"},{"@type":"ListItem","position":2,"name":"Shop","item":"https:\/\/versano.nl\/shop\/"},{"@type":"ListItem","position":3,"name":"Heren winterjas halflang grijs Thomas N Versano"}]},{"@type":"WebSite","@id":"https:\/\/versano.nl\/#website","url":"https:\/\/versano.nl\/","name":"Versano","description":"Winterm\u00e4ntel mit Pelzkragen | Damen Lederjacken | Herren Lederjacken","potentialAction":[{"@type":"SearchAction","target":{"@type":"EntryPoint","urlTemplate":"https:\/\/versano.nl\/?s={search_term_string}"},"query-input":{"@type":"PropertyValueSpecification","valueRequired":true,"valueName":"search_term_string"}}],"inLanguage":"de"}]}},"_links":{"self":[{"href":"https:\/\/versano.nl\/de\/wp-json\/wp\/v2\/product\/17112","targetHints":{"allow":["GET"]}}],"collection":[{"href":"https:\/\/versano.nl\/de\/wp-json\/wp\/v2\/product"}],"about":[{"href":"https:\/\/versano.nl\/de\/wp-json\/wp\/v2\/types\/product"}],"replies":[{"embeddable":true,"href":"https:\/\/versano.nl\/de\/wp-json\/wp\/v2\/comments?post=17112"}],"wp:featuredmedia":[{"embeddable":true,"href":"https:\/\/versano.nl\/de\/wp-json\/wp\/v2\/media\/18958"}],"wp:attachment":[{"href":"https:\/\/versano.nl\/de\/wp-json\/wp\/v2\/media?parent=17112"}],"wp:term":[{"taxonomy":"product_brand","embeddable":true,"href":"https:\/\/versano.nl\/de\/wp-json\/wp\/v2\/product_brand?post=17112"},{"taxonomy":"product_cat","embeddable":true,"href":"https:\/\/versano.nl\/de\/wp-json\/wp\/v2\/product_cat?post=17112"},{"taxonomy":"product_tag","embeddable":true,"href":"https:\/\/versano.nl\/de\/wp-json\/wp\/v2\/product_tag?post=17112"}],"curies":[{"name":"wp","href":"https:\/\/api.w.org\/{rel}","templated":true}]}}