{"id":17047,"date":"2020-08-09T13:13:15","date_gmt":"2020-08-09T13:13:15","guid":{"rendered":"https:\/\/versano.nl\/shop\/slim-fit-dames-winterjas-zwart-jessica-versano\/"},"modified":"2026-02-23T11:24:03","modified_gmt":"2026-02-23T11:24:03","slug":"slim-fit-dames-winterjas-zwart-jessica-versano","status":"publish","type":"product","link":"https:\/\/versano.nl\/de\/shop\/slim-fit-dames-winterjas-zwart-jessica-versano\/","title":{"rendered":"Damen Wintermantel mit Pelzkragen Jessica schwarz mit Magnetknopfverschluss Versano"},"content":{"rendered":"<h2>Damen Wintermantel mit Pelzkragen Jessica schwarz mit Magnetknopfverschluss Versano<\/h2>\n<p>Die Jessica hat einen Doppelverschluss bestehend aus Rei\u00dfverschluss und Magnetknopfverschluss, der sich bis in den hohen Kragen fortsetzt. Als Extra hat diese Damen Winterjacke mit Pelzkragen Jessica schwarz Versano auch fingerlose Handschuhe aus elastischem Rippb\u00fcndchen am \u00c4rmelabschluss am Handgelenk. Du steckst den Daumen durch, und warme H\u00e4nde sind dir sicher. Die abnehmbare Kapuze mit Rei\u00dfverschluss hat Kn\u00f6pfe, mit denen ein Pelzkragen befestigt werden kann. Weiterhin verf\u00fcgt die Jacke \u00fcber 6 Au\u00dfentaschen, 4 untere Taschen davon 2 Einschubtaschen mit Rei\u00dfverschluss auf H\u00fcfth\u00f6he und 2 Pattentaschen mit Knopfverschluss auf Bauchnabelh\u00f6he. Die 2 Brusttaschen haben einen Knopfverschluss. Alle Au\u00dfentaschen sind aus Fleecematerial um die H\u00e4nde sch\u00f6n warm zu halten und die Jacke hat auch 2 tiefe Taschen innen.<\/p>\n<h2>M\u00f6chten Sie Damen Winterjacke mit Pelzkragen Jessica schwarz Versano kaufen?<\/h2>\n<p>Mit dieser neuen 4 Pocket Modell Damen Winterjacke von Versano erhalten Sie eine Jacke, an der Sie sicher lange Freude haben werden. Dies ist eine Jacke, mit der Sie sicher sein k\u00f6nnen, dass Sie sie auch bei schlechtem Wetter genie\u00dfen werden. Au\u00dferdem h\u00e4lt sie warm und ist so sch\u00f6n designt, dass Sie damit bestimmt auffallen werden. Die Bestellung ist ganz einfach und unsere Mitarbeiter sorgen daf\u00fcr, dass Ihre Jacke so schnell wie m\u00f6glich an Sie versendet wird.<\/p>\n<p>Marke: Versano<br \/>\nL\u00e4nge: H\u00e4lfte<br \/>\nPassform: normal montiert<br \/>\nliner: 100% Polyester<br \/>\nAuskleiden Dicke: 200 Gramm ausgekleideten dicke<br \/>\n\u00c4rmell\u00e4nge: Lange \u00c4rmel<br \/>\nHOOD ausgekleidete, Massiv<br \/>\nExtras: verst\u00e4rkte N\u00e4hte<br \/>\nVerschluss: Rei\u00dfverschluss und Kn\u00f6pfe mit Schutzklappe, Frontzipp<br \/>\nTaschen: Seitentaschen, gerade Taschen und Innentasche<br \/>\nFunktion: wasserdicht, winddicht<br \/>\nMaterial: Polyester<br \/>\nZubeh\u00f6r: Pelzkragen (optional)<br \/>\nExtra: Fingerlose Handschuhe (\u00c4rmelabschluss) aus elastischem Rippenband, Magnetknopfverschluss<\/p>\n<p>Lieferzeit: 2-3 Tage<\/p>\n<p><strong>OPTIONAL: REAL FUR COLLAR RACCOON RACCOON ART OF FUR<\/strong><\/p>","protected":false},"excerpt":{"rendered":"<p><span style=\"color: #ff0000;\">PASSENDER HINWEIS:<\/span> De pasvorm van deze jas is getailleerd. Onze model is 1.74 cm lang en draagt een maat XS.<\/p>\n<p>Wenn Sie sich bei Ihren Ma\u00dfen nicht sicher sind, empfehlen wir Ihnen, zuerst Ihre Gr\u00f6\u00dfenma\u00dfe zu messen und sie mit unserer Gr\u00f6\u00dfentabelle zu vergleichen. Wenn Sie keine Erfahrung mit der Messung von Umfangsgr\u00f6\u00dfen haben, klicken Sie auf\u00a0<a href=\"https:\/\/www.youtube.com\/watch?v=3ZSfY87v6pM\"><em>HIER<\/em>\u00a0<\/a>\u00a0zu\u00a0<span style=\"color: #ff0000;\"><a style=\"color: #ff0000;\" href=\"https:\/\/www.youtube.com\/watch?v=3ZSfY87v6pM\"><em>VIDEO<\/em><\/a><\/span>\u00a0 mit Anweisungen. Sie k\u00f6nnen uns auch direkt anrufen oder anrufen! Unsere Mitarbeiter stehen Ihnen jederzeit zur Verf\u00fcgung.<\/p>\n<p><span style=\"color: #000000;\"><strong>LIEFERZEIT :<\/strong><\/span> 2 bis 3 Werktage.<\/p>\n<p><span style=\"color: #ff0000;\">WICHTIGE INFO:<\/span><\/p>\n<p>Wij hebben een gedetailleerd pasvorm advies aangegeven in de product afbeeldingen. Bekijk dit voordat u een bestelling plaatst.<\/p>\n<p>Sie k\u00f6nnen jede Versano-Jacke mit oder ohne Pelzkragen kaufen, der Pelzkragen ist nicht im Lieferumfang enthalten.<\/p>","protected":false},"featured_media":30562,"comment_status":"closed","ping_status":"closed","template":"","meta":[],"product_brand":[],"product_cat":[1403,1012,1353,1406,1145,1384,1389,1382,1383,1037,1038,882,1143,1144,2204,1415,1041,1042,215,1404,1339],"product_tag":[396,1374,1407,1157,225,1048,1046],"class_list":{"0":"post-17047","1":"product","2":"type-product","3":"status-publish","4":"has-post-thumbnail","6":"product_cat-bontkraag-jas","7":"product_cat-dames-jas-met-bontkraag","8":"product_cat-dames-jas-met-pels","9":"product_cat-dames-parka-winterjas","10":"product_cat-dames-winterjas","11":"product_cat-dames-winterjas-met-bontkraag","12":"product_cat-dames-winterjas-met-pels","13":"product_cat-dames-winterjassen","14":"product_cat-dames-winterjassen-met-bontkraag","15":"product_cat-jas-met-bontkraag","16":"product_cat-jas-met-bontkraag-dames","17":"product_cat-versano","18":"product_cat-winterjas","19":"product_cat-winterjas-dames","20":"product_cat-winterjas-dames-halflang","21":"product_cat-winterjas-dames-met-bontkraag","22":"product_cat-winterjas-met-bontkraag","23":"product_cat-winterjas-met-bontkraag-dames","24":"product_cat-dames-jassen-met-bontkraag","25":"product_cat-winterjassen","26":"product_cat-winterjassen-dames","27":"product_tag-dames-winterjas-zwart","28":"product_tag-versano-winterjas","29":"product_tag-winterjas-dames-met-bontkraag","30":"product_tag-winterjas-dames-zwart","31":"product_tag-winterjas-met-bontkraag-dames","32":"product_tag-zwarte-dames-winterjas","33":"product_tag-zwarte-dames-winterjas-met-pels","34":"product_shipping_class-verzendkosten-1","35":"tm-has-options","37":"first","38":"instock","39":"sale","40":"taxable","41":"shipping-taxable","42":"purchasable","43":"product-type-variable"},"yoast_head":"<!-- This site is optimized with the Yoast SEO plugin v27.2 - https:\/\/yoast.com\/product\/yoast-seo-wordpress\/ -->\n<title>dames winterjas met bontkraag Jessica zwart Versano<\/title>\n<meta name=\"description\" content=\"Bent u op zoek naar dames winterjas met bontkraag Jessica zwart Versano? Dan bent u bij ons aan het juiste adres voor winterjassen.\" \/>\n<meta name=\"robots\" content=\"index, follow, max-snippet:-1, max-image-preview:large, max-video-preview:-1\" \/>\n<link rel=\"canonical\" href=\"https:\/\/versano.nl\/de\/shop\/slim-fit-dames-winterjas-zwart-jessica-versano\/\" \/>\n<meta property=\"og:locale\" content=\"de_DE\" \/>\n<meta property=\"og:type\" content=\"article\" \/>\n<meta property=\"og:title\" content=\"dames winterjas met bontkraag Jessica zwart Versano\" \/>\n<meta property=\"og:description\" content=\"Bent u op zoek naar dames winterjas met bontkraag Jessica zwart Versano? Dan bent u bij ons aan het juiste adres voor winterjassen.\" \/>\n<meta property=\"og:url\" content=\"https:\/\/versano.nl\/de\/shop\/slim-fit-dames-winterjas-zwart-jessica-versano\/\" \/>\n<meta property=\"og:site_name\" content=\"Versano\" \/>\n<meta property=\"article:modified_time\" content=\"2026-02-23T11:24:03+00:00\" \/>\n<meta property=\"og:image\" content=\"https:\/\/versano.nl\/wp-content\/uploads\/2020\/08\/jessica-1-bewerkt.jpg\" \/>\n\t<meta property=\"og:image:width\" content=\"602\" \/>\n\t<meta property=\"og:image:height\" content=\"800\" \/>\n\t<meta property=\"og:image:type\" content=\"image\/jpeg\" \/>\n<meta name=\"twitter:card\" content=\"summary_large_image\" \/>\n<meta name=\"twitter:label1\" content=\"Gesch\u00e4tzte Lesezeit\" \/>\n\t<meta name=\"twitter:data1\" content=\"2\u00a0Minuten\" \/>\n<script type=\"application\/ld+json\" class=\"yoast-schema-graph\">{\"@context\":\"https:\/\/schema.org\",\"@graph\":[{\"@type\":\"WebPage\",\"@id\":\"https:\/\/versano.nl\/shop\/slim-fit-dames-winterjas-zwart-jessica-versano\/\",\"url\":\"https:\/\/versano.nl\/shop\/slim-fit-dames-winterjas-zwart-jessica-versano\/\",\"name\":\"dames winterjas met bontkraag Jessica zwart Versano\",\"isPartOf\":{\"@id\":\"https:\/\/versano.nl\/#website\"},\"primaryImageOfPage\":{\"@id\":\"https:\/\/versano.nl\/shop\/slim-fit-dames-winterjas-zwart-jessica-versano\/#primaryimage\"},\"image\":{\"@id\":\"https:\/\/versano.nl\/shop\/slim-fit-dames-winterjas-zwart-jessica-versano\/#primaryimage\"},\"thumbnailUrl\":\"https:\/\/versano.nl\/wp-content\/uploads\/2020\/08\/jessica-1-bewerkt.jpg\",\"datePublished\":\"2020-08-09T13:13:15+00:00\",\"dateModified\":\"2026-02-23T11:24:03+00:00\",\"description\":\"Bent u op zoek naar dames winterjas met bontkraag Jessica zwart Versano? Dan bent u bij ons aan het juiste adres voor winterjassen.\",\"breadcrumb\":{\"@id\":\"https:\/\/versano.nl\/shop\/slim-fit-dames-winterjas-zwart-jessica-versano\/#breadcrumb\"},\"inLanguage\":\"de\",\"potentialAction\":[{\"@type\":\"ReadAction\",\"target\":[\"https:\/\/versano.nl\/shop\/slim-fit-dames-winterjas-zwart-jessica-versano\/\"]}]},{\"@type\":\"ImageObject\",\"inLanguage\":\"de\",\"@id\":\"https:\/\/versano.nl\/shop\/slim-fit-dames-winterjas-zwart-jessica-versano\/#primaryimage\",\"url\":\"https:\/\/versano.nl\/wp-content\/uploads\/2020\/08\/jessica-1-bewerkt.jpg\",\"contentUrl\":\"https:\/\/versano.nl\/wp-content\/uploads\/2020\/08\/jessica-1-bewerkt.jpg\",\"width\":602,\"height\":800,\"caption\":\"dames winterjas met bontkraag Jessica zwart met magneet knoopsluiting Versano\"},{\"@type\":\"BreadcrumbList\",\"@id\":\"https:\/\/versano.nl\/shop\/slim-fit-dames-winterjas-zwart-jessica-versano\/#breadcrumb\",\"itemListElement\":[{\"@type\":\"ListItem\",\"position\":1,\"name\":\"Home\",\"item\":\"https:\/\/versano.nl\/\"},{\"@type\":\"ListItem\",\"position\":2,\"name\":\"Shop\",\"item\":\"https:\/\/versano.nl\/shop\/\"},{\"@type\":\"ListItem\",\"position\":3,\"name\":\"dames winterjas met bontkraag Jessica zwart met magneet knoopsluiting Versano\"}]},{\"@type\":\"WebSite\",\"@id\":\"https:\/\/versano.nl\/#website\",\"url\":\"https:\/\/versano.nl\/\",\"name\":\"Versano\",\"description\":\"winterjassen met bontkraag | leren dames jassen | leren heren jassen\",\"potentialAction\":[{\"@type\":\"SearchAction\",\"target\":{\"@type\":\"EntryPoint\",\"urlTemplate\":\"https:\/\/versano.nl\/?s={search_term_string}\"},\"query-input\":{\"@type\":\"PropertyValueSpecification\",\"valueRequired\":true,\"valueName\":\"search_term_string\"}}],\"inLanguage\":\"de\"}]}<\/script>\n<!-- \/ Yoast SEO plugin. -->","yoast_head_json":{"title":"Damen Wintermantel mit Pelzkragen Jessica schwarz Versano","description":"Suchen Sie eine Damen Winterjacke mit Pelzkragen Jessica schwarz Versano? Dann sind Sie bei Winterm\u00e4nteln genau richtig.","robots":{"index":"index","follow":"follow","max-snippet":"max-snippet:-1","max-image-preview":"max-image-preview:large","max-video-preview":"max-video-preview:-1"},"canonical":"https:\/\/versano.nl\/de\/shop\/slim-fit-dames-winterjas-zwart-jessica-versano\/","og_locale":"de_DE","og_type":"article","og_title":"dames winterjas met bontkraag Jessica zwart Versano","og_description":"Bent u op zoek naar dames winterjas met bontkraag Jessica zwart Versano? Dan bent u bij ons aan het juiste adres voor winterjassen.","og_url":"https:\/\/versano.nl\/de\/shop\/slim-fit-dames-winterjas-zwart-jessica-versano\/","og_site_name":"Versano","article_modified_time":"2026-02-23T11:24:03+00:00","og_image":[{"width":602,"height":800,"url":"https:\/\/versano.nl\/wp-content\/uploads\/2020\/08\/jessica-1-bewerkt.jpg","type":"image\/jpeg"}],"twitter_card":"summary_large_image","twitter_misc":{"Gesch\u00e4tzte Lesezeit":"2\u00a0Minuten"},"schema":{"@context":"https:\/\/schema.org","@graph":[{"@type":"WebPage","@id":"https:\/\/versano.nl\/shop\/slim-fit-dames-winterjas-zwart-jessica-versano\/","url":"https:\/\/versano.nl\/shop\/slim-fit-dames-winterjas-zwart-jessica-versano\/","name":"Damen Wintermantel mit Pelzkragen Jessica schwarz Versano","isPartOf":{"@id":"https:\/\/versano.nl\/#website"},"primaryImageOfPage":{"@id":"https:\/\/versano.nl\/shop\/slim-fit-dames-winterjas-zwart-jessica-versano\/#primaryimage"},"image":{"@id":"https:\/\/versano.nl\/shop\/slim-fit-dames-winterjas-zwart-jessica-versano\/#primaryimage"},"thumbnailUrl":"https:\/\/versano.nl\/wp-content\/uploads\/2020\/08\/jessica-1-bewerkt.jpg","datePublished":"2020-08-09T13:13:15+00:00","dateModified":"2026-02-23T11:24:03+00:00","description":"Suchen Sie eine Damen Winterjacke mit Pelzkragen Jessica schwarz Versano? Dann sind Sie bei Winterm\u00e4nteln genau richtig.","breadcrumb":{"@id":"https:\/\/versano.nl\/shop\/slim-fit-dames-winterjas-zwart-jessica-versano\/#breadcrumb"},"inLanguage":"de","potentialAction":[{"@type":"ReadAction","target":["https:\/\/versano.nl\/shop\/slim-fit-dames-winterjas-zwart-jessica-versano\/"]}]},{"@type":"ImageObject","inLanguage":"de","@id":"https:\/\/versano.nl\/shop\/slim-fit-dames-winterjas-zwart-jessica-versano\/#primaryimage","url":"https:\/\/versano.nl\/wp-content\/uploads\/2020\/08\/jessica-1-bewerkt.jpg","contentUrl":"https:\/\/versano.nl\/wp-content\/uploads\/2020\/08\/jessica-1-bewerkt.jpg","width":602,"height":800,"caption":"dames winterjas met bontkraag Jessica zwart met magneet knoopsluiting Versano"},{"@type":"BreadcrumbList","@id":"https:\/\/versano.nl\/shop\/slim-fit-dames-winterjas-zwart-jessica-versano\/#breadcrumb","itemListElement":[{"@type":"ListItem","position":1,"name":"Home","item":"https:\/\/versano.nl\/"},{"@type":"ListItem","position":2,"name":"Shop","item":"https:\/\/versano.nl\/shop\/"},{"@type":"ListItem","position":3,"name":"dames winterjas met bontkraag Jessica zwart met magneet knoopsluiting Versano"}]},{"@type":"WebSite","@id":"https:\/\/versano.nl\/#website","url":"https:\/\/versano.nl\/","name":"Versano","description":"Winterm\u00e4ntel mit Pelzkragen | Damen Lederjacken | Herren Lederjacken","potentialAction":[{"@type":"SearchAction","target":{"@type":"EntryPoint","urlTemplate":"https:\/\/versano.nl\/?s={search_term_string}"},"query-input":{"@type":"PropertyValueSpecification","valueRequired":true,"valueName":"search_term_string"}}],"inLanguage":"de"}]}},"_links":{"self":[{"href":"https:\/\/versano.nl\/de\/wp-json\/wp\/v2\/product\/17047","targetHints":{"allow":["GET"]}}],"collection":[{"href":"https:\/\/versano.nl\/de\/wp-json\/wp\/v2\/product"}],"about":[{"href":"https:\/\/versano.nl\/de\/wp-json\/wp\/v2\/types\/product"}],"replies":[{"embeddable":true,"href":"https:\/\/versano.nl\/de\/wp-json\/wp\/v2\/comments?post=17047"}],"wp:featuredmedia":[{"embeddable":true,"href":"https:\/\/versano.nl\/de\/wp-json\/wp\/v2\/media\/30562"}],"wp:attachment":[{"href":"https:\/\/versano.nl\/de\/wp-json\/wp\/v2\/media?parent=17047"}],"wp:term":[{"taxonomy":"product_brand","embeddable":true,"href":"https:\/\/versano.nl\/de\/wp-json\/wp\/v2\/product_brand?post=17047"},{"taxonomy":"product_cat","embeddable":true,"href":"https:\/\/versano.nl\/de\/wp-json\/wp\/v2\/product_cat?post=17047"},{"taxonomy":"product_tag","embeddable":true,"href":"https:\/\/versano.nl\/de\/wp-json\/wp\/v2\/product_tag?post=17047"}],"curies":[{"name":"wp","href":"https:\/\/api.w.org\/{rel}","templated":true}]}}