{"id":16992,"date":"2020-08-08T12:13:45","date_gmt":"2020-08-08T12:13:45","guid":{"rendered":"https:\/\/versano.nl\/shop\/dames-parka-winterjas-4pocket-zwart-mary-versano\/"},"modified":"2026-03-29T22:18:47","modified_gmt":"2026-03-29T22:18:47","slug":"dames-parka-winterjas-4pocket-zwart-mary-versano","status":"publish","type":"product","link":"https:\/\/versano.nl\/de\/shop\/dames-parka-winterjas-4pocket-zwart-mary-versano\/","title":{"rendered":"Damen Parka Winterjacke Marry schwarz Versano"},"content":{"rendered":"<h2>Damen Parka Winterjacke Marry schwarz Versano<\/h2>\n<p>Sie suchen die perfekte Winterjacke Damen Parka Winterjacke Marry black Versano um durch den Winter zu kommen? Eine Markenjacke, die mit und ohne Pelzkragen geliefert werden kann? Dann empfehlen wir dir, dir diese Damen Winterjacke mit den extra fingerlosen Handschuhen aus elastischem Rippband am \u00c4rmelabschluss am Handgelenk anzuschauen. Du steckst den Daumen durch, und warme H\u00e4nde sind dir sicher. Dies ist eines der neuen Modelle Parka Modell Jacken von Versano. Diese Winterjacke Damen Damen Parka Winterjacke Marry schwarz Versano ist ein mittellanges Modell mit 2 Taschen auf H\u00fcfth\u00f6he und 2 seitlichen Taschen auf Brusth\u00f6he. Diese Taschen k\u00f6nnen mit einem Knopf geschlossen werden. Es ist eine der meistverkauften Versano-Jacken zu einem sehr wettbewerbsf\u00e4higen Preis.<\/p>\n<h2>Kaufen Sie einen schwarzen 4-Pocket Parka Damen Wintermantel?<\/h2>\n<p>Mit dieser schwarzen neuen Damen-Winterjacke mit 4 Taschen von Versano erhalten Sie eine Jacke, an der Sie sicherlich noch lange Freude haben werden. Dies ist eine Jacke, mit der Sie sicher sein k\u00f6nnen, dass Sie sie genie\u00dfen werden, wenn Sie damit in das schlechte Wetter gehen. Es h\u00e4lt Sie warm und ist so sch\u00f6n gestaltet, dass Sie sicherlich Aufmerksamkeit erregen werden. Die Bestellung ist sehr einfach und unsere Mitarbeiter sorgen daf\u00fcr, dass Ihre Jacke so schnell wie m\u00f6glich an Sie gesendet wird.<\/p>\n<p>&nbsp;<\/p>\n<p>Marke: Versano<br \/>\nL\u00e4nge: H\u00e4lfte<br \/>\nPassform: Normal montiert<br \/>\nliner: 100% Polyester<br \/>\nAuskleiden Dicke: 200 Gramm ausgekleideten dicke<br \/>\n\u00c4rmell\u00e4nge: Lange \u00c4rmel<br \/>\nHOOD ausgekleidete, Massiv<br \/>\nExtras: verst\u00e4rkte N\u00e4hte<br \/>\nVerschluss: Rei\u00dfverschluss und Kn\u00f6pfe mit Schutzklappe, Frontzipp<br \/>\nTaschen: Seitentaschen, gerade Taschen und Innentasche<br \/>\nFunktion: wasserdicht, winddicht<br \/>\nMaterial: Polyester<br \/>\nZubeh\u00f6r: Pelzkragen (optional)<br \/>\nextra: fingerlose Handschuhe (\u00c4rmelende) aus elastischem Cord<\/p>\n<p>Lieferzeit: 2-3 Tage<\/p>\n<p><strong>OPTIONAL: REAL FUR COLLAR RACCOON RACCOON ART OF FUR<\/strong><\/p>\n<p>&nbsp;<\/p>","protected":false},"excerpt":{"rendered":"<p><strong>W\u00c4HLEN SIE HIER EINE ANDERE FARBE<\/strong><\/p>\n<p><span style=\"color: #ff0000;\"><a href=\"https:\/\/versano.nl\/shop\/parka-winterjas-4pocket-blauw-mary-versano\/\"><img loading=\"lazy\" decoding=\"async\" class=\"alignnone size-full wp-image-19657\" src=\"https:\/\/versano.nl\/wp-content\/uploads\/sites\/2\/2020\/08\/4pocket-halflange-dames-parka-winterjas-blauw-met-bontkraag-versano-mary-voorkant-thumb.jpg\" alt=\"\" width=\"56\" height=\"75\" \/><\/a><a href=\"https:\/\/versano.nl\/shop\/dames-parka-winterjas-grijs-4-pocket-mary-versano\/\"><img loading=\"lazy\" decoding=\"async\" class=\"alignnone size-full wp-image-19658\" src=\"https:\/\/versano.nl\/wp-content\/uploads\/sites\/2\/2020\/08\/4pocket-halflange-dames-parka-winterjas-grijs-met-bontkraag-versano-mary-voorkant-thumb.jpg\" alt=\"\" width=\"56\" height=\"75\" \/><\/a><\/span><\/p>\n<p><span style=\"color: #ff0000;\"><strong>Fit Beratung:<\/strong><\/span><\/p>\n<p><span style=\"color: #ff0000;\"> Getailleerde pasvorm, bekijk de maattabel voor de juiste maat.<\/span><\/p>\n<p><span style=\"color: #ff0000;\">Ons model is 1.64 m en weegt 63 kilo, ze draagt een XS.<\/span><\/p>\n<p>Wenn Sie sich bei Ihren Ma\u00dfen nicht sicher sind, empfehlen wir Ihnen, zuerst Ihre Gr\u00f6\u00dfenma\u00dfe zu messen und sie mit unserer Gr\u00f6\u00dfentabelle zu vergleichen. Wenn Sie keine Erfahrung mit der Messung von Umfangsgr\u00f6\u00dfen haben, klicken Sie auf\u00a0<a href=\"https:\/\/www.youtube.com\/watch?v=3ZSfY87v6pM\"><em>HIER<\/em>\u00a0<\/a>\u00a0zu\u00a0<span style=\"color: #ff0000;\"><a style=\"color: #ff0000;\" href=\"https:\/\/www.youtube.com\/watch?v=3ZSfY87v6pM\"><em>VIDEO<\/em><\/a><\/span>\u00a0\u00a0mit Anweisungen. Sie k\u00f6nnen uns auch direkt anrufen oder anrufen! Unsere Mitarbeiter stehen Ihnen jederzeit zur Verf\u00fcgung.<\/p>\n<p><strong>LIEFERZEIT<\/strong> : 2 bis 3 Werktage.<\/p>\n<p><span style=\"color: #ff0000;\">WICHTIGE INFO:<\/span><\/p>\n<p>Wij hebben een gedetailleerd pasvorm advies aangegeven in de product afbeeldingen. Bekijk dit voordat u een bestelling plaatst.<\/p>\n<p>Sie k\u00f6nnen jede Versano-Jacke mit oder ohne Pelzkragen kaufen, der Pelzkragen ist nicht im Lieferumfang enthalten.<\/p>","protected":false},"featured_media":35217,"comment_status":"closed","ping_status":"closed","template":"","meta":[],"product_brand":[],"product_cat":[1403,89,1012,1353,1406,1145,1384,1389,1382,828,1383,1037,1038,882,1143,1144,2204,1415,1041,1042,215,1404,1339],"product_tag":[1301,1373,1380,1374,1375,1355,1381,1357,1397,225,1356,772,1360,1396,1300,1304],"class_list":{"0":"post-16992","1":"product","2":"type-product","3":"status-publish","4":"has-post-thumbnail","6":"product_cat-bontkraag-jas","7":"product_cat-dames","8":"product_cat-dames-jas-met-bontkraag","9":"product_cat-dames-jas-met-pels","10":"product_cat-dames-parka-winterjas","11":"product_cat-dames-winterjas","12":"product_cat-dames-winterjas-met-bontkraag","13":"product_cat-dames-winterjas-met-pels","14":"product_cat-dames-winterjassen","15":"product_cat-dames-winterjassen-grote-maten","16":"product_cat-dames-winterjassen-met-bontkraag","17":"product_cat-jas-met-bontkraag","18":"product_cat-jas-met-bontkraag-dames","19":"product_cat-versano","20":"product_cat-winterjas","21":"product_cat-winterjas-dames","22":"product_cat-winterjas-dames-halflang","23":"product_cat-winterjas-dames-met-bontkraag","24":"product_cat-winterjas-met-bontkraag","25":"product_cat-winterjas-met-bontkraag-dames","26":"product_cat-dames-jassen-met-bontkraag","27":"product_cat-winterjassen","28":"product_cat-winterjassen-dames","29":"product_tag-dames-parka-4-pocket-jas","30":"product_tag-dames-parka-jas-met-bontkraag","31":"product_tag-pels-jas-dames","32":"product_tag-versano-winterjas","33":"product_tag-versano-winterjassen-dames","34":"product_tag-winterjas-dames","35":"product_tag-winterjas-dames-met-pels","36":"product_tag-winterjas-dames-parka","37":"product_tag-winterjas-dames-parka-zwart","38":"product_tag-winterjas-met-bontkraag-dames","39":"product_tag-winterjassen-dames","40":"product_tag-winterjassen-met-bontkraag-dames","41":"product_tag-winterjassen-met-pels-dames","42":"product_tag-winterjs-dames","43":"product_tag-zwarte-parka-4-pocket-jas-dames","44":"product_tag-zwarte-winterjas-met-4-zakken","45":"tm-has-options","47":"first","48":"instock","49":"sale","50":"taxable","51":"shipping-taxable","52":"purchasable","53":"product-type-variable"},"yoast_head":"<!-- This site is optimized with the Yoast SEO plugin v27.2 - https:\/\/yoast.com\/product\/yoast-seo-wordpress\/ -->\n<title>Dames parka winterjas Marry zwart Versano, parka jassen dames<\/title>\n<meta name=\"description\" content=\"Bent u op zoek naar een Dames parka winterjas Marry zwart Versanoo, dan bent u bij ons aan het juiste adres voor winterjassen.\" \/>\n<meta name=\"robots\" content=\"index, follow, max-snippet:-1, max-image-preview:large, max-video-preview:-1\" \/>\n<link rel=\"canonical\" href=\"https:\/\/versano.nl\/de\/shop\/dames-parka-winterjas-4pocket-zwart-mary-versano\/\" \/>\n<meta property=\"og:locale\" content=\"de_DE\" \/>\n<meta property=\"og:type\" content=\"article\" \/>\n<meta property=\"og:title\" content=\"Dames parka winterjas Marry zwart Versano, parka jassen dames\" \/>\n<meta property=\"og:description\" content=\"Bent u op zoek naar een Dames parka winterjas Marry zwart Versanoo, dan bent u bij ons aan het juiste adres voor winterjassen.\" \/>\n<meta property=\"og:url\" content=\"https:\/\/versano.nl\/de\/shop\/dames-parka-winterjas-4pocket-zwart-mary-versano\/\" \/>\n<meta property=\"og:site_name\" content=\"Versano\" \/>\n<meta property=\"article:modified_time\" content=\"2026-03-29T22:18:47+00:00\" \/>\n<meta property=\"og:image\" content=\"https:\/\/versano.nl\/wp-content\/uploads\/2020\/08\/thumbnail_IMG_7934.jpg\" \/>\n\t<meta property=\"og:image:width\" content=\"798\" \/>\n\t<meta property=\"og:image:height\" content=\"1200\" \/>\n\t<meta property=\"og:image:type\" content=\"image\/jpeg\" \/>\n<meta name=\"twitter:card\" content=\"summary_large_image\" \/>\n<meta name=\"twitter:label1\" content=\"Gesch\u00e4tzte Lesezeit\" \/>\n\t<meta name=\"twitter:data1\" content=\"2\u00a0Minuten\" \/>\n<script type=\"application\/ld+json\" class=\"yoast-schema-graph\">{\"@context\":\"https:\/\/schema.org\",\"@graph\":[{\"@type\":\"WebPage\",\"@id\":\"https:\/\/versano.nl\/shop\/dames-parka-winterjas-4pocket-zwart-mary-versano\/\",\"url\":\"https:\/\/versano.nl\/shop\/dames-parka-winterjas-4pocket-zwart-mary-versano\/\",\"name\":\"Dames parka winterjas Marry zwart Versano, parka jassen dames\",\"isPartOf\":{\"@id\":\"https:\/\/versano.nl\/#website\"},\"primaryImageOfPage\":{\"@id\":\"https:\/\/versano.nl\/shop\/dames-parka-winterjas-4pocket-zwart-mary-versano\/#primaryimage\"},\"image\":{\"@id\":\"https:\/\/versano.nl\/shop\/dames-parka-winterjas-4pocket-zwart-mary-versano\/#primaryimage\"},\"thumbnailUrl\":\"https:\/\/versano.nl\/wp-content\/uploads\/2020\/08\/thumbnail_IMG_7934.jpg\",\"datePublished\":\"2020-08-08T12:13:45+00:00\",\"dateModified\":\"2026-03-29T22:18:47+00:00\",\"description\":\"Bent u op zoek naar een Dames parka winterjas Marry zwart Versanoo, dan bent u bij ons aan het juiste adres voor winterjassen.\",\"breadcrumb\":{\"@id\":\"https:\/\/versano.nl\/shop\/dames-parka-winterjas-4pocket-zwart-mary-versano\/#breadcrumb\"},\"inLanguage\":\"de\",\"potentialAction\":[{\"@type\":\"ReadAction\",\"target\":[\"https:\/\/versano.nl\/shop\/dames-parka-winterjas-4pocket-zwart-mary-versano\/\"]}]},{\"@type\":\"ImageObject\",\"inLanguage\":\"de\",\"@id\":\"https:\/\/versano.nl\/shop\/dames-parka-winterjas-4pocket-zwart-mary-versano\/#primaryimage\",\"url\":\"https:\/\/versano.nl\/wp-content\/uploads\/2020\/08\/thumbnail_IMG_7934.jpg\",\"contentUrl\":\"https:\/\/versano.nl\/wp-content\/uploads\/2020\/08\/thumbnail_IMG_7934.jpg\",\"width\":798,\"height\":1200,\"caption\":\"Dames parka winterjas Marry zwart Versano\"},{\"@type\":\"BreadcrumbList\",\"@id\":\"https:\/\/versano.nl\/shop\/dames-parka-winterjas-4pocket-zwart-mary-versano\/#breadcrumb\",\"itemListElement\":[{\"@type\":\"ListItem\",\"position\":1,\"name\":\"Home\",\"item\":\"https:\/\/versano.nl\/\"},{\"@type\":\"ListItem\",\"position\":2,\"name\":\"Shop\",\"item\":\"https:\/\/versano.nl\/shop\/\"},{\"@type\":\"ListItem\",\"position\":3,\"name\":\"Dames parka winterjas Marry zwart Versano\"}]},{\"@type\":\"WebSite\",\"@id\":\"https:\/\/versano.nl\/#website\",\"url\":\"https:\/\/versano.nl\/\",\"name\":\"Versano\",\"description\":\"winterjassen met bontkraag | leren dames jassen | leren heren jassen\",\"potentialAction\":[{\"@type\":\"SearchAction\",\"target\":{\"@type\":\"EntryPoint\",\"urlTemplate\":\"https:\/\/versano.nl\/?s={search_term_string}\"},\"query-input\":{\"@type\":\"PropertyValueSpecification\",\"valueRequired\":true,\"valueName\":\"search_term_string\"}}],\"inLanguage\":\"de\"}]}<\/script>\n<!-- \/ Yoast SEO plugin. -->","yoast_head_json":{"title":"Damen Parka Winterjacke Marry schwarz Versano, Parka Jacken Damen","description":"Suchen Sie eine Damen Parka Winterjacke Marry schwarz Versanoo, dann sind Sie bei Winterjacken genau richtig.","robots":{"index":"index","follow":"follow","max-snippet":"max-snippet:-1","max-image-preview":"max-image-preview:large","max-video-preview":"max-video-preview:-1"},"canonical":"https:\/\/versano.nl\/de\/shop\/dames-parka-winterjas-4pocket-zwart-mary-versano\/","og_locale":"de_DE","og_type":"article","og_title":"Dames parka winterjas Marry zwart Versano, parka jassen dames","og_description":"Bent u op zoek naar een Dames parka winterjas Marry zwart Versanoo, dan bent u bij ons aan het juiste adres voor winterjassen.","og_url":"https:\/\/versano.nl\/de\/shop\/dames-parka-winterjas-4pocket-zwart-mary-versano\/","og_site_name":"Versano","article_modified_time":"2026-03-29T22:18:47+00:00","og_image":[{"width":798,"height":1200,"url":"https:\/\/versano.nl\/wp-content\/uploads\/2020\/08\/thumbnail_IMG_7934.jpg","type":"image\/jpeg"}],"twitter_card":"summary_large_image","twitter_misc":{"Gesch\u00e4tzte Lesezeit":"2\u00a0Minuten"},"schema":{"@context":"https:\/\/schema.org","@graph":[{"@type":"WebPage","@id":"https:\/\/versano.nl\/shop\/dames-parka-winterjas-4pocket-zwart-mary-versano\/","url":"https:\/\/versano.nl\/shop\/dames-parka-winterjas-4pocket-zwart-mary-versano\/","name":"Damen Parka Winterjacke Marry schwarz Versano, Parka Jacken Damen","isPartOf":{"@id":"https:\/\/versano.nl\/#website"},"primaryImageOfPage":{"@id":"https:\/\/versano.nl\/shop\/dames-parka-winterjas-4pocket-zwart-mary-versano\/#primaryimage"},"image":{"@id":"https:\/\/versano.nl\/shop\/dames-parka-winterjas-4pocket-zwart-mary-versano\/#primaryimage"},"thumbnailUrl":"https:\/\/versano.nl\/wp-content\/uploads\/2020\/08\/thumbnail_IMG_7934.jpg","datePublished":"2020-08-08T12:13:45+00:00","dateModified":"2026-03-29T22:18:47+00:00","description":"Suchen Sie eine Damen Parka Winterjacke Marry schwarz Versanoo, dann sind Sie bei Winterjacken genau richtig.","breadcrumb":{"@id":"https:\/\/versano.nl\/shop\/dames-parka-winterjas-4pocket-zwart-mary-versano\/#breadcrumb"},"inLanguage":"de","potentialAction":[{"@type":"ReadAction","target":["https:\/\/versano.nl\/shop\/dames-parka-winterjas-4pocket-zwart-mary-versano\/"]}]},{"@type":"ImageObject","inLanguage":"de","@id":"https:\/\/versano.nl\/shop\/dames-parka-winterjas-4pocket-zwart-mary-versano\/#primaryimage","url":"https:\/\/versano.nl\/wp-content\/uploads\/2020\/08\/thumbnail_IMG_7934.jpg","contentUrl":"https:\/\/versano.nl\/wp-content\/uploads\/2020\/08\/thumbnail_IMG_7934.jpg","width":798,"height":1200,"caption":"Dames parka winterjas Marry zwart Versano"},{"@type":"BreadcrumbList","@id":"https:\/\/versano.nl\/shop\/dames-parka-winterjas-4pocket-zwart-mary-versano\/#breadcrumb","itemListElement":[{"@type":"ListItem","position":1,"name":"Home","item":"https:\/\/versano.nl\/"},{"@type":"ListItem","position":2,"name":"Shop","item":"https:\/\/versano.nl\/shop\/"},{"@type":"ListItem","position":3,"name":"Dames parka winterjas Marry zwart Versano"}]},{"@type":"WebSite","@id":"https:\/\/versano.nl\/#website","url":"https:\/\/versano.nl\/","name":"Versano","description":"Winterm\u00e4ntel mit Pelzkragen | Damen Lederjacken | Herren Lederjacken","potentialAction":[{"@type":"SearchAction","target":{"@type":"EntryPoint","urlTemplate":"https:\/\/versano.nl\/?s={search_term_string}"},"query-input":{"@type":"PropertyValueSpecification","valueRequired":true,"valueName":"search_term_string"}}],"inLanguage":"de"}]}},"_links":{"self":[{"href":"https:\/\/versano.nl\/de\/wp-json\/wp\/v2\/product\/16992","targetHints":{"allow":["GET"]}}],"collection":[{"href":"https:\/\/versano.nl\/de\/wp-json\/wp\/v2\/product"}],"about":[{"href":"https:\/\/versano.nl\/de\/wp-json\/wp\/v2\/types\/product"}],"replies":[{"embeddable":true,"href":"https:\/\/versano.nl\/de\/wp-json\/wp\/v2\/comments?post=16992"}],"wp:featuredmedia":[{"embeddable":true,"href":"https:\/\/versano.nl\/de\/wp-json\/wp\/v2\/media\/35217"}],"wp:attachment":[{"href":"https:\/\/versano.nl\/de\/wp-json\/wp\/v2\/media?parent=16992"}],"wp:term":[{"taxonomy":"product_brand","embeddable":true,"href":"https:\/\/versano.nl\/de\/wp-json\/wp\/v2\/product_brand?post=16992"},{"taxonomy":"product_cat","embeddable":true,"href":"https:\/\/versano.nl\/de\/wp-json\/wp\/v2\/product_cat?post=16992"},{"taxonomy":"product_tag","embeddable":true,"href":"https:\/\/versano.nl\/de\/wp-json\/wp\/v2\/product_tag?post=16992"}],"curies":[{"name":"wp","href":"https:\/\/api.w.org\/{rel}","templated":true}]}}