{"id":16963,"date":"2020-08-06T22:56:08","date_gmt":"2020-08-06T22:56:08","guid":{"rendered":"https:\/\/versano.nl\/shop\/blauwe-2-pocket-parka-dames-winterjas-met-bontkraag-rani-n-versano\/"},"modified":"2026-02-23T11:24:07","modified_gmt":"2026-02-23T11:24:07","slug":"blauwe-2-pocket-parka-dames-winterjas-met-bontkraag-rani-n-versano","status":"publish","type":"product","link":"https:\/\/versano.nl\/de\/shop\/blauwe-2-pocket-parka-dames-winterjas-met-bontkraag-rani-n-versano\/","title":{"rendered":"Damen Parka Winterjacke mit Fellkragen Rani N blau Versano"},"content":{"rendered":"<h2>Damen Parka Winterjacke mit Fellkragen Rani N blau Versano<\/h2>\n<p>Sie suchen den perfekten Damen Wintermantel um durch den Winter zu kommen? Dann empfehlen wir dir, dir diese Damen Winterjacke mit den extra fingerlosen Handschuhen aus elastischem Rippband am \u00c4rmelabschluss am Handgelenk anzuschauen. Dies ist eine der neuen Parka-Modelljacken von Versano. Diese Damen Parka Winterjacke mit Fellkragen Rani N blue Versano ist ein mittellanges Modell mit seitlichen Eingrifftaschen, die auf H\u00fcfth\u00f6he sitzen und mit warmem Fleece-Material verarbeitet sind. Diese Taschen k\u00f6nnen mit einem Rei\u00dfverschluss und einem Knopf geschlossen werden. Die Jacke hat au\u00dferdem einen Doppelverschluss bestehend aus einem Rei\u00dfverschluss und einem Knopfverschluss, die bis in den hohen Kragen reichen. Die Jacke hat eine abnehmbare Kapuze mit Rei\u00dfverschluss und Kn\u00f6pfen, an denen der Pelzkragen befestigt werden kann.<\/p>\n<h2>M\u00f6chten Sie eine blaue Damen Parka Winterjacke kaufen?<\/h2>\n<p>Mit der Damen Parka Winterjacke mit Fellkragen Rani N blue Versano erhalten Sie eine Jacke, an der Sie sicher lange Freude haben werden. Dies ist eine Jacke, mit der Sie sicher sein k\u00f6nnen, dass Sie sie auch bei schlechtem Wetter genie\u00dfen werden. Sie h\u00e4lt warm und ist so sch\u00f6n gestaltet, dass Sie damit bestimmt auffallen werden. Die Bestellung ist ganz einfach und unsere Mitarbeiter sorgen daf\u00fcr, dass Ihre Jacke so schnell wie m\u00f6glich an Sie versendet wird.<\/p>\n<p>Unser Modell ist 1,80 gro\u00df und tr\u00e4gt einen XS<\/p>\n<p>Marke: Versano<br \/>\nL\u00e4nge: H\u00e4lfte<br \/>\nPassform: Ma\u00dfgeschneiderte Passform<br \/>\nliner: 100% Polyester<br \/>\nAuskleiden Dicke: 200 Gramm ausgekleideten dicke<br \/>\n\u00c4rmell\u00e4nge: Langarm lang<br \/>\nHaube: gef\u00fcttert, abnehmbar<br \/>\nExtras: verst\u00e4rkte N\u00e4hte<br \/>\nVerschluss: Rei\u00dfverschluss und Kn\u00f6pfe mit Schutzklappe, Frontzipp<br \/>\nTaschen: Seitentaschen und Innentasche<br \/>\nFunktion: wasserdicht, winddicht<br \/>\nMaterial: Polyester<br \/>\nZubeh\u00f6r: Pelzkragen (optional)<br \/>\nextra: fingerlose Handschuhe (\u00c4rmelende) aus elastischem Cord<\/p>\n<p>Lieferzeit: 2-3 Werktage<\/p>\n<p>&nbsp;<\/p>","protected":false},"excerpt":{"rendered":"<p><strong>W\u00c4HLEN SIE HIER EINE ANDERE FARBE<\/strong><\/p>\n<p><span style=\"color: #ff0000;\"><strong><a href=\"https:\/\/versano.nl\/shop\/dames-2-pocket-parka-winterjas-grijs-met-bontkraag-rani-n-versano\/\"><img loading=\"lazy\" decoding=\"async\" class=\"alignnone size-full wp-image-19661\" src=\"https:\/\/versano.nl\/wp-content\/uploads\/sites\/2\/2020\/08\/2pocket-halflange-dames-parka-winterjas-grijs-met-bontkraag-versano-rani-voorkant-thumb.jpg\" alt=\"\" width=\"56\" height=\"75\" \/><\/a><a href=\"https:\/\/versano.nl\/shop\/dames-2-pocket-parka-winterjas-zwart-met-bontkraag-rani-n-versano\/\"><img loading=\"lazy\" decoding=\"async\" class=\"alignnone size-full wp-image-19663\" src=\"https:\/\/versano.nl\/wp-content\/uploads\/sites\/2\/2020\/08\/2pocket-halflange-dames-parka-winterjas-zwart-met-bontkraag-versano-rani-voorkant-thumb.jpg\" alt=\"\" width=\"56\" height=\"75\" \/><\/a><\/strong><\/span><\/p>\n<p><span style=\"color: #ff0000;\"><strong>Fit Beratung:<\/strong><\/span><\/p>\n<p><span style=\"color: #ff0000;\"> Getailleerde pasvorm, bekijk de maattabel voor de juiste maat.<\/span><\/p>\n<p><span style=\"color: #ff0000;\">Ons model is 1.74 m en weegt 64 kilo, ze draagt een Small.<\/span><\/p>\n<p>Wenn Sie sich bei Ihren Ma\u00dfen nicht sicher sind, empfehlen wir Ihnen, zuerst Ihre Gr\u00f6\u00dfenma\u00dfe zu messen und sie mit unserer Gr\u00f6\u00dfentabelle zu vergleichen. Wenn Sie keine Erfahrung mit der Messung von Umfangsgr\u00f6\u00dfen haben, klicken Sie auf <a href=\"https:\/\/www.youtube.com\/watch?v=3ZSfY87v6pM\"><em>HIER<\/em> <\/a>zu<span style=\"color: #ff0000;\"><a style=\"color: #ff0000;\" href=\"https:\/\/www.youtube.com\/watch?v=3ZSfY87v6pM\"><em>VIDEO<\/em><\/a> <\/span>mit Anweisungen. Sie k\u00f6nnen uns auch direkt anrufen oder anrufen! Unsere Mitarbeiter stehen Ihnen jederzeit zur Verf\u00fcgung.<\/p>\n<p><span style=\"color: #ff0000;\"><strong><span style=\"color: #000000;\">LIEFERZEIT<\/span> :<\/strong><\/span> 2 bis 3 Werktage.<\/p>\n<p><span style=\"color: #ff0000;\">WICHTIGE INFO:<\/span><\/p>\n<p>Wij hebben een gedetailleerd pasvorm advies aangegeven in de product afbeeldingen. Bekijk dit voordat u een bestelling plaatst.<\/p>\n<p>Sie k\u00f6nnen jede Versano-Jacke mit oder ohne Pelzkragen kaufen, der Pelzkragen ist nicht im Lieferumfang enthalten.<\/p>","protected":false},"featured_media":16960,"comment_status":"closed","ping_status":"closed","template":"","meta":[],"product_brand":[],"product_cat":[1012,1353,1406,1145,1384,1389,1382,1383,1037,1038,882,1143,1144,2204,1415,1041,1042,215,1404,1339],"product_tag":[1298,1296,1365,1299,1297,1325,1355,1407,1357,1356],"class_list":{"0":"post-16963","1":"product","2":"type-product","3":"status-publish","4":"has-post-thumbnail","6":"product_cat-dames-jas-met-bontkraag","7":"product_cat-dames-jas-met-pels","8":"product_cat-dames-parka-winterjas","9":"product_cat-dames-winterjas","10":"product_cat-dames-winterjas-met-bontkraag","11":"product_cat-dames-winterjas-met-pels","12":"product_cat-dames-winterjassen","13":"product_cat-dames-winterjassen-met-bontkraag","14":"product_cat-jas-met-bontkraag","15":"product_cat-jas-met-bontkraag-dames","16":"product_cat-versano","17":"product_cat-winterjas","18":"product_cat-winterjas-dames","19":"product_cat-winterjas-dames-halflang","20":"product_cat-winterjas-dames-met-bontkraag","21":"product_cat-winterjas-met-bontkraag","22":"product_cat-winterjas-met-bontkraag-dames","23":"product_cat-dames-jassen-met-bontkraag","24":"product_cat-winterjassen","25":"product_cat-winterjassen-dames","26":"product_tag-blauwe-parka-2-pocket-dames-jas","27":"product_tag-blauwe-parka-dames-jas","28":"product_tag-jas-met-bontkraag-dames","29":"product_tag-parka-dames-jas-met-bontkraag","30":"product_tag-parka-dames-winterjas-blauw","31":"product_tag-versano-winterjassen","32":"product_tag-winterjas-dames","33":"product_tag-winterjas-dames-met-bontkraag","34":"product_tag-winterjas-dames-parka","35":"product_tag-winterjassen-dames","36":"product_shipping_class-verzendkosten-1","37":"tm-has-options","39":"first","40":"instock","41":"sale","42":"taxable","43":"shipping-taxable","44":"purchasable","45":"product-type-variable"},"yoast_head":"<!-- This site is optimized with the Yoast SEO plugin v27.2 - https:\/\/yoast.com\/product\/yoast-seo-wordpress\/ -->\n<title>Dames parka winterjas met bontkraag Rani N blauw Versano<\/title>\n<meta name=\"description\" content=\"Ben je op zoek naar een Dames parka winterjas met bontkraag Rani N blauw Versano? Dan zit je bij ons aan het juist adres.\" \/>\n<meta name=\"robots\" content=\"index, follow, max-snippet:-1, max-image-preview:large, max-video-preview:-1\" \/>\n<link rel=\"canonical\" href=\"https:\/\/versano.nl\/de\/shop\/blauwe-2-pocket-parka-dames-winterjas-met-bontkraag-rani-n-versano\/\" \/>\n<meta property=\"og:locale\" content=\"de_DE\" \/>\n<meta property=\"og:type\" content=\"article\" \/>\n<meta property=\"og:title\" content=\"Dames parka winterjas met bontkraag Rani N blauw Versano\" \/>\n<meta property=\"og:description\" content=\"Ben je op zoek naar een Dames parka winterjas met bontkraag Rani N blauw Versano? Dan zit je bij ons aan het juist adres.\" \/>\n<meta property=\"og:url\" content=\"https:\/\/versano.nl\/de\/shop\/blauwe-2-pocket-parka-dames-winterjas-met-bontkraag-rani-n-versano\/\" \/>\n<meta property=\"og:site_name\" content=\"Versano\" \/>\n<meta property=\"article:modified_time\" content=\"2026-02-23T11:24:07+00:00\" \/>\n<meta property=\"og:image\" content=\"https:\/\/versano.nl\/wp-content\/uploads\/2020\/08\/2pocket-halflange-dames-parka-winterjas-blauw-versano-rani-voorkant.jpg\" \/>\n\t<meta property=\"og:image:width\" content=\"900\" \/>\n\t<meta property=\"og:image:height\" content=\"1200\" \/>\n\t<meta property=\"og:image:type\" content=\"image\/jpeg\" \/>\n<meta name=\"twitter:card\" content=\"summary_large_image\" \/>\n<meta name=\"twitter:label1\" content=\"Gesch\u00e4tzte Lesezeit\" \/>\n\t<meta name=\"twitter:data1\" content=\"2\u00a0Minuten\" \/>\n<script type=\"application\/ld+json\" class=\"yoast-schema-graph\">{\"@context\":\"https:\/\/schema.org\",\"@graph\":[{\"@type\":\"WebPage\",\"@id\":\"https:\/\/versano.nl\/shop\/blauwe-2-pocket-parka-dames-winterjas-met-bontkraag-rani-n-versano\/\",\"url\":\"https:\/\/versano.nl\/shop\/blauwe-2-pocket-parka-dames-winterjas-met-bontkraag-rani-n-versano\/\",\"name\":\"Dames parka winterjas met bontkraag Rani N blauw Versano\",\"isPartOf\":{\"@id\":\"https:\/\/versano.nl\/#website\"},\"primaryImageOfPage\":{\"@id\":\"https:\/\/versano.nl\/shop\/blauwe-2-pocket-parka-dames-winterjas-met-bontkraag-rani-n-versano\/#primaryimage\"},\"image\":{\"@id\":\"https:\/\/versano.nl\/shop\/blauwe-2-pocket-parka-dames-winterjas-met-bontkraag-rani-n-versano\/#primaryimage\"},\"thumbnailUrl\":\"https:\/\/versano.nl\/wp-content\/uploads\/2020\/08\/2pocket-halflange-dames-parka-winterjas-blauw-versano-rani-voorkant.jpg\",\"datePublished\":\"2020-08-06T22:56:08+00:00\",\"dateModified\":\"2026-02-23T11:24:07+00:00\",\"description\":\"Ben je op zoek naar een Dames parka winterjas met bontkraag Rani N blauw Versano? Dan zit je bij ons aan het juist adres.\",\"breadcrumb\":{\"@id\":\"https:\/\/versano.nl\/shop\/blauwe-2-pocket-parka-dames-winterjas-met-bontkraag-rani-n-versano\/#breadcrumb\"},\"inLanguage\":\"de\",\"potentialAction\":[{\"@type\":\"ReadAction\",\"target\":[\"https:\/\/versano.nl\/shop\/blauwe-2-pocket-parka-dames-winterjas-met-bontkraag-rani-n-versano\/\"]}]},{\"@type\":\"ImageObject\",\"inLanguage\":\"de\",\"@id\":\"https:\/\/versano.nl\/shop\/blauwe-2-pocket-parka-dames-winterjas-met-bontkraag-rani-n-versano\/#primaryimage\",\"url\":\"https:\/\/versano.nl\/wp-content\/uploads\/2020\/08\/2pocket-halflange-dames-parka-winterjas-blauw-versano-rani-voorkant.jpg\",\"contentUrl\":\"https:\/\/versano.nl\/wp-content\/uploads\/2020\/08\/2pocket-halflange-dames-parka-winterjas-blauw-versano-rani-voorkant.jpg\",\"width\":900,\"height\":1200,\"caption\":\"Dames parka winterjas met bontkraag Rani N blauw Versano\"},{\"@type\":\"BreadcrumbList\",\"@id\":\"https:\/\/versano.nl\/shop\/blauwe-2-pocket-parka-dames-winterjas-met-bontkraag-rani-n-versano\/#breadcrumb\",\"itemListElement\":[{\"@type\":\"ListItem\",\"position\":1,\"name\":\"Home\",\"item\":\"https:\/\/versano.nl\/\"},{\"@type\":\"ListItem\",\"position\":2,\"name\":\"Shop\",\"item\":\"https:\/\/versano.nl\/shop\/\"},{\"@type\":\"ListItem\",\"position\":3,\"name\":\"Dames parka winterjas met bontkraag Rani N blauw Versano\"}]},{\"@type\":\"WebSite\",\"@id\":\"https:\/\/versano.nl\/#website\",\"url\":\"https:\/\/versano.nl\/\",\"name\":\"Versano\",\"description\":\"winterjassen met bontkraag | leren dames jassen | leren heren jassen\",\"potentialAction\":[{\"@type\":\"SearchAction\",\"target\":{\"@type\":\"EntryPoint\",\"urlTemplate\":\"https:\/\/versano.nl\/?s={search_term_string}\"},\"query-input\":{\"@type\":\"PropertyValueSpecification\",\"valueRequired\":true,\"valueName\":\"search_term_string\"}}],\"inLanguage\":\"de\"}]}<\/script>\n<!-- \/ Yoast SEO plugin. -->","yoast_head_json":{"title":"Damen Parka Winterjacke mit Fellkragen Rani N blau Versano","description":"Suchen Sie eine Damen Parka Winterjacke mit Fellkragen Rani N blau Versano? Dann sind Sie bei uns genau richtig.","robots":{"index":"index","follow":"follow","max-snippet":"max-snippet:-1","max-image-preview":"max-image-preview:large","max-video-preview":"max-video-preview:-1"},"canonical":"https:\/\/versano.nl\/de\/shop\/blauwe-2-pocket-parka-dames-winterjas-met-bontkraag-rani-n-versano\/","og_locale":"de_DE","og_type":"article","og_title":"Dames parka winterjas met bontkraag Rani N blauw Versano","og_description":"Ben je op zoek naar een Dames parka winterjas met bontkraag Rani N blauw Versano? Dan zit je bij ons aan het juist adres.","og_url":"https:\/\/versano.nl\/de\/shop\/blauwe-2-pocket-parka-dames-winterjas-met-bontkraag-rani-n-versano\/","og_site_name":"Versano","article_modified_time":"2026-02-23T11:24:07+00:00","og_image":[{"width":900,"height":1200,"url":"https:\/\/versano.nl\/wp-content\/uploads\/2020\/08\/2pocket-halflange-dames-parka-winterjas-blauw-versano-rani-voorkant.jpg","type":"image\/jpeg"}],"twitter_card":"summary_large_image","twitter_misc":{"Gesch\u00e4tzte Lesezeit":"2\u00a0Minuten"},"schema":{"@context":"https:\/\/schema.org","@graph":[{"@type":"WebPage","@id":"https:\/\/versano.nl\/shop\/blauwe-2-pocket-parka-dames-winterjas-met-bontkraag-rani-n-versano\/","url":"https:\/\/versano.nl\/shop\/blauwe-2-pocket-parka-dames-winterjas-met-bontkraag-rani-n-versano\/","name":"Damen Parka Winterjacke mit Fellkragen Rani N blau Versano","isPartOf":{"@id":"https:\/\/versano.nl\/#website"},"primaryImageOfPage":{"@id":"https:\/\/versano.nl\/shop\/blauwe-2-pocket-parka-dames-winterjas-met-bontkraag-rani-n-versano\/#primaryimage"},"image":{"@id":"https:\/\/versano.nl\/shop\/blauwe-2-pocket-parka-dames-winterjas-met-bontkraag-rani-n-versano\/#primaryimage"},"thumbnailUrl":"https:\/\/versano.nl\/wp-content\/uploads\/2020\/08\/2pocket-halflange-dames-parka-winterjas-blauw-versano-rani-voorkant.jpg","datePublished":"2020-08-06T22:56:08+00:00","dateModified":"2026-02-23T11:24:07+00:00","description":"Suchen Sie eine Damen Parka Winterjacke mit Fellkragen Rani N blau Versano? Dann sind Sie bei uns genau richtig.","breadcrumb":{"@id":"https:\/\/versano.nl\/shop\/blauwe-2-pocket-parka-dames-winterjas-met-bontkraag-rani-n-versano\/#breadcrumb"},"inLanguage":"de","potentialAction":[{"@type":"ReadAction","target":["https:\/\/versano.nl\/shop\/blauwe-2-pocket-parka-dames-winterjas-met-bontkraag-rani-n-versano\/"]}]},{"@type":"ImageObject","inLanguage":"de","@id":"https:\/\/versano.nl\/shop\/blauwe-2-pocket-parka-dames-winterjas-met-bontkraag-rani-n-versano\/#primaryimage","url":"https:\/\/versano.nl\/wp-content\/uploads\/2020\/08\/2pocket-halflange-dames-parka-winterjas-blauw-versano-rani-voorkant.jpg","contentUrl":"https:\/\/versano.nl\/wp-content\/uploads\/2020\/08\/2pocket-halflange-dames-parka-winterjas-blauw-versano-rani-voorkant.jpg","width":900,"height":1200,"caption":"Dames parka winterjas met bontkraag Rani N blauw Versano"},{"@type":"BreadcrumbList","@id":"https:\/\/versano.nl\/shop\/blauwe-2-pocket-parka-dames-winterjas-met-bontkraag-rani-n-versano\/#breadcrumb","itemListElement":[{"@type":"ListItem","position":1,"name":"Home","item":"https:\/\/versano.nl\/"},{"@type":"ListItem","position":2,"name":"Shop","item":"https:\/\/versano.nl\/shop\/"},{"@type":"ListItem","position":3,"name":"Dames parka winterjas met bontkraag Rani N blauw Versano"}]},{"@type":"WebSite","@id":"https:\/\/versano.nl\/#website","url":"https:\/\/versano.nl\/","name":"Versano","description":"Winterm\u00e4ntel mit Pelzkragen | Damen Lederjacken | Herren Lederjacken","potentialAction":[{"@type":"SearchAction","target":{"@type":"EntryPoint","urlTemplate":"https:\/\/versano.nl\/?s={search_term_string}"},"query-input":{"@type":"PropertyValueSpecification","valueRequired":true,"valueName":"search_term_string"}}],"inLanguage":"de"}]}},"_links":{"self":[{"href":"https:\/\/versano.nl\/de\/wp-json\/wp\/v2\/product\/16963","targetHints":{"allow":["GET"]}}],"collection":[{"href":"https:\/\/versano.nl\/de\/wp-json\/wp\/v2\/product"}],"about":[{"href":"https:\/\/versano.nl\/de\/wp-json\/wp\/v2\/types\/product"}],"replies":[{"embeddable":true,"href":"https:\/\/versano.nl\/de\/wp-json\/wp\/v2\/comments?post=16963"}],"wp:featuredmedia":[{"embeddable":true,"href":"https:\/\/versano.nl\/de\/wp-json\/wp\/v2\/media\/16960"}],"wp:attachment":[{"href":"https:\/\/versano.nl\/de\/wp-json\/wp\/v2\/media?parent=16963"}],"wp:term":[{"taxonomy":"product_brand","embeddable":true,"href":"https:\/\/versano.nl\/de\/wp-json\/wp\/v2\/product_brand?post=16963"},{"taxonomy":"product_cat","embeddable":true,"href":"https:\/\/versano.nl\/de\/wp-json\/wp\/v2\/product_cat?post=16963"},{"taxonomy":"product_tag","embeddable":true,"href":"https:\/\/versano.nl\/de\/wp-json\/wp\/v2\/product_tag?post=16963"}],"curies":[{"name":"wp","href":"https:\/\/api.w.org\/{rel}","templated":true}]}}