{"id":16795,"date":"2020-08-04T21:47:55","date_gmt":"2020-08-04T21:47:55","guid":{"rendered":"https:\/\/versano.nl\/shop\/lightweight-dames-kunstdons-jack-zwart-versano-simi\/"},"modified":"2026-03-11T11:20:42","modified_gmt":"2026-03-11T11:20:42","slug":"lightweight-dames-kunstdons-jack-zwart-versano-simi","status":"publish","type":"product","link":"https:\/\/versano.nl\/de\/shop\/lightweight-dames-kunstdons-jack-zwart-versano-simi\/","title":{"rendered":"Damen Daunenjacke schwarz Simi Versano"},"content":{"rendered":"<h2>Damen Daunenjacke schwarz Simi Versano<\/h2>\n<p>Diese Damen Daunenjacke schwarz Simi Versano hat eine hochwertige Kunstdaune, wodurch sie nur 265 Gramm wiegt. Die Jacke hat eine sehr sch\u00f6ne schmale Passform, wodurch sie au\u00dfergew\u00f6hnlich sch\u00f6ner aussieht als andere gesteppte Daunenjacken. Sie k\u00f6nnen diese Jacke im Fr\u00fchjahr oder Herbst tragen, aber eigentlich ist die Jacke das ganze Jahr \u00fcber geeignet. Die Jacke hat einen Mittelrei\u00dfverschluss, 2 seitliche Rei\u00dfverschlusstaschen und eine ger\u00e4umige Innentasche. Dieses Versano-Modell ist nicht nur in der coolen Farbe Schwarz erh\u00e4ltlich, sondern auch in den Farben Gr\u00fcn und Blau. Diese Jacke wird in einer sch\u00f6nen Versano-Tasche geliefert, sodass Sie sie leicht zusammenrollen und \u00fcberall hin mitnehmen k\u00f6nnen. Ein Modell, das wir daher w\u00e4rmstens empfehlen k\u00f6nnen. Mit dieser Jacke kannst du dir sicher sein, dass dir schon bald eine neue Jacke um die Schultern h\u00e4ngt, in der du zu sehen bist.<\/p>\n<h2>Modell Simi in schwarz bestellen<\/h2>\n<p>Mit einer so sch\u00f6nen Jacke von Versano k\u00f6nnen Sie sicher sein, dass Sie sie den ganzen Winter \u00fcber tragen k\u00f6nnen. Dieses Modell k\u00f6nnen Sie ganz einfach im Versano Webshop bestellen. Hier haben wir alle unsere Jacken f\u00fcr Sie zusammengestellt, damit Sie ganz einfach eine Bestellung aufgeben k\u00f6nnen. Bei Versano k\u00f6nnen Sie sich immer sicher sein, einen sch\u00f6nen und sorgf\u00e4ltig verarbeiteten Mantel zu kaufen. Bei uns k\u00f6nnen Sie ganz einfach die richtige Gr\u00f6\u00dfe anhand unserer smarten Anleitungsvideos ausw\u00e4hlen. Haben Sie Fragen oder sind Sie sich nicht sicher, welche Gr\u00f6\u00dfe Sie bestellen sollen? Dann k\u00f6nnen Sie uns jederzeit per Mail oder WhatsApp kontaktieren. Unsere Mitarbeiter m\u00f6chten Ihnen helfen!<\/p>\n<p>Marke:\u00a0<a title=\"versano\" href=\"https:\/\/versano.nl\/\" target=\"_blank\" rel=\"noopener noreferrer\">Versano<\/a><br \/>\nL\u00e4nge: kurz<br \/>\nPassform: schmale Passform<br \/>\nFutter: 100% Polyester<br \/>\n\u00c4rmell\u00e4nge: lang\u00e4rmelige<br \/>\nTaschen: Seitentaschen, Innen<br \/>\nFunktion: wasserdicht, winddicht<br \/>\nMaterialau\u00dfenschicht: 100% Polyester<\/p>\n<p>Lieferzeit: 2-3 Werktage<\/p>","protected":false},"excerpt":{"rendered":"<p><span style=\"color: red;\">Fit Beratung:<\/span>\u00a0Diese Jacke hat eine regelm\u00e4\u00dfig geschnittene Passform. Unser Modell ist 1,68 cm gro\u00df und tr\u00e4gt einen XS.<\/p>\n<p>Wenn Sie sich bei Ihren Ma\u00dfen nicht sicher sind, empfehlen wir Ihnen, zuerst Ihre Gr\u00f6\u00dfenma\u00dfe zu messen und sie mit unserer Gr\u00f6\u00dfentabelle zu vergleichen. Wenn Sie keine Erfahrung mit der Messung von Umfangsgr\u00f6\u00dfen haben, klicken Sie auf\u00a0<a href=\"https:\/\/www.youtube.com\/watch?v=3ZSfY87v6pM\"><em><span style=\"text-decoration: none;\">HIER<\/span><\/em>\u00a0<\/a>\u00a0zu\u00a0<span style=\"color: red;\"><a href=\"https:\/\/www.youtube.com\/watch?v=3ZSfY87v6pM\"><em><span style=\"color: red; text-decoration: none;\">VIDEO<\/span><\/em><\/a>\u00a0\u00a0<\/span>mit Anweisungen. Sie k\u00f6nnen uns auch direkt anrufen oder anrufen! Unsere Mitarbeiter stehen Ihnen jederzeit zur Verf\u00fcgung.<\/p>\n<p><strong>LIEFERZEIT<\/strong>\u00a0: 2 bis 3 Werktage.<\/p>","protected":false},"featured_media":16794,"comment_status":"closed","ping_status":"closed","template":"","meta":[],"product_brand":[],"product_cat":[2003,1334,2001,1333,2009,1335,882],"product_tag":[1276,1821,1274,1805,1275,1804,1823,1820,1807,1822,1813],"class_list":{"0":"post-16795","1":"product","2":"type-product","3":"status-publish","4":"has-post-thumbnail","6":"product_cat-dames-donsjas","7":"product_cat-donsjassen-dames","8":"product_cat-dames-gewatteerde-jas","9":"product_cat-gewatteerde-jassen-dames","10":"product_cat-lichtgewicht-donsjas-dames","11":"product_cat-lightweight-jas-dames","12":"product_cat-versano","13":"product_tag-dames-donsjas-zwart","14":"product_tag-dames-jassen-versano","15":"product_tag-dames-kunstdons-jasje-zwart","16":"product_tag-donsjas-dames","17":"product_tag-donsjassen-dames-zwart","18":"product_tag-gewatteerde-dames-jas","19":"product_tag-online-donsjas-kopen","20":"product_tag-versano-donsjas","21":"product_tag-zomerjas-dames","22":"product_tag-zomerjas-versano","23":"product_tag-zomerjassen-dames","24":"product_shipping_class-verzendkosten-1","25":"tm-no-options","27":"first","28":"instock","29":"taxable","30":"shipping-taxable","31":"purchasable","32":"product-type-variable"},"yoast_head":"<!-- This site is optimized with the Yoast SEO plugin v27.2 - https:\/\/yoast.com\/product\/yoast-seo-wordpress\/ -->\n<title>dames donsjas zwart Simi Versano, kunst donsjasje<\/title>\n<meta name=\"description\" content=\"Ben je op zoek naar een dames donsjas zwart Simi Versano, dan zit je bij Versano aan het juiste adres voor kunstdons jasjes.\" \/>\n<meta name=\"robots\" content=\"index, follow, max-snippet:-1, max-image-preview:large, max-video-preview:-1\" \/>\n<link rel=\"canonical\" href=\"https:\/\/versano.nl\/de\/shop\/lightweight-dames-kunstdons-jack-zwart-versano-simi\/\" \/>\n<meta property=\"og:locale\" content=\"de_DE\" \/>\n<meta property=\"og:type\" content=\"article\" \/>\n<meta property=\"og:title\" content=\"dames donsjas zwart Simi Versano, kunst donsjasje\" \/>\n<meta property=\"og:description\" content=\"Ben je op zoek naar een dames donsjas zwart Simi Versano, dan zit je bij Versano aan het juiste adres voor kunstdons jasjes.\" \/>\n<meta property=\"og:url\" content=\"https:\/\/versano.nl\/de\/shop\/lightweight-dames-kunstdons-jack-zwart-versano-simi\/\" \/>\n<meta property=\"og:site_name\" content=\"Versano\" \/>\n<meta property=\"article:modified_time\" content=\"2026-03-11T11:20:42+00:00\" \/>\n<meta property=\"og:image\" content=\"https:\/\/versano.nl\/wp-content\/uploads\/2020\/08\/lightweight-dames-donsjasje-zwart-versano-simi-voorkant.jpg\" \/>\n\t<meta property=\"og:image:width\" content=\"900\" \/>\n\t<meta property=\"og:image:height\" content=\"1200\" \/>\n\t<meta property=\"og:image:type\" content=\"image\/jpeg\" \/>\n<meta name=\"twitter:card\" content=\"summary_large_image\" \/>\n<meta name=\"twitter:label1\" content=\"Gesch\u00e4tzte Lesezeit\" \/>\n\t<meta name=\"twitter:data1\" content=\"2\u00a0Minuten\" \/>\n<script type=\"application\/ld+json\" class=\"yoast-schema-graph\">{\"@context\":\"https:\/\/schema.org\",\"@graph\":[{\"@type\":\"WebPage\",\"@id\":\"https:\/\/versano.nl\/shop\/lightweight-dames-kunstdons-jack-zwart-versano-simi\/\",\"url\":\"https:\/\/versano.nl\/shop\/lightweight-dames-kunstdons-jack-zwart-versano-simi\/\",\"name\":\"dames donsjas zwart Simi Versano, kunst donsjasje\",\"isPartOf\":{\"@id\":\"https:\/\/versano.nl\/#website\"},\"primaryImageOfPage\":{\"@id\":\"https:\/\/versano.nl\/shop\/lightweight-dames-kunstdons-jack-zwart-versano-simi\/#primaryimage\"},\"image\":{\"@id\":\"https:\/\/versano.nl\/shop\/lightweight-dames-kunstdons-jack-zwart-versano-simi\/#primaryimage\"},\"thumbnailUrl\":\"https:\/\/versano.nl\/wp-content\/uploads\/2020\/08\/lightweight-dames-donsjasje-zwart-versano-simi-voorkant.jpg\",\"datePublished\":\"2020-08-04T21:47:55+00:00\",\"dateModified\":\"2026-03-11T11:20:42+00:00\",\"description\":\"Ben je op zoek naar een dames donsjas zwart Simi Versano, dan zit je bij Versano aan het juiste adres voor kunstdons jasjes.\",\"breadcrumb\":{\"@id\":\"https:\/\/versano.nl\/shop\/lightweight-dames-kunstdons-jack-zwart-versano-simi\/#breadcrumb\"},\"inLanguage\":\"de\",\"potentialAction\":[{\"@type\":\"ReadAction\",\"target\":[\"https:\/\/versano.nl\/shop\/lightweight-dames-kunstdons-jack-zwart-versano-simi\/\"]}]},{\"@type\":\"ImageObject\",\"inLanguage\":\"de\",\"@id\":\"https:\/\/versano.nl\/shop\/lightweight-dames-kunstdons-jack-zwart-versano-simi\/#primaryimage\",\"url\":\"https:\/\/versano.nl\/wp-content\/uploads\/2020\/08\/lightweight-dames-donsjasje-zwart-versano-simi-voorkant.jpg\",\"contentUrl\":\"https:\/\/versano.nl\/wp-content\/uploads\/2020\/08\/lightweight-dames-donsjasje-zwart-versano-simi-voorkant.jpg\",\"width\":900,\"height\":1200,\"caption\":\"dames donsjas zwart Simi Versano\"},{\"@type\":\"BreadcrumbList\",\"@id\":\"https:\/\/versano.nl\/shop\/lightweight-dames-kunstdons-jack-zwart-versano-simi\/#breadcrumb\",\"itemListElement\":[{\"@type\":\"ListItem\",\"position\":1,\"name\":\"Home\",\"item\":\"https:\/\/versano.nl\/\"},{\"@type\":\"ListItem\",\"position\":2,\"name\":\"Shop\",\"item\":\"https:\/\/versano.nl\/shop\/\"},{\"@type\":\"ListItem\",\"position\":3,\"name\":\"dames donsjas zwart Simi Versano\"}]},{\"@type\":\"WebSite\",\"@id\":\"https:\/\/versano.nl\/#website\",\"url\":\"https:\/\/versano.nl\/\",\"name\":\"Versano\",\"description\":\"winterjassen met bontkraag | leren dames jassen | leren heren jassen\",\"potentialAction\":[{\"@type\":\"SearchAction\",\"target\":{\"@type\":\"EntryPoint\",\"urlTemplate\":\"https:\/\/versano.nl\/?s={search_term_string}\"},\"query-input\":{\"@type\":\"PropertyValueSpecification\",\"valueRequired\":true,\"valueName\":\"search_term_string\"}}],\"inLanguage\":\"de\"}]}<\/script>\n<!-- \/ Yoast SEO plugin. -->","yoast_head_json":{"title":"Damen Daunenjacke schwarz Simi Versano, Kunst Daunenjacke","description":"Wenn Sie eine Damen Daunenjacke schwarz Simi Versano suchen, dann ist Versano die richtige Adresse f\u00fcr Kunstdaunenjacken.","robots":{"index":"index","follow":"follow","max-snippet":"max-snippet:-1","max-image-preview":"max-image-preview:large","max-video-preview":"max-video-preview:-1"},"canonical":"https:\/\/versano.nl\/de\/shop\/lightweight-dames-kunstdons-jack-zwart-versano-simi\/","og_locale":"de_DE","og_type":"article","og_title":"dames donsjas zwart Simi Versano, kunst donsjasje","og_description":"Ben je op zoek naar een dames donsjas zwart Simi Versano, dan zit je bij Versano aan het juiste adres voor kunstdons jasjes.","og_url":"https:\/\/versano.nl\/de\/shop\/lightweight-dames-kunstdons-jack-zwart-versano-simi\/","og_site_name":"Versano","article_modified_time":"2026-03-11T11:20:42+00:00","og_image":[{"width":900,"height":1200,"url":"https:\/\/versano.nl\/wp-content\/uploads\/2020\/08\/lightweight-dames-donsjasje-zwart-versano-simi-voorkant.jpg","type":"image\/jpeg"}],"twitter_card":"summary_large_image","twitter_misc":{"Gesch\u00e4tzte Lesezeit":"2\u00a0Minuten"},"schema":{"@context":"https:\/\/schema.org","@graph":[{"@type":"WebPage","@id":"https:\/\/versano.nl\/shop\/lightweight-dames-kunstdons-jack-zwart-versano-simi\/","url":"https:\/\/versano.nl\/shop\/lightweight-dames-kunstdons-jack-zwart-versano-simi\/","name":"Damen Daunenjacke schwarz Simi Versano, Kunst Daunenjacke","isPartOf":{"@id":"https:\/\/versano.nl\/#website"},"primaryImageOfPage":{"@id":"https:\/\/versano.nl\/shop\/lightweight-dames-kunstdons-jack-zwart-versano-simi\/#primaryimage"},"image":{"@id":"https:\/\/versano.nl\/shop\/lightweight-dames-kunstdons-jack-zwart-versano-simi\/#primaryimage"},"thumbnailUrl":"https:\/\/versano.nl\/wp-content\/uploads\/2020\/08\/lightweight-dames-donsjasje-zwart-versano-simi-voorkant.jpg","datePublished":"2020-08-04T21:47:55+00:00","dateModified":"2026-03-11T11:20:42+00:00","description":"Wenn Sie eine Damen Daunenjacke schwarz Simi Versano suchen, dann ist Versano die richtige Adresse f\u00fcr Kunstdaunenjacken.","breadcrumb":{"@id":"https:\/\/versano.nl\/shop\/lightweight-dames-kunstdons-jack-zwart-versano-simi\/#breadcrumb"},"inLanguage":"de","potentialAction":[{"@type":"ReadAction","target":["https:\/\/versano.nl\/shop\/lightweight-dames-kunstdons-jack-zwart-versano-simi\/"]}]},{"@type":"ImageObject","inLanguage":"de","@id":"https:\/\/versano.nl\/shop\/lightweight-dames-kunstdons-jack-zwart-versano-simi\/#primaryimage","url":"https:\/\/versano.nl\/wp-content\/uploads\/2020\/08\/lightweight-dames-donsjasje-zwart-versano-simi-voorkant.jpg","contentUrl":"https:\/\/versano.nl\/wp-content\/uploads\/2020\/08\/lightweight-dames-donsjasje-zwart-versano-simi-voorkant.jpg","width":900,"height":1200,"caption":"dames donsjas zwart Simi Versano"},{"@type":"BreadcrumbList","@id":"https:\/\/versano.nl\/shop\/lightweight-dames-kunstdons-jack-zwart-versano-simi\/#breadcrumb","itemListElement":[{"@type":"ListItem","position":1,"name":"Home","item":"https:\/\/versano.nl\/"},{"@type":"ListItem","position":2,"name":"Shop","item":"https:\/\/versano.nl\/shop\/"},{"@type":"ListItem","position":3,"name":"dames donsjas zwart Simi Versano"}]},{"@type":"WebSite","@id":"https:\/\/versano.nl\/#website","url":"https:\/\/versano.nl\/","name":"Versano","description":"Winterm\u00e4ntel mit Pelzkragen | Damen Lederjacken | Herren Lederjacken","potentialAction":[{"@type":"SearchAction","target":{"@type":"EntryPoint","urlTemplate":"https:\/\/versano.nl\/?s={search_term_string}"},"query-input":{"@type":"PropertyValueSpecification","valueRequired":true,"valueName":"search_term_string"}}],"inLanguage":"de"}]}},"_links":{"self":[{"href":"https:\/\/versano.nl\/de\/wp-json\/wp\/v2\/product\/16795","targetHints":{"allow":["GET"]}}],"collection":[{"href":"https:\/\/versano.nl\/de\/wp-json\/wp\/v2\/product"}],"about":[{"href":"https:\/\/versano.nl\/de\/wp-json\/wp\/v2\/types\/product"}],"replies":[{"embeddable":true,"href":"https:\/\/versano.nl\/de\/wp-json\/wp\/v2\/comments?post=16795"}],"wp:featuredmedia":[{"embeddable":true,"href":"https:\/\/versano.nl\/de\/wp-json\/wp\/v2\/media\/16794"}],"wp:attachment":[{"href":"https:\/\/versano.nl\/de\/wp-json\/wp\/v2\/media?parent=16795"}],"wp:term":[{"taxonomy":"product_brand","embeddable":true,"href":"https:\/\/versano.nl\/de\/wp-json\/wp\/v2\/product_brand?post=16795"},{"taxonomy":"product_cat","embeddable":true,"href":"https:\/\/versano.nl\/de\/wp-json\/wp\/v2\/product_cat?post=16795"},{"taxonomy":"product_tag","embeddable":true,"href":"https:\/\/versano.nl\/de\/wp-json\/wp\/v2\/product_tag?post=16795"}],"curies":[{"name":"wp","href":"https:\/\/api.w.org\/{rel}","templated":true}]}}