{"id":16764,"date":"2020-08-04T20:27:50","date_gmt":"2020-08-04T20:27:50","guid":{"rendered":"https:\/\/versano.nl\/shop\/lightweight-heren-jack-blauw-versano-peter\/"},"modified":"2026-01-23T09:49:42","modified_gmt":"2026-01-23T09:49:42","slug":"lightweight-heren-jack-blauw-versano-peter","status":"publish","type":"product","link":"https:\/\/versano.nl\/de\/shop\/lightweight-heren-jack-blauw-versano-peter\/","title":{"rendered":"Wattierte Jacke Herren blau Peter Versano"},"content":{"rendered":"<h2>Wattierte Jacke Herren blau Peter Versano<\/h2>\n<p>Diese Steppjacke Herren blau Peter Versano hat eine hochwertige Kunstdaune, was bedeutet, dass sie nur 265 Gramm wiegt, diese Kunstdaunenjacke ist etwas ganz Besonderes und sie liegt sehr bequem durch das geringe Gewicht am K\u00f6rper. Die Jacke hat eine sehr sch\u00f6ne schmale Passform, wodurch sie au\u00dfergew\u00f6hnlich sch\u00f6ner aussieht als andere gesteppte Daunenjacken. Sie k\u00f6nnen diese Jacke im Fr\u00fchjahr oder Herbst tragen, aber eigentlich ist die Jacke das ganze Jahr \u00fcber geeignet. Die Jacke hat einen Mittelrei\u00dfverschluss, 2 seitliche Rei\u00dfverschlusstaschen und eine ger\u00e4umige Innentasche. Dieses Versano-Modell ist nicht nur in der coolen Farbe Blau erh\u00e4ltlich, sondern auch in den Farben Gr\u00fcn und Schwarz. Die Jacke wird in einer sch\u00f6nen Versano-Tasche geliefert, sodass Sie sie leicht zusammenrollen und \u00fcberall hin mitnehmen k\u00f6nnen. Ein Modell, das wir daher w\u00e4rmstens empfehlen k\u00f6nnen. Mit dieser Jacke kannst du dir sicher sein, dass dir schon bald eine neue Jacke um die Schultern h\u00e4ngt, in der du zu sehen bist.<\/p>\n<h2>Modell Peter in Blau bestellen<\/h2>\n<p>Mit einer so sch\u00f6nen Jacke von Versano k\u00f6nnen Sie sicher sein, dass Sie sie den ganzen Winter \u00fcber tragen k\u00f6nnen. Dieses Modell k\u00f6nnen Sie ganz einfach im Versano Webshop bestellen. Hier haben wir alle unsere Jacken f\u00fcr Sie zusammengestellt, damit Sie ganz einfach eine Bestellung aufgeben k\u00f6nnen. Bei Versano k\u00f6nnen Sie sich immer sicher sein, einen sch\u00f6nen und sorgf\u00e4ltig verarbeiteten Mantel zu kaufen. Bei uns k\u00f6nnen Sie ganz einfach die richtige Gr\u00f6\u00dfe anhand unserer smarten Anleitungsvideos ausw\u00e4hlen. Haben Sie Fragen oder sind Sie sich nicht sicher, welche Gr\u00f6\u00dfe Sie bestellen sollen? Dann k\u00f6nnen Sie uns jederzeit per Mail oder WhatsApp kontaktieren. Unsere Mitarbeiter m\u00f6chten Ihnen helfen!<\/p>\n<p>Marke:\u00a0<a title=\"versano\" href=\"https:\/\/versano.nl\/\" target=\"_blank\" rel=\"noopener noreferrer\">Versano<\/a><br \/>\nL\u00e4nge: kurz<br \/>\nPassform: schmale Passform<br \/>\nFutter: 100% Polyester<br \/>\n\u00c4rmell\u00e4nge: lang\u00e4rmelige<br \/>\nTaschen: Seitentaschen, Innen<br \/>\nFunktion: wasserdicht, winddicht<br \/>\nMaterialau\u00dfenschicht: 100% Polyester<\/p>\n<p>Lieferzeit: 2-3 Werktage<\/p>","protected":false},"excerpt":{"rendered":"<p><strong><span style=\"color: #ff0000;\">Fit Beratung:<\/span>\u00a0<\/strong>Die Passform dieser Jacke ist schmal geschnitten. Unser Model ist 1,85 cm gro\u00df und tr\u00e4gt Gr\u00f6\u00dfe S.<\/p>\n<p>Wenn Sie sich bei Ihren Ma\u00dfen nicht sicher sind, empfehlen wir Ihnen, zuerst Ihre Gr\u00f6\u00dfenma\u00dfe zu messen und sie mit unserer Gr\u00f6\u00dfentabelle zu vergleichen. Wenn Sie keine Erfahrung mit der Messung von Umfangsgr\u00f6\u00dfen haben, klicken Sie auf\u00a0<a href=\"https:\/\/www.youtube.com\/watch?v=3ZSfY87v6pM\"><em>HIER<\/em>\u00a0<\/a>\u00a0zu\u00a0<span style=\"color: #ff0000;\"><a style=\"color: #ff0000;\" href=\"https:\/\/www.youtube.com\/watch?v=3ZSfY87v6pM\"><em>VIDEO<\/em><\/a>\u00a0<\/span> mit Anweisungen. Sie k\u00f6nnen uns auch direkt anrufen oder anrufen! Unsere Mitarbeiter stehen Ihnen jederzeit zur Verf\u00fcgung.<\/p>\n<p><strong>LIEFERZEIT :<\/strong>\u00a02 bis 3 Werktage.<\/p>","protected":false},"featured_media":26522,"comment_status":"closed","ping_status":"closed","template":"","meta":[],"product_brand":[],"product_cat":[2005,1336,2008,1337,2006,1146,2010,1338,882,1143,1147],"product_tag":[1795,1794,1789,1269,1265,1268,1270,1267,1791,1774,1708,1793],"class_list":{"0":"post-16764","1":"product","2":"type-product","3":"status-publish","4":"has-post-thumbnail","6":"product_cat-gewatteerde-jas-heren","7":"product_cat-gewatteerde-jassen-heren","8":"product_cat-heren-donsjas","9":"product_cat-donsjassen-heren","10":"product_cat-heren-gewatteerde-jas","11":"product_cat-heren-winterjas","12":"product_cat-lichtgewicht-donsjas-heren","13":"product_cat-lightweight-jas-heren","14":"product_cat-versano","15":"product_cat-winterjas","16":"product_cat-winterjas-heren","17":"product_tag-blauwe-donsjas","18":"product_tag-donsjas-heren","19":"product_tag-gewatteerde-heren-jassen","20":"product_tag-heren-donsjas-blauw","21":"product_tag-heren-donsjasjes","22":"product_tag-heren-donzen-jas","23":"product_tag-heren-donzenjassen","24":"product_tag-kunstdons-jasje-heren","25":"product_tag-versano-donsjassen","26":"product_tag-zomerjas-heren","27":"product_tag-zomerjassen-heren","28":"product_tag-zomerjassen-versano","29":"product_shipping_class-verzendkosten-1","30":"tm-no-options","32":"first","33":"instock","34":"sale","35":"taxable","36":"shipping-taxable","37":"purchasable","38":"product-type-variable"},"yoast_head":"<!-- This site is optimized with the Yoast SEO plugin v27.2 - https:\/\/yoast.com\/product\/yoast-seo-wordpress\/ -->\n<title>Gewatteerde jas heren blauw Peter Versano, blauwe donsjas heren<\/title>\n<meta name=\"description\" content=\"Ben je op zoek naar een Gewatteerde jas heren blauw Peter Versano, dan zit je bij Versano aan het juiste adres voor kunstdons jasjes.\" \/>\n<meta name=\"robots\" content=\"index, follow, max-snippet:-1, max-image-preview:large, max-video-preview:-1\" \/>\n<link rel=\"canonical\" href=\"https:\/\/versano.nl\/de\/shop\/lightweight-heren-jack-blauw-versano-peter\/\" \/>\n<meta property=\"og:locale\" content=\"de_DE\" \/>\n<meta property=\"og:type\" content=\"article\" \/>\n<meta property=\"og:title\" content=\"Gewatteerde jas heren blauw Peter Versano, blauwe donsjas heren\" \/>\n<meta property=\"og:description\" content=\"Ben je op zoek naar een Gewatteerde jas heren blauw Peter Versano, dan zit je bij Versano aan het juiste adres voor kunstdons jasjes.\" \/>\n<meta property=\"og:url\" content=\"https:\/\/versano.nl\/de\/shop\/lightweight-heren-jack-blauw-versano-peter\/\" \/>\n<meta property=\"og:site_name\" content=\"Versano\" \/>\n<meta property=\"article:modified_time\" content=\"2026-01-23T09:49:42+00:00\" \/>\n<meta property=\"og:image\" content=\"https:\/\/versano.nl\/wp-content\/uploads\/2022\/09\/heren-lightweight-donsjas-blauw-versano-peter-voorkant-nw.jpg\" \/>\n\t<meta property=\"og:image:width\" content=\"900\" \/>\n\t<meta property=\"og:image:height\" content=\"1200\" \/>\n\t<meta property=\"og:image:type\" content=\"image\/jpeg\" \/>\n<meta name=\"twitter:card\" content=\"summary_large_image\" \/>\n<meta name=\"twitter:label1\" content=\"Gesch\u00e4tzte Lesezeit\" \/>\n\t<meta name=\"twitter:data1\" content=\"2\u00a0Minuten\" \/>\n<script type=\"application\/ld+json\" class=\"yoast-schema-graph\">{\"@context\":\"https:\/\/schema.org\",\"@graph\":[{\"@type\":\"WebPage\",\"@id\":\"https:\/\/versano.nl\/shop\/lightweight-heren-jack-blauw-versano-peter\/\",\"url\":\"https:\/\/versano.nl\/shop\/lightweight-heren-jack-blauw-versano-peter\/\",\"name\":\"Gewatteerde jas heren blauw Peter Versano, blauwe donsjas heren\",\"isPartOf\":{\"@id\":\"https:\/\/versano.nl\/#website\"},\"primaryImageOfPage\":{\"@id\":\"https:\/\/versano.nl\/shop\/lightweight-heren-jack-blauw-versano-peter\/#primaryimage\"},\"image\":{\"@id\":\"https:\/\/versano.nl\/shop\/lightweight-heren-jack-blauw-versano-peter\/#primaryimage\"},\"thumbnailUrl\":\"https:\/\/versano.nl\/wp-content\/uploads\/2022\/09\/heren-lightweight-donsjas-blauw-versano-peter-voorkant-nw.jpg\",\"datePublished\":\"2020-08-04T20:27:50+00:00\",\"dateModified\":\"2026-01-23T09:49:42+00:00\",\"description\":\"Ben je op zoek naar een Gewatteerde jas heren blauw Peter Versano, dan zit je bij Versano aan het juiste adres voor kunstdons jasjes.\",\"breadcrumb\":{\"@id\":\"https:\/\/versano.nl\/shop\/lightweight-heren-jack-blauw-versano-peter\/#breadcrumb\"},\"inLanguage\":\"de\",\"potentialAction\":[{\"@type\":\"ReadAction\",\"target\":[\"https:\/\/versano.nl\/shop\/lightweight-heren-jack-blauw-versano-peter\/\"]}]},{\"@type\":\"ImageObject\",\"inLanguage\":\"de\",\"@id\":\"https:\/\/versano.nl\/shop\/lightweight-heren-jack-blauw-versano-peter\/#primaryimage\",\"url\":\"https:\/\/versano.nl\/wp-content\/uploads\/2022\/09\/heren-lightweight-donsjas-blauw-versano-peter-voorkant-nw.jpg\",\"contentUrl\":\"https:\/\/versano.nl\/wp-content\/uploads\/2022\/09\/heren-lightweight-donsjas-blauw-versano-peter-voorkant-nw.jpg\",\"width\":900,\"height\":1200,\"caption\":\"Gewatteerde jas heren blauw Peter Versano\"},{\"@type\":\"BreadcrumbList\",\"@id\":\"https:\/\/versano.nl\/shop\/lightweight-heren-jack-blauw-versano-peter\/#breadcrumb\",\"itemListElement\":[{\"@type\":\"ListItem\",\"position\":1,\"name\":\"Home\",\"item\":\"https:\/\/versano.nl\/\"},{\"@type\":\"ListItem\",\"position\":2,\"name\":\"Shop\",\"item\":\"https:\/\/versano.nl\/shop\/\"},{\"@type\":\"ListItem\",\"position\":3,\"name\":\"Gewatteerde jas heren blauw Peter Versano\"}]},{\"@type\":\"WebSite\",\"@id\":\"https:\/\/versano.nl\/#website\",\"url\":\"https:\/\/versano.nl\/\",\"name\":\"Versano\",\"description\":\"winterjassen met bontkraag | leren dames jassen | leren heren jassen\",\"potentialAction\":[{\"@type\":\"SearchAction\",\"target\":{\"@type\":\"EntryPoint\",\"urlTemplate\":\"https:\/\/versano.nl\/?s={search_term_string}\"},\"query-input\":{\"@type\":\"PropertyValueSpecification\",\"valueRequired\":true,\"valueName\":\"search_term_string\"}}],\"inLanguage\":\"de\"}]}<\/script>\n<!-- \/ Yoast SEO plugin. -->","yoast_head_json":{"title":"Wattierte Jacke Herren blau Peter Versano, blaue Daunenjacke Herren","description":"Wenn Sie eine Wattierte Jacke Herren blau Peter Versano suchen, dann ist Versano die richtige Adresse f\u00fcr Kunstdaunenjacken.","robots":{"index":"index","follow":"follow","max-snippet":"max-snippet:-1","max-image-preview":"max-image-preview:large","max-video-preview":"max-video-preview:-1"},"canonical":"https:\/\/versano.nl\/de\/shop\/lightweight-heren-jack-blauw-versano-peter\/","og_locale":"de_DE","og_type":"article","og_title":"Gewatteerde jas heren blauw Peter Versano, blauwe donsjas heren","og_description":"Ben je op zoek naar een Gewatteerde jas heren blauw Peter Versano, dan zit je bij Versano aan het juiste adres voor kunstdons jasjes.","og_url":"https:\/\/versano.nl\/de\/shop\/lightweight-heren-jack-blauw-versano-peter\/","og_site_name":"Versano","article_modified_time":"2026-01-23T09:49:42+00:00","og_image":[{"width":900,"height":1200,"url":"https:\/\/versano.nl\/wp-content\/uploads\/2022\/09\/heren-lightweight-donsjas-blauw-versano-peter-voorkant-nw.jpg","type":"image\/jpeg"}],"twitter_card":"summary_large_image","twitter_misc":{"Gesch\u00e4tzte Lesezeit":"2\u00a0Minuten"},"schema":{"@context":"https:\/\/schema.org","@graph":[{"@type":"WebPage","@id":"https:\/\/versano.nl\/shop\/lightweight-heren-jack-blauw-versano-peter\/","url":"https:\/\/versano.nl\/shop\/lightweight-heren-jack-blauw-versano-peter\/","name":"Wattierte Jacke Herren blau Peter Versano, blaue Daunenjacke Herren","isPartOf":{"@id":"https:\/\/versano.nl\/#website"},"primaryImageOfPage":{"@id":"https:\/\/versano.nl\/shop\/lightweight-heren-jack-blauw-versano-peter\/#primaryimage"},"image":{"@id":"https:\/\/versano.nl\/shop\/lightweight-heren-jack-blauw-versano-peter\/#primaryimage"},"thumbnailUrl":"https:\/\/versano.nl\/wp-content\/uploads\/2022\/09\/heren-lightweight-donsjas-blauw-versano-peter-voorkant-nw.jpg","datePublished":"2020-08-04T20:27:50+00:00","dateModified":"2026-01-23T09:49:42+00:00","description":"Wenn Sie eine Wattierte Jacke Herren blau Peter Versano suchen, dann ist Versano die richtige Adresse f\u00fcr Kunstdaunenjacken.","breadcrumb":{"@id":"https:\/\/versano.nl\/shop\/lightweight-heren-jack-blauw-versano-peter\/#breadcrumb"},"inLanguage":"de","potentialAction":[{"@type":"ReadAction","target":["https:\/\/versano.nl\/shop\/lightweight-heren-jack-blauw-versano-peter\/"]}]},{"@type":"ImageObject","inLanguage":"de","@id":"https:\/\/versano.nl\/shop\/lightweight-heren-jack-blauw-versano-peter\/#primaryimage","url":"https:\/\/versano.nl\/wp-content\/uploads\/2022\/09\/heren-lightweight-donsjas-blauw-versano-peter-voorkant-nw.jpg","contentUrl":"https:\/\/versano.nl\/wp-content\/uploads\/2022\/09\/heren-lightweight-donsjas-blauw-versano-peter-voorkant-nw.jpg","width":900,"height":1200,"caption":"Gewatteerde jas heren blauw Peter Versano"},{"@type":"BreadcrumbList","@id":"https:\/\/versano.nl\/shop\/lightweight-heren-jack-blauw-versano-peter\/#breadcrumb","itemListElement":[{"@type":"ListItem","position":1,"name":"Home","item":"https:\/\/versano.nl\/"},{"@type":"ListItem","position":2,"name":"Shop","item":"https:\/\/versano.nl\/shop\/"},{"@type":"ListItem","position":3,"name":"Gewatteerde jas heren blauw Peter Versano"}]},{"@type":"WebSite","@id":"https:\/\/versano.nl\/#website","url":"https:\/\/versano.nl\/","name":"Versano","description":"Winterm\u00e4ntel mit Pelzkragen | Damen Lederjacken | Herren Lederjacken","potentialAction":[{"@type":"SearchAction","target":{"@type":"EntryPoint","urlTemplate":"https:\/\/versano.nl\/?s={search_term_string}"},"query-input":{"@type":"PropertyValueSpecification","valueRequired":true,"valueName":"search_term_string"}}],"inLanguage":"de"}]}},"_links":{"self":[{"href":"https:\/\/versano.nl\/de\/wp-json\/wp\/v2\/product\/16764","targetHints":{"allow":["GET"]}}],"collection":[{"href":"https:\/\/versano.nl\/de\/wp-json\/wp\/v2\/product"}],"about":[{"href":"https:\/\/versano.nl\/de\/wp-json\/wp\/v2\/types\/product"}],"replies":[{"embeddable":true,"href":"https:\/\/versano.nl\/de\/wp-json\/wp\/v2\/comments?post=16764"}],"wp:featuredmedia":[{"embeddable":true,"href":"https:\/\/versano.nl\/de\/wp-json\/wp\/v2\/media\/26522"}],"wp:attachment":[{"href":"https:\/\/versano.nl\/de\/wp-json\/wp\/v2\/media?parent=16764"}],"wp:term":[{"taxonomy":"product_brand","embeddable":true,"href":"https:\/\/versano.nl\/de\/wp-json\/wp\/v2\/product_brand?post=16764"},{"taxonomy":"product_cat","embeddable":true,"href":"https:\/\/versano.nl\/de\/wp-json\/wp\/v2\/product_cat?post=16764"},{"taxonomy":"product_tag","embeddable":true,"href":"https:\/\/versano.nl\/de\/wp-json\/wp\/v2\/product_tag?post=16764"}],"curies":[{"name":"wp","href":"https:\/\/api.w.org\/{rel}","templated":true}]}}