{"id":16736,"date":"2020-08-03T19:05:57","date_gmt":"2020-08-03T19:05:57","guid":{"rendered":"https:\/\/versano.nl\/shop\/lightweight-heren-jack-groen-versano-peter\/"},"modified":"2026-01-01T18:41:30","modified_gmt":"2026-01-01T18:41:30","slug":"lightweight-heren-jack-groen-versano-peter","status":"publish","type":"product","link":"https:\/\/versano.nl\/de\/shop\/lightweight-heren-jack-groen-versano-peter\/","title":{"rendered":"Daunenjacke Herren gr\u00fcn Peter Versano"},"content":{"rendered":"<h2>Daunenjacke Herren gr\u00fcn Peter Versano<\/h2>\n<p>Diese Daunenjacke Herren Gr\u00fcn Peter Versano hat eine hochwertige Kunstdaune, wodurch sie nur 265 Gramm wiegt. Die Jacke hat eine sehr sch\u00f6ne schmale Passform, wodurch sie au\u00dfergew\u00f6hnlich sch\u00f6ner aussieht als andere gesteppte Daunenjacken. Sie k\u00f6nnen diese Jacke im Fr\u00fchjahr oder Herbst tragen, aber eigentlich ist die Jacke das ganze Jahr \u00fcber geeignet. Die Jacke hat einen Mittelrei\u00dfverschluss, 2 seitliche Rei\u00dfverschlusstaschen und eine ger\u00e4umige Innentasche. Dieses Versano-Modell ist nicht nur in der coolen Farbe Gr\u00fcn erh\u00e4ltlich, sondern auch in den Farben Blau und Schwarz. Die Jacke wird in einer sch\u00f6nen Versano-Tasche geliefert, sodass Sie sie leicht zusammenrollen und \u00fcberall hin mitnehmen k\u00f6nnen. Ein Modell, das wir daher w\u00e4rmstens empfehlen k\u00f6nnen. Mit dieser Jacke kannst du dir sicher sein, dass dir schon bald eine neue Jacke um die Schultern h\u00e4ngt, in der du zu sehen bist.<\/p>\n<h2>Modell Peter in Gr\u00fcn bestellen<\/h2>\n<p>Mit einer so sch\u00f6nen Jacke von Versano k\u00f6nnen Sie sicher sein, dass Sie sie den ganzen Winter \u00fcber tragen k\u00f6nnen. Dieses Modell k\u00f6nnen Sie ganz einfach im Versano Webshop bestellen. Hier haben wir alle unsere Jacken f\u00fcr Sie zusammengestellt, damit Sie ganz einfach eine Bestellung aufgeben k\u00f6nnen. Bei Versano k\u00f6nnen Sie sich immer sicher sein, einen sch\u00f6nen und sorgf\u00e4ltig verarbeiteten Mantel zu kaufen. Bei uns k\u00f6nnen Sie ganz einfach die richtige Gr\u00f6\u00dfe anhand unserer smarten Anleitungsvideos ausw\u00e4hlen. Haben Sie Fragen oder sind Sie sich nicht sicher, welche Gr\u00f6\u00dfe Sie bestellen sollen? Dann k\u00f6nnen Sie uns jederzeit per Mail oder WhatsApp kontaktieren. Unsere Mitarbeiter m\u00f6chten Ihnen helfen!<\/p>\n<p>Marke:\u00a0<a title=\"versano\" href=\"https:\/\/versano.nl\/\" target=\"_blank\" rel=\"noopener noreferrer\">Versano<\/a><br \/>\nL\u00e4nge: kurz<br \/>\nPassform: schmale Passform<br \/>\nFutter: 100% Polyester<br \/>\n\u00c4rmell\u00e4nge: lang\u00e4rmelige<br \/>\nTaschen: Seitentaschen, Innen<br \/>\nFunktion: wasserdicht, winddicht<br \/>\nMaterialau\u00dfenschicht: 100% Polyester<\/p>\n<p>Lieferzeit: 2-3 Werktage<\/p>","protected":false},"excerpt":{"rendered":"<p><span style=\"font-family: 'Arial',sans-serif;\">\u00a0<\/span><strong><span style=\"color: red;\">Fit Beratung:<\/span>\u00a0<\/strong>Die Passform dieser Jacke ist schmal geschnitten. Unser Model ist 1,85 cm gro\u00df und tr\u00e4gt Gr\u00f6\u00dfe S.<\/p>\n<p>Wenn Sie sich bei Ihren Ma\u00dfen nicht sicher sind, empfehlen wir Ihnen, zuerst Ihre Gr\u00f6\u00dfenma\u00dfe zu messen und sie mit unserer Gr\u00f6\u00dfentabelle zu vergleichen. Wenn Sie keine Erfahrung mit der Messung von Umfangsgr\u00f6\u00dfen haben, klicken Sie auf\u00a0<a href=\"https:\/\/www.youtube.com\/watch?v=3ZSfY87v6pM\"><em>HIER<\/em>\u00a0<\/a>\u00a0zu\u00a0<span style=\"color: red;\"><a href=\"https:\/\/www.youtube.com\/watch?v=3ZSfY87v6pM\"><em>VIDEO<\/em><\/a>\u00a0<\/span> mit Anweisungen. Sie k\u00f6nnen uns auch direkt anrufen oder anrufen! Unsere Mitarbeiter stehen Ihnen jederzeit zur Verf\u00fcgung.<\/p>\n<p><strong>LIEFERZEIT :<\/strong>\u00a02 bis 3 Werktage.<\/p>","protected":false},"featured_media":26519,"comment_status":"closed","ping_status":"closed","template":"","meta":[],"product_brand":[],"product_cat":[2005,1336,2008,1337,2006,1146,2010,1338,882,1143,1147],"product_tag":[1263,1794,1796,1262,1799,1798,1265,62,1264,1266,1709,1774],"class_list":{"0":"post-16736","1":"product","2":"type-product","3":"status-publish","4":"has-post-thumbnail","6":"product_cat-gewatteerde-jas-heren","7":"product_cat-gewatteerde-jassen-heren","8":"product_cat-heren-donsjas","9":"product_cat-donsjassen-heren","10":"product_cat-heren-gewatteerde-jas","11":"product_cat-heren-winterjas","12":"product_cat-lichtgewicht-donsjas-heren","13":"product_cat-lightweight-jas-heren","14":"product_cat-versano","15":"product_cat-winterjas","16":"product_cat-winterjas-heren","17":"product_tag-donsjas","18":"product_tag-donsjas-heren","19":"product_tag-donsjas-heren-groen","20":"product_tag-donsjasje","21":"product_tag-gewateerde-jassen-versano","22":"product_tag-groene-zomerjas","23":"product_tag-heren-donsjasjes","24":"product_tag-heren-jas","25":"product_tag-kunst-donsjas-heren","26":"product_tag-lightweight-jassen","27":"product_tag-versano-zomerjassen","28":"product_tag-zomerjas-heren","29":"product_shipping_class-verzendkosten-1","30":"tm-no-options","32":"first","33":"instock","34":"sale","35":"taxable","36":"shipping-taxable","37":"purchasable","38":"product-type-variable"},"yoast_head":"<!-- This site is optimized with the Yoast SEO plugin v27.2 - https:\/\/yoast.com\/product\/yoast-seo-wordpress\/ -->\n<title>donsjas heren groen Peter Versano, gewatteerde jas groen<\/title>\n<meta name=\"description\" content=\"Ben je op zoek naar een donsjas heren groen Peter Versano, dan zit je bij Versano aan het juiste adres voor kunstdons jasjes.\" \/>\n<meta name=\"robots\" content=\"index, follow, max-snippet:-1, max-image-preview:large, max-video-preview:-1\" \/>\n<link rel=\"canonical\" href=\"https:\/\/versano.nl\/de\/shop\/lightweight-heren-jack-groen-versano-peter\/\" \/>\n<meta property=\"og:locale\" content=\"de_DE\" \/>\n<meta property=\"og:type\" content=\"article\" \/>\n<meta property=\"og:title\" content=\"donsjas heren groen Peter Versano, gewatteerde jas groen\" \/>\n<meta property=\"og:description\" content=\"Ben je op zoek naar een donsjas heren groen Peter Versano, dan zit je bij Versano aan het juiste adres voor kunstdons jasjes.\" \/>\n<meta property=\"og:url\" content=\"https:\/\/versano.nl\/de\/shop\/lightweight-heren-jack-groen-versano-peter\/\" \/>\n<meta property=\"og:site_name\" content=\"Versano\" \/>\n<meta property=\"article:modified_time\" content=\"2026-01-01T18:41:30+00:00\" \/>\n<meta property=\"og:image\" content=\"https:\/\/versano.nl\/wp-content\/uploads\/2022\/09\/heren-lightweight-dons-jack-groen-versano-peter-voorkant-nw.jpg\" \/>\n\t<meta property=\"og:image:width\" content=\"900\" \/>\n\t<meta property=\"og:image:height\" content=\"1200\" \/>\n\t<meta property=\"og:image:type\" content=\"image\/jpeg\" \/>\n<meta name=\"twitter:card\" content=\"summary_large_image\" \/>\n<meta name=\"twitter:label1\" content=\"Gesch\u00e4tzte Lesezeit\" \/>\n\t<meta name=\"twitter:data1\" content=\"2\u00a0Minuten\" \/>\n<script type=\"application\/ld+json\" class=\"yoast-schema-graph\">{\"@context\":\"https:\/\/schema.org\",\"@graph\":[{\"@type\":\"WebPage\",\"@id\":\"https:\/\/versano.nl\/shop\/lightweight-heren-jack-groen-versano-peter\/\",\"url\":\"https:\/\/versano.nl\/shop\/lightweight-heren-jack-groen-versano-peter\/\",\"name\":\"donsjas heren groen Peter Versano, gewatteerde jas groen\",\"isPartOf\":{\"@id\":\"https:\/\/versano.nl\/#website\"},\"primaryImageOfPage\":{\"@id\":\"https:\/\/versano.nl\/shop\/lightweight-heren-jack-groen-versano-peter\/#primaryimage\"},\"image\":{\"@id\":\"https:\/\/versano.nl\/shop\/lightweight-heren-jack-groen-versano-peter\/#primaryimage\"},\"thumbnailUrl\":\"https:\/\/versano.nl\/wp-content\/uploads\/2022\/09\/heren-lightweight-dons-jack-groen-versano-peter-voorkant-nw.jpg\",\"datePublished\":\"2020-08-03T19:05:57+00:00\",\"dateModified\":\"2026-01-01T18:41:30+00:00\",\"description\":\"Ben je op zoek naar een donsjas heren groen Peter Versano, dan zit je bij Versano aan het juiste adres voor kunstdons jasjes.\",\"breadcrumb\":{\"@id\":\"https:\/\/versano.nl\/shop\/lightweight-heren-jack-groen-versano-peter\/#breadcrumb\"},\"inLanguage\":\"de\",\"potentialAction\":[{\"@type\":\"ReadAction\",\"target\":[\"https:\/\/versano.nl\/shop\/lightweight-heren-jack-groen-versano-peter\/\"]}]},{\"@type\":\"ImageObject\",\"inLanguage\":\"de\",\"@id\":\"https:\/\/versano.nl\/shop\/lightweight-heren-jack-groen-versano-peter\/#primaryimage\",\"url\":\"https:\/\/versano.nl\/wp-content\/uploads\/2022\/09\/heren-lightweight-dons-jack-groen-versano-peter-voorkant-nw.jpg\",\"contentUrl\":\"https:\/\/versano.nl\/wp-content\/uploads\/2022\/09\/heren-lightweight-dons-jack-groen-versano-peter-voorkant-nw.jpg\",\"width\":900,\"height\":1200,\"caption\":\"donsjas heren groen Peter Versano\"},{\"@type\":\"BreadcrumbList\",\"@id\":\"https:\/\/versano.nl\/shop\/lightweight-heren-jack-groen-versano-peter\/#breadcrumb\",\"itemListElement\":[{\"@type\":\"ListItem\",\"position\":1,\"name\":\"Home\",\"item\":\"https:\/\/versano.nl\/\"},{\"@type\":\"ListItem\",\"position\":2,\"name\":\"Shop\",\"item\":\"https:\/\/versano.nl\/shop\/\"},{\"@type\":\"ListItem\",\"position\":3,\"name\":\"donsjas heren groen Peter Versano\"}]},{\"@type\":\"WebSite\",\"@id\":\"https:\/\/versano.nl\/#website\",\"url\":\"https:\/\/versano.nl\/\",\"name\":\"Versano\",\"description\":\"winterjassen met bontkraag | leren dames jassen | leren heren jassen\",\"potentialAction\":[{\"@type\":\"SearchAction\",\"target\":{\"@type\":\"EntryPoint\",\"urlTemplate\":\"https:\/\/versano.nl\/?s={search_term_string}\"},\"query-input\":{\"@type\":\"PropertyValueSpecification\",\"valueRequired\":true,\"valueName\":\"search_term_string\"}}],\"inLanguage\":\"de\"}]}<\/script>\n<!-- \/ Yoast SEO plugin. -->","yoast_head_json":{"title":"Daunenjacke Herren gr\u00fcn Peter Versano, Daunenjacke gr\u00fcn","description":"Wenn Sie auf der Suche nach einer gr\u00fcnen Peter Versano Herren Daunenjacke sind, dann sind Sie bei Versano an der richtigen Adresse f\u00fcr Kunstdaunenjacken.","robots":{"index":"index","follow":"follow","max-snippet":"max-snippet:-1","max-image-preview":"max-image-preview:large","max-video-preview":"max-video-preview:-1"},"canonical":"https:\/\/versano.nl\/de\/shop\/lightweight-heren-jack-groen-versano-peter\/","og_locale":"de_DE","og_type":"article","og_title":"donsjas heren groen Peter Versano, gewatteerde jas groen","og_description":"Ben je op zoek naar een donsjas heren groen Peter Versano, dan zit je bij Versano aan het juiste adres voor kunstdons jasjes.","og_url":"https:\/\/versano.nl\/de\/shop\/lightweight-heren-jack-groen-versano-peter\/","og_site_name":"Versano","article_modified_time":"2026-01-01T18:41:30+00:00","og_image":[{"width":900,"height":1200,"url":"https:\/\/versano.nl\/wp-content\/uploads\/2022\/09\/heren-lightweight-dons-jack-groen-versano-peter-voorkant-nw.jpg","type":"image\/jpeg"}],"twitter_card":"summary_large_image","twitter_misc":{"Gesch\u00e4tzte Lesezeit":"2\u00a0Minuten"},"schema":{"@context":"https:\/\/schema.org","@graph":[{"@type":"WebPage","@id":"https:\/\/versano.nl\/shop\/lightweight-heren-jack-groen-versano-peter\/","url":"https:\/\/versano.nl\/shop\/lightweight-heren-jack-groen-versano-peter\/","name":"Daunenjacke Herren gr\u00fcn Peter Versano, Daunenjacke gr\u00fcn","isPartOf":{"@id":"https:\/\/versano.nl\/#website"},"primaryImageOfPage":{"@id":"https:\/\/versano.nl\/shop\/lightweight-heren-jack-groen-versano-peter\/#primaryimage"},"image":{"@id":"https:\/\/versano.nl\/shop\/lightweight-heren-jack-groen-versano-peter\/#primaryimage"},"thumbnailUrl":"https:\/\/versano.nl\/wp-content\/uploads\/2022\/09\/heren-lightweight-dons-jack-groen-versano-peter-voorkant-nw.jpg","datePublished":"2020-08-03T19:05:57+00:00","dateModified":"2026-01-01T18:41:30+00:00","description":"Wenn Sie auf der Suche nach einer gr\u00fcnen Peter Versano Herren Daunenjacke sind, dann sind Sie bei Versano an der richtigen Adresse f\u00fcr Kunstdaunenjacken.","breadcrumb":{"@id":"https:\/\/versano.nl\/shop\/lightweight-heren-jack-groen-versano-peter\/#breadcrumb"},"inLanguage":"de","potentialAction":[{"@type":"ReadAction","target":["https:\/\/versano.nl\/shop\/lightweight-heren-jack-groen-versano-peter\/"]}]},{"@type":"ImageObject","inLanguage":"de","@id":"https:\/\/versano.nl\/shop\/lightweight-heren-jack-groen-versano-peter\/#primaryimage","url":"https:\/\/versano.nl\/wp-content\/uploads\/2022\/09\/heren-lightweight-dons-jack-groen-versano-peter-voorkant-nw.jpg","contentUrl":"https:\/\/versano.nl\/wp-content\/uploads\/2022\/09\/heren-lightweight-dons-jack-groen-versano-peter-voorkant-nw.jpg","width":900,"height":1200,"caption":"donsjas heren groen Peter Versano"},{"@type":"BreadcrumbList","@id":"https:\/\/versano.nl\/shop\/lightweight-heren-jack-groen-versano-peter\/#breadcrumb","itemListElement":[{"@type":"ListItem","position":1,"name":"Home","item":"https:\/\/versano.nl\/"},{"@type":"ListItem","position":2,"name":"Shop","item":"https:\/\/versano.nl\/shop\/"},{"@type":"ListItem","position":3,"name":"donsjas heren groen Peter Versano"}]},{"@type":"WebSite","@id":"https:\/\/versano.nl\/#website","url":"https:\/\/versano.nl\/","name":"Versano","description":"Winterm\u00e4ntel mit Pelzkragen | Damen Lederjacken | Herren Lederjacken","potentialAction":[{"@type":"SearchAction","target":{"@type":"EntryPoint","urlTemplate":"https:\/\/versano.nl\/?s={search_term_string}"},"query-input":{"@type":"PropertyValueSpecification","valueRequired":true,"valueName":"search_term_string"}}],"inLanguage":"de"}]}},"_links":{"self":[{"href":"https:\/\/versano.nl\/de\/wp-json\/wp\/v2\/product\/16736","targetHints":{"allow":["GET"]}}],"collection":[{"href":"https:\/\/versano.nl\/de\/wp-json\/wp\/v2\/product"}],"about":[{"href":"https:\/\/versano.nl\/de\/wp-json\/wp\/v2\/types\/product"}],"replies":[{"embeddable":true,"href":"https:\/\/versano.nl\/de\/wp-json\/wp\/v2\/comments?post=16736"}],"wp:featuredmedia":[{"embeddable":true,"href":"https:\/\/versano.nl\/de\/wp-json\/wp\/v2\/media\/26519"}],"wp:attachment":[{"href":"https:\/\/versano.nl\/de\/wp-json\/wp\/v2\/media?parent=16736"}],"wp:term":[{"taxonomy":"product_brand","embeddable":true,"href":"https:\/\/versano.nl\/de\/wp-json\/wp\/v2\/product_brand?post=16736"},{"taxonomy":"product_cat","embeddable":true,"href":"https:\/\/versano.nl\/de\/wp-json\/wp\/v2\/product_cat?post=16736"},{"taxonomy":"product_tag","embeddable":true,"href":"https:\/\/versano.nl\/de\/wp-json\/wp\/v2\/product_tag?post=16736"}],"curies":[{"name":"wp","href":"https:\/\/api.w.org\/{rel}","templated":true}]}}