{"id":16191,"date":"2020-04-17T20:54:52","date_gmt":"2020-04-17T20:54:52","guid":{"rendered":"https:\/\/versano.nl\/?post_type=product&#038;p=16191"},"modified":"2025-09-19T11:51:04","modified_gmt":"2025-09-19T11:51:04","slug":"dames-motor-jack-met-riem-zwart-versano-350","status":"publish","type":"product","link":"https:\/\/versano.nl\/de\/shop\/dames-motor-jack-met-riem-zwart-versano-350\/","title":{"rendered":"Leder Bikerjacke Damen 350 schwarz Versano"},"content":{"rendered":"<h2>Leder Bikerjacke Damen 350 schwarz Versano<\/h2>\n<p>Versano ist die richtige Wahl f\u00fcr eine coole Damenjacke aus schwarzem Leder. Diese Leder Bikerjacke Damen 350 schwarz von Versano ist aus geschmeidigem Lammleder gefertigt. Es ist eine Jacke mit asymmetrischem Kragen. Das Leder ist hochwertiges Lammleder. Dieser sch\u00f6ne Mantel hat zwei Seitentaschen, die Sie mit einem Rei\u00dfverschluss schlie\u00dfen k\u00f6nnen. Zus\u00e4tzlich gibt es eine kleine Rei\u00dfverschlusstasche auf der Brust und bei diesem Modell hast du auch eine Innentasche. Wir verkaufen diese Jacke in drei verschiedenen Farben. Neben dem stylischen Schwarz ist die Jacke auch in einer coolen Cognac- und Rot-Variante erh\u00e4ltlich. Diese Jacke ist komplett italienisch von den Designern von Versano ausgestattet. Dadurch schmiegt sich die Jacke gut an Ihren K\u00f6rper und sitzt wirklich wie angegossen.<\/p>\n<h2>350 in der Farbe schwarz bestellen<\/h2>\n<p>Suchen Sie eine perfecto Damen Lederjacke? Dann empfehlen wir dieses Modell auf jeden Fall weiter und Sie werden es nie bereuen! Perfecto Lederjacken von Versano sind richtig cool und haben ein sch\u00f6nes Design. Diese Jacke wird im Allgemeinen im t\u00e4glichen Leben getragen, um Ihr Outfit modischer zu machen. Wenn Sie diese sch\u00f6ne Jacke bei uns bestellen, erhalten Sie eine Jacke aus sch\u00f6nem Material. Da sie aus sch\u00f6nem d\u00fcnnem Lammleder gefertigt ist, ist die Jacke auch perfekt f\u00fcr den Innenbereich geeignet. Es ist eine Jacke, die sich gut mit verschiedenen Arten von Kleidung kombinieren l\u00e4sst. Denken Sie an einen Rock, aber auch an eine coole Jeans. Sein italienisches Design sorgt daf\u00fcr, dass die Jacke eng anliegt und trotzdem angenehm zu tragen ist. Es ist ein sehr trendiges und cooles Modell von Versano.<\/p>\n<p>&nbsp;<\/p>\n<p>Marke: <a href=\"https:\/\/versano.nl\/\">Versano<\/a><br \/>\nMaterial: 100% Lammfell<br \/>\nFutter: 100% Polyester<br \/>\nL\u00e4nge: kurz<br \/>\nPassform: regelm\u00e4\u00dfig montiert<br \/>\nSchlie\u00dfung: Rei\u00dfverschluss<br \/>\nTaschen: RV-Taschen<br \/>\nCollar: a symmetrischen Kragen<br \/>\nMaterial Au\u00dfenschicht: hohe Qualit\u00e4t und weiches Lammfell<\/p>\n<p>Lieferzeit: 2-3 Werktage<\/p>","protected":false},"excerpt":{"rendered":"<p><span style=\"color: red\">Fit Beratung:<\/span> Die Passform dieser Jacke ist normalerweise ma\u00dfgeschneidert. Unser Modell ist 1,68 cm gro\u00df und tr\u00e4gt eine Gr\u00f6\u00dfe S.<\/p>\n<p>Wenn Sie sich bei Ihren Ma\u00dfen nicht sicher sind, empfehlen wir Ihnen, zuerst Ihre Gr\u00f6\u00dfenma\u00dfe zu messen und sie mit unserer Gr\u00f6\u00dfentabelle zu vergleichen. Wenn Sie keine Erfahrung mit der Messung von Umfangsgr\u00f6\u00dfen haben, klicken Sie auf <a href=\"https:\/\/www.youtube.com\/watch?v=3ZSfY87v6pM\"><em><span style=\"text-decoration: none\">HIER<\/span><\/em>\u00a0<\/a>\u00a0zu <span style=\"color: red\"><a href=\"https:\/\/www.youtube.com\/watch?v=3ZSfY87v6pM\"><em><span style=\"color: red;text-decoration: none\">VIDEO<\/span><\/em><\/a><\/span>\u00a0 mit Anweisungen. Sie k\u00f6nnen uns auch direkt anrufen oder anrufen! Unsere Mitarbeiter stehen Ihnen jederzeit zur Verf\u00fcgung.<\/p>\n<p><strong><span style=\"color: black\">LIEFERZEIT :<\/span><\/strong> 2 bis 3 Werktage.<\/p>","protected":false},"featured_media":16556,"comment_status":"closed","ping_status":"closed","template":"","meta":[],"product_brand":[],"product_cat":[1472,1487,90,874,875,1499,877,1470,879,1469,880,1712,881,878,882,890],"product_tag":[2122,1523,1522,1236,1239,1238,1237,885,2123,427],"class_list":{"0":"post-16191","1":"product","2":"type-product","3":"status-publish","4":"has-post-thumbnail","6":"product_cat-biker-jas-dames","7":"product_cat-dames-biker-jas","8":"product_cat-dames-leren-jassen","9":"product_cat-kort-leren-jasje","10":"product_cat-kort-leren-jasje-dames","11":"product_cat-leren-biker-jas-dames","12":"product_cat-leren-bikerjacks-dames","13":"product_cat-leren-dames-jas","14":"product_cat-leren-dames-jassen","15":"product_cat-leren-jas-dames","16":"product_cat-leren-jasje-dames","17":"product_cat-leren-jassen","18":"product_cat-leren-jassen-dames","19":"product_cat-leren-jassen-dames-uitverkoop","20":"product_cat-versano","21":"product_cat-zwarte-leren-jas-dames","22":"product_tag-biker-leren-jas-dames","23":"product_tag-dames-leren-jas","24":"product_tag-dames-leren-jas-biker","25":"product_tag-dames-leren-motorjack","26":"product_tag-lederen-biker-jack-dames","27":"product_tag-leren-bikerjack-dames","28":"product_tag-leren-dames-motorjack","29":"product_tag-leren-dames-motorjack-zwart","30":"product_tag-zwarte-biker-jas-leer","31":"product_tag-zwarte-leren-dames-jas","32":"tm-no-options","34":"first","35":"instock","36":"sale","37":"taxable","38":"shipping-taxable","39":"purchasable","40":"product-type-variable","41":"has-default-attributes"},"yoast_head":"<!-- This site is optimized with the Yoast SEO plugin v27.2 - https:\/\/yoast.com\/product\/yoast-seo-wordpress\/ -->\n<title>Leren biker jas dames 350 zwart Versano, dames leren jas<\/title>\n<meta name=\"description\" content=\"Ben je op zoek naar een Leren biker jas dames 350 zwart Versano, neem dan zeker even een kijkje in de webshop van Versano.\" \/>\n<meta name=\"robots\" content=\"index, follow, max-snippet:-1, max-image-preview:large, max-video-preview:-1\" \/>\n<link rel=\"canonical\" href=\"https:\/\/versano.nl\/de\/shop\/dames-motor-jack-met-riem-zwart-versano-350\/\" \/>\n<meta property=\"og:locale\" content=\"de_DE\" \/>\n<meta property=\"og:type\" content=\"article\" \/>\n<meta property=\"og:title\" content=\"Leren biker jas dames 350 zwart Versano, dames leren jas\" \/>\n<meta property=\"og:description\" content=\"Ben je op zoek naar een Leren biker jas dames 350 zwart Versano, neem dan zeker even een kijkje in de webshop van Versano.\" \/>\n<meta property=\"og:url\" content=\"https:\/\/versano.nl\/de\/shop\/dames-motor-jack-met-riem-zwart-versano-350\/\" \/>\n<meta property=\"og:site_name\" content=\"Versano\" \/>\n<meta property=\"article:modified_time\" content=\"2025-09-19T11:51:04+00:00\" \/>\n<meta property=\"og:image\" content=\"https:\/\/versano.nl\/wp-content\/uploads\/2020\/07\/dames-biker-jack-zwart-met-riem-versano-350-voorkant.jpg\" \/>\n\t<meta property=\"og:image:width\" content=\"900\" \/>\n\t<meta property=\"og:image:height\" content=\"1200\" \/>\n\t<meta property=\"og:image:type\" content=\"image\/jpeg\" \/>\n<meta name=\"twitter:card\" content=\"summary_large_image\" \/>\n<meta name=\"twitter:label1\" content=\"Gesch\u00e4tzte Lesezeit\" \/>\n\t<meta name=\"twitter:data1\" content=\"2\u00a0Minuten\" \/>\n<script type=\"application\/ld+json\" class=\"yoast-schema-graph\">{\"@context\":\"https:\/\/schema.org\",\"@graph\":[{\"@type\":\"WebPage\",\"@id\":\"https:\/\/versano.nl\/shop\/dames-motor-jack-met-riem-zwart-versano-350\/\",\"url\":\"https:\/\/versano.nl\/shop\/dames-motor-jack-met-riem-zwart-versano-350\/\",\"name\":\"Leren biker jas dames 350 zwart Versano, dames leren jas\",\"isPartOf\":{\"@id\":\"https:\/\/versano.nl\/#website\"},\"primaryImageOfPage\":{\"@id\":\"https:\/\/versano.nl\/shop\/dames-motor-jack-met-riem-zwart-versano-350\/#primaryimage\"},\"image\":{\"@id\":\"https:\/\/versano.nl\/shop\/dames-motor-jack-met-riem-zwart-versano-350\/#primaryimage\"},\"thumbnailUrl\":\"https:\/\/versano.nl\/wp-content\/uploads\/2020\/07\/dames-biker-jack-zwart-met-riem-versano-350-voorkant.jpg\",\"datePublished\":\"2020-04-17T20:54:52+00:00\",\"dateModified\":\"2025-09-19T11:51:04+00:00\",\"description\":\"Ben je op zoek naar een Leren biker jas dames 350 zwart Versano, neem dan zeker even een kijkje in de webshop van Versano.\",\"breadcrumb\":{\"@id\":\"https:\/\/versano.nl\/shop\/dames-motor-jack-met-riem-zwart-versano-350\/#breadcrumb\"},\"inLanguage\":\"de\",\"potentialAction\":[{\"@type\":\"ReadAction\",\"target\":[\"https:\/\/versano.nl\/shop\/dames-motor-jack-met-riem-zwart-versano-350\/\"]}]},{\"@type\":\"ImageObject\",\"inLanguage\":\"de\",\"@id\":\"https:\/\/versano.nl\/shop\/dames-motor-jack-met-riem-zwart-versano-350\/#primaryimage\",\"url\":\"https:\/\/versano.nl\/wp-content\/uploads\/2020\/07\/dames-biker-jack-zwart-met-riem-versano-350-voorkant.jpg\",\"contentUrl\":\"https:\/\/versano.nl\/wp-content\/uploads\/2020\/07\/dames-biker-jack-zwart-met-riem-versano-350-voorkant.jpg\",\"width\":900,\"height\":1200,\"caption\":\"Leren biker jas dames 350 zwart Versano\"},{\"@type\":\"BreadcrumbList\",\"@id\":\"https:\/\/versano.nl\/shop\/dames-motor-jack-met-riem-zwart-versano-350\/#breadcrumb\",\"itemListElement\":[{\"@type\":\"ListItem\",\"position\":1,\"name\":\"Home\",\"item\":\"https:\/\/versano.nl\/\"},{\"@type\":\"ListItem\",\"position\":2,\"name\":\"Shop\",\"item\":\"https:\/\/versano.nl\/shop\/\"},{\"@type\":\"ListItem\",\"position\":3,\"name\":\"Leren biker jas dames 350 zwart Versano\"}]},{\"@type\":\"WebSite\",\"@id\":\"https:\/\/versano.nl\/#website\",\"url\":\"https:\/\/versano.nl\/\",\"name\":\"Versano\",\"description\":\"winterjassen met bontkraag | leren dames jassen | leren heren jassen\",\"potentialAction\":[{\"@type\":\"SearchAction\",\"target\":{\"@type\":\"EntryPoint\",\"urlTemplate\":\"https:\/\/versano.nl\/?s={search_term_string}\"},\"query-input\":{\"@type\":\"PropertyValueSpecification\",\"valueRequired\":true,\"valueName\":\"search_term_string\"}}],\"inLanguage\":\"de\"}]}<\/script>\n<!-- \/ Yoast SEO plugin. -->","yoast_head_json":{"title":"Leder Bikerjacke Damen 350 schwarz Versano, Damen Lederjacke","description":"Suchen Sie eine Leder Bikerjacke Damen 350 schwarz Versano, dann werfen Sie einen Blick auf den Versano Webshop.","robots":{"index":"index","follow":"follow","max-snippet":"max-snippet:-1","max-image-preview":"max-image-preview:large","max-video-preview":"max-video-preview:-1"},"canonical":"https:\/\/versano.nl\/de\/shop\/dames-motor-jack-met-riem-zwart-versano-350\/","og_locale":"de_DE","og_type":"article","og_title":"Leren biker jas dames 350 zwart Versano, dames leren jas","og_description":"Ben je op zoek naar een Leren biker jas dames 350 zwart Versano, neem dan zeker even een kijkje in de webshop van Versano.","og_url":"https:\/\/versano.nl\/de\/shop\/dames-motor-jack-met-riem-zwart-versano-350\/","og_site_name":"Versano","article_modified_time":"2025-09-19T11:51:04+00:00","og_image":[{"width":900,"height":1200,"url":"https:\/\/versano.nl\/wp-content\/uploads\/2020\/07\/dames-biker-jack-zwart-met-riem-versano-350-voorkant.jpg","type":"image\/jpeg"}],"twitter_card":"summary_large_image","twitter_misc":{"Gesch\u00e4tzte Lesezeit":"2\u00a0Minuten"},"schema":{"@context":"https:\/\/schema.org","@graph":[{"@type":"WebPage","@id":"https:\/\/versano.nl\/shop\/dames-motor-jack-met-riem-zwart-versano-350\/","url":"https:\/\/versano.nl\/shop\/dames-motor-jack-met-riem-zwart-versano-350\/","name":"Leder Bikerjacke Damen 350 schwarz Versano, Damen Lederjacke","isPartOf":{"@id":"https:\/\/versano.nl\/#website"},"primaryImageOfPage":{"@id":"https:\/\/versano.nl\/shop\/dames-motor-jack-met-riem-zwart-versano-350\/#primaryimage"},"image":{"@id":"https:\/\/versano.nl\/shop\/dames-motor-jack-met-riem-zwart-versano-350\/#primaryimage"},"thumbnailUrl":"https:\/\/versano.nl\/wp-content\/uploads\/2020\/07\/dames-biker-jack-zwart-met-riem-versano-350-voorkant.jpg","datePublished":"2020-04-17T20:54:52+00:00","dateModified":"2025-09-19T11:51:04+00:00","description":"Suchen Sie eine Leder Bikerjacke Damen 350 schwarz Versano, dann werfen Sie einen Blick auf den Versano Webshop.","breadcrumb":{"@id":"https:\/\/versano.nl\/shop\/dames-motor-jack-met-riem-zwart-versano-350\/#breadcrumb"},"inLanguage":"de","potentialAction":[{"@type":"ReadAction","target":["https:\/\/versano.nl\/shop\/dames-motor-jack-met-riem-zwart-versano-350\/"]}]},{"@type":"ImageObject","inLanguage":"de","@id":"https:\/\/versano.nl\/shop\/dames-motor-jack-met-riem-zwart-versano-350\/#primaryimage","url":"https:\/\/versano.nl\/wp-content\/uploads\/2020\/07\/dames-biker-jack-zwart-met-riem-versano-350-voorkant.jpg","contentUrl":"https:\/\/versano.nl\/wp-content\/uploads\/2020\/07\/dames-biker-jack-zwart-met-riem-versano-350-voorkant.jpg","width":900,"height":1200,"caption":"Leren biker jas dames 350 zwart Versano"},{"@type":"BreadcrumbList","@id":"https:\/\/versano.nl\/shop\/dames-motor-jack-met-riem-zwart-versano-350\/#breadcrumb","itemListElement":[{"@type":"ListItem","position":1,"name":"Home","item":"https:\/\/versano.nl\/"},{"@type":"ListItem","position":2,"name":"Shop","item":"https:\/\/versano.nl\/shop\/"},{"@type":"ListItem","position":3,"name":"Leren biker jas dames 350 zwart Versano"}]},{"@type":"WebSite","@id":"https:\/\/versano.nl\/#website","url":"https:\/\/versano.nl\/","name":"Versano","description":"Winterm\u00e4ntel mit Pelzkragen | Damen Lederjacken | Herren Lederjacken","potentialAction":[{"@type":"SearchAction","target":{"@type":"EntryPoint","urlTemplate":"https:\/\/versano.nl\/?s={search_term_string}"},"query-input":{"@type":"PropertyValueSpecification","valueRequired":true,"valueName":"search_term_string"}}],"inLanguage":"de"}]}},"_links":{"self":[{"href":"https:\/\/versano.nl\/de\/wp-json\/wp\/v2\/product\/16191","targetHints":{"allow":["GET"]}}],"collection":[{"href":"https:\/\/versano.nl\/de\/wp-json\/wp\/v2\/product"}],"about":[{"href":"https:\/\/versano.nl\/de\/wp-json\/wp\/v2\/types\/product"}],"replies":[{"embeddable":true,"href":"https:\/\/versano.nl\/de\/wp-json\/wp\/v2\/comments?post=16191"}],"wp:featuredmedia":[{"embeddable":true,"href":"https:\/\/versano.nl\/de\/wp-json\/wp\/v2\/media\/16556"}],"wp:attachment":[{"href":"https:\/\/versano.nl\/de\/wp-json\/wp\/v2\/media?parent=16191"}],"wp:term":[{"taxonomy":"product_brand","embeddable":true,"href":"https:\/\/versano.nl\/de\/wp-json\/wp\/v2\/product_brand?post=16191"},{"taxonomy":"product_cat","embeddable":true,"href":"https:\/\/versano.nl\/de\/wp-json\/wp\/v2\/product_cat?post=16191"},{"taxonomy":"product_tag","embeddable":true,"href":"https:\/\/versano.nl\/de\/wp-json\/wp\/v2\/product_tag?post=16191"}],"curies":[{"name":"wp","href":"https:\/\/api.w.org\/{rel}","templated":true}]}}