{"id":16148,"date":"2020-04-17T18:59:53","date_gmt":"2020-04-17T18:59:53","guid":{"rendered":"https:\/\/versano.nl\/?post_type=product&#038;p=16148"},"modified":"2026-03-11T14:48:21","modified_gmt":"2026-03-11T14:48:21","slug":"lederen-dames-bikerjack-zwart-versano-311-n","status":"publish","type":"product","link":"https:\/\/versano.nl\/de\/shop\/lederen-dames-bikerjack-zwart-versano-311-n\/","title":{"rendered":"Leder Bikerjacke Damen schwarz 311 N Versano"},"content":{"rendered":"<h2>Leder Bikerjacke Damen schwarz 311 N Versano<\/h2>\n<p>Ladies, auf der Suche nach einem sch\u00f6nen neuen Mantel? Wenn Sie eine andere Farbe f\u00fcr Ihre Jacke w\u00fcnschen, eine Farbe, die Sie etwas mehr hervorhebt, empfehlen wir diese Biker-Lederjacke Damen 311 schwarz Versano. Dies ist eine Jacke, die perfekt sitzt und die Sie gerne tragen werden. Wir empfehlen Ihnen, sich diese Jacke in all ihren Details anzusehen. Eine Bikerjacke, die auch zum Ausgehen gut aussieht. Diese Jacke ist au\u00dfergew\u00f6hnlich sch\u00f6n verarbeitet, durch die eng anliegende Taille, sowie mehrere Taschen. Die Rede ist von zwei ger\u00e4umigen Seitentaschen und einer praktischen Innentasche.<\/p>\n<h2><strong>Modell 311 in schwarz von Versano bestellen <\/strong><\/h2>\n<p>Diese schwarze Damen Lederjacke von Versano ist komplett aus geschmeidigem Lammleder gefertigt. Dies ist ein Material, das nicht nur perfekt aussieht, sondern sich auch gut anf\u00fchlt. Es tr\u00e4gt nur zu dem coolen Retro-Look bei, den diese Jacke ausstrahlt. Es handelt sich um eine Jacke, die nicht nur in Schwarz, sondern auch in der Farbe Cognac erh\u00e4ltlich ist. Wenn Sie diese sch\u00f6ne Jacke bei uns bestellen, erhalten Sie eine Jacke aus sch\u00f6nem Material. Da sie aus sch\u00f6nem d\u00fcnnem Lammleder gefertigt ist, ist die Jacke auch perfekt f\u00fcr den Innenbereich geeignet. Es ist eine Jacke, die sich gut mit verschiedenen Arten von Kleidung kombinieren l\u00e4sst. Denken Sie an einen Rock, aber auch an eine coole Jeans. Dies ist eine Jacke, die, man kann es nicht leugnen, tiptop aussieht.<\/p>\n<p>Marke: <a href=\"https:\/\/versano.nl\/\" target=\"_blank\" rel=\"noopener noreferrer\">Versano<\/a><br \/>\nMaterial: 100% Lammfell<br \/>\nFutter: 100% Polyester<br \/>\nL\u00e4nge: kurz<br \/>\nPassform: fest sitzend<br \/>\nSchlie\u00dfung: Rei\u00dfverschluss<br \/>\nTaschen: RV-Taschen<br \/>\nKragen: unten Kragen<br \/>\nMaterial Au\u00dfenschicht: hohe Qualit\u00e4t und weiches Lammfell<br \/>\nLieferzeit: 2-3 Werktage<\/p>","protected":false},"excerpt":{"rendered":"<p><strong>W\u00c4HLEN SIE HIER EINE ANDERE FARBE<\/strong><\/p>\n<p><span style=\"color: red;\"><a href=\"https:\/\/versano.nl\/shop\/dames-leren-biker-jas-311-cognac-versano\/\"><img loading=\"lazy\" decoding=\"async\" class=\"alignnone size-full wp-image-19839\" src=\"https:\/\/versano.nl\/wp-content\/uploads\/sites\/2\/2020\/08\/dames-biker-jack-cognac-schuine-rits-versano-311n-voorkant-thumb.jpg\" alt=\"\" width=\"56\" height=\"75\" \/><\/a><\/span><\/p>\n<p><span style=\"color: red;\">Fit Beratung:<\/span> Die Passform dieser Jacke ist eng geschnitten. Unser Modell ist 1,68 cm gro\u00df und tr\u00e4gt eine Gr\u00f6\u00dfe M.<\/p>\n<p>Wenn Sie sich bei Ihren Ma\u00dfen nicht sicher sind, empfehlen wir Ihnen, zuerst Ihre Gr\u00f6\u00dfenma\u00dfe zu messen und sie mit unserer Gr\u00f6\u00dfentabelle zu vergleichen. Wenn Sie keine Erfahrung mit der Messung von Umfangsgr\u00f6\u00dfen haben, klicken Sie auf <a href=\"https:\/\/www.youtube.com\/watch?v=3ZSfY87v6pM\"><em><span style=\"text-decoration: none;\">HIER<\/span><\/em>\u00a0<\/a>\u00a0zu <a href=\"https:\/\/www.youtube.com\/watch?v=3ZSfY87v6pM\"><em><span style=\"color: red; text-decoration: none;\">VIDEO<\/span><\/em><\/a>\u00a0 mit Anweisungen. Sie k\u00f6nnen uns auch direkt anrufen oder anrufen! Unsere Mitarbeiter stehen Ihnen jederzeit zur Verf\u00fcgung.<\/p>\n<p><strong><span style=\"color: black;\">LIEFERZEIT :<\/span><\/strong> 2 bis 3 Werktage.<\/p>","protected":false},"featured_media":16559,"comment_status":"closed","ping_status":"closed","template":"","meta":[],"product_brand":[],"product_cat":[1472,1487,90,874,875,1499,877,1470,879,1469,880,1712,881,878,882,890],"product_tag":[1536,355,1539,172,173,1535,1538,1540,1537,979,980],"class_list":{"0":"post-16148","1":"product","2":"type-product","3":"status-publish","4":"has-post-thumbnail","6":"product_cat-biker-jas-dames","7":"product_cat-dames-biker-jas","8":"product_cat-dames-leren-jassen","9":"product_cat-kort-leren-jasje","10":"product_cat-kort-leren-jasje-dames","11":"product_cat-leren-biker-jas-dames","12":"product_cat-leren-bikerjacks-dames","13":"product_cat-leren-dames-jas","14":"product_cat-leren-dames-jassen","15":"product_cat-leren-jas-dames","16":"product_cat-leren-jasje-dames","17":"product_cat-leren-jassen","18":"product_cat-leren-jassen-dames","19":"product_cat-leren-jassen-dames-uitverkoop","20":"product_cat-versano","21":"product_cat-zwarte-leren-jas-dames","22":"product_tag-biker-dames-leren-jas","23":"product_tag-biker-jack-dames-zwart","24":"product_tag-biker-jas-dames-sale","25":"product_tag-dames-biker-jack-zwart","26":"product_tag-dames-biker-jas-zwart","27":"product_tag-echt-leer-dames-jas-biker","28":"product_tag-korte-biker-jas-dames","29":"product_tag-leren-biker-jas-dames-sale","30":"product_tag-zwarte-biker-jas-dames","31":"product_tag-zwarte-leren-dames-biker-jas","32":"product_tag-zwarte-leren-dames-biker-jasje","33":"tm-no-options","35":"first","36":"instock","37":"sale","38":"taxable","39":"shipping-taxable","40":"purchasable","41":"product-type-variable"},"yoast_head":"<!-- This site is optimized with the Yoast SEO plugin v27.2 - https:\/\/yoast.com\/product\/yoast-seo-wordpress\/ -->\n<title>leren biker jas dames zwart 311 N Versano, lederen bikerjack<\/title>\n<meta name=\"description\" content=\"Ben je op zoek naar een leren biker jas dames zwart 311 N Versano, dan moet je zeker een kijkje nemen in de webshop van Versano\" \/>\n<meta name=\"robots\" content=\"index, follow, max-snippet:-1, max-image-preview:large, max-video-preview:-1\" \/>\n<link rel=\"canonical\" href=\"https:\/\/versano.nl\/de\/shop\/lederen-dames-bikerjack-zwart-versano-311-n\/\" \/>\n<meta property=\"og:locale\" content=\"de_DE\" \/>\n<meta property=\"og:type\" content=\"article\" \/>\n<meta property=\"og:title\" content=\"leren biker jas dames zwart 311 N Versano, lederen bikerjack\" \/>\n<meta property=\"og:description\" content=\"Ben je op zoek naar een leren biker jas dames zwart 311 N Versano, dan moet je zeker een kijkje nemen in de webshop van Versano\" \/>\n<meta property=\"og:url\" content=\"https:\/\/versano.nl\/de\/shop\/lederen-dames-bikerjack-zwart-versano-311-n\/\" \/>\n<meta property=\"og:site_name\" content=\"Versano\" \/>\n<meta property=\"article:modified_time\" content=\"2026-03-11T14:48:21+00:00\" \/>\n<meta property=\"og:image\" content=\"https:\/\/versano.nl\/wp-content\/uploads\/2020\/07\/dames-bikerjack-zwart-versano-311z-voorkant.jpg\" \/>\n\t<meta property=\"og:image:width\" content=\"900\" \/>\n\t<meta property=\"og:image:height\" content=\"1200\" \/>\n\t<meta property=\"og:image:type\" content=\"image\/jpeg\" \/>\n<meta name=\"twitter:card\" content=\"summary_large_image\" \/>\n<meta name=\"twitter:label1\" content=\"Gesch\u00e4tzte Lesezeit\" \/>\n\t<meta name=\"twitter:data1\" content=\"2\u00a0Minuten\" \/>\n<script type=\"application\/ld+json\" class=\"yoast-schema-graph\">{\"@context\":\"https:\/\/schema.org\",\"@graph\":[{\"@type\":\"WebPage\",\"@id\":\"https:\/\/versano.nl\/shop\/lederen-dames-bikerjack-zwart-versano-311-n\/\",\"url\":\"https:\/\/versano.nl\/shop\/lederen-dames-bikerjack-zwart-versano-311-n\/\",\"name\":\"leren biker jas dames zwart 311 N Versano, lederen bikerjack\",\"isPartOf\":{\"@id\":\"https:\/\/versano.nl\/#website\"},\"primaryImageOfPage\":{\"@id\":\"https:\/\/versano.nl\/shop\/lederen-dames-bikerjack-zwart-versano-311-n\/#primaryimage\"},\"image\":{\"@id\":\"https:\/\/versano.nl\/shop\/lederen-dames-bikerjack-zwart-versano-311-n\/#primaryimage\"},\"thumbnailUrl\":\"https:\/\/versano.nl\/wp-content\/uploads\/2020\/07\/dames-bikerjack-zwart-versano-311z-voorkant.jpg\",\"datePublished\":\"2020-04-17T18:59:53+00:00\",\"dateModified\":\"2026-03-11T14:48:21+00:00\",\"description\":\"Ben je op zoek naar een leren biker jas dames zwart 311 N Versano, dan moet je zeker een kijkje nemen in de webshop van Versano\",\"breadcrumb\":{\"@id\":\"https:\/\/versano.nl\/shop\/lederen-dames-bikerjack-zwart-versano-311-n\/#breadcrumb\"},\"inLanguage\":\"de\",\"potentialAction\":[{\"@type\":\"ReadAction\",\"target\":[\"https:\/\/versano.nl\/shop\/lederen-dames-bikerjack-zwart-versano-311-n\/\"]}]},{\"@type\":\"ImageObject\",\"inLanguage\":\"de\",\"@id\":\"https:\/\/versano.nl\/shop\/lederen-dames-bikerjack-zwart-versano-311-n\/#primaryimage\",\"url\":\"https:\/\/versano.nl\/wp-content\/uploads\/2020\/07\/dames-bikerjack-zwart-versano-311z-voorkant.jpg\",\"contentUrl\":\"https:\/\/versano.nl\/wp-content\/uploads\/2020\/07\/dames-bikerjack-zwart-versano-311z-voorkant.jpg\",\"width\":900,\"height\":1200,\"caption\":\"leren biker jas dames zwart 311 N Versano\"},{\"@type\":\"BreadcrumbList\",\"@id\":\"https:\/\/versano.nl\/shop\/lederen-dames-bikerjack-zwart-versano-311-n\/#breadcrumb\",\"itemListElement\":[{\"@type\":\"ListItem\",\"position\":1,\"name\":\"Home\",\"item\":\"https:\/\/versano.nl\/\"},{\"@type\":\"ListItem\",\"position\":2,\"name\":\"Shop\",\"item\":\"https:\/\/versano.nl\/shop\/\"},{\"@type\":\"ListItem\",\"position\":3,\"name\":\"leren biker jas dames zwart 311 N Versano\"}]},{\"@type\":\"WebSite\",\"@id\":\"https:\/\/versano.nl\/#website\",\"url\":\"https:\/\/versano.nl\/\",\"name\":\"Versano\",\"description\":\"winterjassen met bontkraag | leren dames jassen | leren heren jassen\",\"potentialAction\":[{\"@type\":\"SearchAction\",\"target\":{\"@type\":\"EntryPoint\",\"urlTemplate\":\"https:\/\/versano.nl\/?s={search_term_string}\"},\"query-input\":{\"@type\":\"PropertyValueSpecification\",\"valueRequired\":true,\"valueName\":\"search_term_string\"}}],\"inLanguage\":\"de\"}]}<\/script>\n<!-- \/ Yoast SEO plugin. -->","yoast_head_json":{"title":"Leder Bikerjacke Damen schwarz 311 N Versano, Leder Bikerjacke","description":"Suchen Sie eine Leder Bikerjacke Damen schwarz 311 N Versano, dann sollten Sie unbedingt einen Blick in den Versano Webshop werfen","robots":{"index":"index","follow":"follow","max-snippet":"max-snippet:-1","max-image-preview":"max-image-preview:large","max-video-preview":"max-video-preview:-1"},"canonical":"https:\/\/versano.nl\/de\/shop\/lederen-dames-bikerjack-zwart-versano-311-n\/","og_locale":"de_DE","og_type":"article","og_title":"leren biker jas dames zwart 311 N Versano, lederen bikerjack","og_description":"Ben je op zoek naar een leren biker jas dames zwart 311 N Versano, dan moet je zeker een kijkje nemen in de webshop van Versano","og_url":"https:\/\/versano.nl\/de\/shop\/lederen-dames-bikerjack-zwart-versano-311-n\/","og_site_name":"Versano","article_modified_time":"2026-03-11T14:48:21+00:00","og_image":[{"width":900,"height":1200,"url":"https:\/\/versano.nl\/wp-content\/uploads\/2020\/07\/dames-bikerjack-zwart-versano-311z-voorkant.jpg","type":"image\/jpeg"}],"twitter_card":"summary_large_image","twitter_misc":{"Gesch\u00e4tzte Lesezeit":"2\u00a0Minuten"},"schema":{"@context":"https:\/\/schema.org","@graph":[{"@type":"WebPage","@id":"https:\/\/versano.nl\/shop\/lederen-dames-bikerjack-zwart-versano-311-n\/","url":"https:\/\/versano.nl\/shop\/lederen-dames-bikerjack-zwart-versano-311-n\/","name":"Leder Bikerjacke Damen schwarz 311 N Versano, Leder Bikerjacke","isPartOf":{"@id":"https:\/\/versano.nl\/#website"},"primaryImageOfPage":{"@id":"https:\/\/versano.nl\/shop\/lederen-dames-bikerjack-zwart-versano-311-n\/#primaryimage"},"image":{"@id":"https:\/\/versano.nl\/shop\/lederen-dames-bikerjack-zwart-versano-311-n\/#primaryimage"},"thumbnailUrl":"https:\/\/versano.nl\/wp-content\/uploads\/2020\/07\/dames-bikerjack-zwart-versano-311z-voorkant.jpg","datePublished":"2020-04-17T18:59:53+00:00","dateModified":"2026-03-11T14:48:21+00:00","description":"Suchen Sie eine Leder Bikerjacke Damen schwarz 311 N Versano, dann sollten Sie unbedingt einen Blick in den Versano Webshop werfen","breadcrumb":{"@id":"https:\/\/versano.nl\/shop\/lederen-dames-bikerjack-zwart-versano-311-n\/#breadcrumb"},"inLanguage":"de","potentialAction":[{"@type":"ReadAction","target":["https:\/\/versano.nl\/shop\/lederen-dames-bikerjack-zwart-versano-311-n\/"]}]},{"@type":"ImageObject","inLanguage":"de","@id":"https:\/\/versano.nl\/shop\/lederen-dames-bikerjack-zwart-versano-311-n\/#primaryimage","url":"https:\/\/versano.nl\/wp-content\/uploads\/2020\/07\/dames-bikerjack-zwart-versano-311z-voorkant.jpg","contentUrl":"https:\/\/versano.nl\/wp-content\/uploads\/2020\/07\/dames-bikerjack-zwart-versano-311z-voorkant.jpg","width":900,"height":1200,"caption":"leren biker jas dames zwart 311 N Versano"},{"@type":"BreadcrumbList","@id":"https:\/\/versano.nl\/shop\/lederen-dames-bikerjack-zwart-versano-311-n\/#breadcrumb","itemListElement":[{"@type":"ListItem","position":1,"name":"Home","item":"https:\/\/versano.nl\/"},{"@type":"ListItem","position":2,"name":"Shop","item":"https:\/\/versano.nl\/shop\/"},{"@type":"ListItem","position":3,"name":"leren biker jas dames zwart 311 N Versano"}]},{"@type":"WebSite","@id":"https:\/\/versano.nl\/#website","url":"https:\/\/versano.nl\/","name":"Versano","description":"Winterm\u00e4ntel mit Pelzkragen | Damen Lederjacken | Herren Lederjacken","potentialAction":[{"@type":"SearchAction","target":{"@type":"EntryPoint","urlTemplate":"https:\/\/versano.nl\/?s={search_term_string}"},"query-input":{"@type":"PropertyValueSpecification","valueRequired":true,"valueName":"search_term_string"}}],"inLanguage":"de"}]}},"_links":{"self":[{"href":"https:\/\/versano.nl\/de\/wp-json\/wp\/v2\/product\/16148","targetHints":{"allow":["GET"]}}],"collection":[{"href":"https:\/\/versano.nl\/de\/wp-json\/wp\/v2\/product"}],"about":[{"href":"https:\/\/versano.nl\/de\/wp-json\/wp\/v2\/types\/product"}],"replies":[{"embeddable":true,"href":"https:\/\/versano.nl\/de\/wp-json\/wp\/v2\/comments?post=16148"}],"wp:featuredmedia":[{"embeddable":true,"href":"https:\/\/versano.nl\/de\/wp-json\/wp\/v2\/media\/16559"}],"wp:attachment":[{"href":"https:\/\/versano.nl\/de\/wp-json\/wp\/v2\/media?parent=16148"}],"wp:term":[{"taxonomy":"product_brand","embeddable":true,"href":"https:\/\/versano.nl\/de\/wp-json\/wp\/v2\/product_brand?post=16148"},{"taxonomy":"product_cat","embeddable":true,"href":"https:\/\/versano.nl\/de\/wp-json\/wp\/v2\/product_cat?post=16148"},{"taxonomy":"product_tag","embeddable":true,"href":"https:\/\/versano.nl\/de\/wp-json\/wp\/v2\/product_tag?post=16148"}],"curies":[{"name":"wp","href":"https:\/\/api.w.org\/{rel}","templated":true}]}}