{"id":16023,"date":"2020-04-10T20:20:29","date_gmt":"2020-04-10T20:20:29","guid":{"rendered":"https:\/\/versano.nl\/?post_type=product&#038;p=16023"},"modified":"2026-03-18T23:11:01","modified_gmt":"2026-03-18T23:11:01","slug":"leren-heren-jas-basic-bruin-versano-tr53","status":"publish","type":"product","link":"https:\/\/versano.nl\/de\/shop\/leren-heren-jas-basic-bruin-versano-tr53\/","title":{"rendered":"Leder Herrenjacke braun TR53 Versano"},"content":{"rendered":"<h2>Leder Herrenjacke braun TR53 Versano<\/h2>\n<p style=\"margin: 0cm 0cm 16.5pt 0cm;\"><span style=\"font-size: 10.5pt; font-family: 'Arial',sans-serif; color: #282828;\">Die Leder Herrenjacke braun TR53 Versano ist eine Top Jacke von Versano und aus weichem und anschmiegsamem Lammleder gefertigt. Wir haben es bei dieser Jacke ziemlich einfach gehalten, und das ist die St\u00e4rke dieses Modells. Die Jacke hat 2 Seitentaschen und eine Innentasche. Der Rei\u00dfverschluss dieser Lammfelljacke reicht bis in den Liegekragen. Der TR53 ist in Schwarz, Braun und Cognac erh\u00e4ltlich. Dies ist eine sch\u00f6ne Slim-Fit-Jacke, die ganz im italienischen Stil ist. Wenn Sie diese Jacke bei uns bestellen, erhalten Sie eine Jacke, die ein Leben lang sch\u00f6n bleibt. Die Jacke ist aus Lammleder und ist italienisch schmal geschnitten mit sch\u00f6ner Passform. Es ist eine echte Herrenjacke, die Sie in Zukunft patentieren l\u00e4sst. Auf der Suche nach einer Alltagsjacke? Dann k\u00f6nnen Sie mit dieser Jacke aus Lammleder gut aussehen.<\/span><\/p>\n<h2 style=\"text-align: start; margin: 11.25pt 0cm 11.25pt 0cm;\"><span style=\"font-size: 15pt; font-family: Arial, sans-serif; color: #282828;\">Modell TR 53 in Braun bestellen<\/span><\/h2>\n<p style=\"text-align: start; margin: 0cm 0cm 16.5pt 0cm;\"><span style=\"font-size: 10.5pt; font-family: 'Arial',sans-serif; color: #282828;\">Diese Herren-Lederjacke ist Teil der neuen Versano-Kollektion. Diese Lederjacke ist eine Alltagsjacke und passt sich Ihrem K\u00f6rper perfekt an. Dies ist einfach eine sch\u00f6ne Basic-Jacke f\u00fcr alle Jahreszeiten. funktioniert genauso gut wie beim Ausgehen oder einfach nur auf dem Weg zur und von der Arbeit! Dieses Modell k\u00f6nnen Sie ganz einfach auf unserer Website in Cognac oder anderen verschiedenen Farben wie Braun und Schwarz bestellen. Wir empfehlen Ihnen daher, einfach zu schauen, welche Farbe Ihrer Meinung nach am besten zu Ihrem eigenen Stil passt. Haben Sie Fragen oder sind Sie sich nicht sicher, welche Gr\u00f6\u00dfe Sie bestellen sollen? Dann k\u00f6nnen Sie uns jederzeit per Mail oder WhatsApp kontaktieren. Unsere Mitarbeiter m\u00f6chten Ihnen helfen!<\/span><\/p>\n<p style=\"margin: 0cm; text-align: start;\"><span style=\"font-size: 10.5pt; font-family: 'Arial',sans-serif; color: #282828;\">Marke:\u00a0<a style=\"color: inherit;\" href=\"https:\/\/versano.nl\/\"><span style=\"text-decoration: none;\">Versano<\/span><\/a><br \/>\nMaterial: 100% Lammfell<br \/>\nFutter: 100% Polyester<br \/>\nL\u00e4nge: kurz<br \/>\nPassform: schmale Passform<br \/>\nSchlie\u00dfung: Rei\u00dfverschluss<br \/>\nTaschen: RV-Taschen<br \/>\nKragen: Stehkragen<br \/>\nMaterial Au\u00dfenschicht: Sehr hohe Qualit\u00e4t und weiches Lammfell<br \/>\nLieferzeit: 2-3 Werktage<\/span><\/p>","protected":false},"excerpt":{"rendered":"<p>W\u00c4HLEN SIE HIER EINE ANDERE FARBE<\/p>\n<p><a href=\"https:\/\/versano.nl\/shop\/leren-heren-jas-basic-cognac-versano-tr53\/\"><img loading=\"lazy\" decoding=\"async\" class=\"alignnone size-full wp-image-19925\" src=\"https:\/\/versano.nl\/wp-content\/uploads\/sites\/2\/2020\/04\/lamsleren-herenjas-met-platte-kraag-cognac-tr53-thumb.jpg\" alt=\"\" width=\"56\" height=\"75\" \/><\/a><a href=\"https:\/\/versano.nl\/shop\/leren-heren-jas-basic-zwart-versano-tr53\/\"><img loading=\"lazy\" decoding=\"async\" class=\"alignnone size-full wp-image-19926\" src=\"https:\/\/versano.nl\/wp-content\/uploads\/sites\/2\/2020\/04\/lamsleren-herenjas-met-platte-kraag-zwart-tr53-thumb.jpg\" alt=\"\" width=\"56\" height=\"75\" \/><\/a><\/p>\n<p style=\"margin: 0cm 0cm 11.25pt 0cm;\"><span style=\"font-size: 10.5pt; font-family: 'Arial',sans-serif; color: red;\">Fit Beratung:\u00a0<\/span><span style=\"font-size: 10.5pt; font-family: 'Arial',sans-serif; color: #5d5d5d;\">Die Passform dieser Jacke ist schmal geschnitten. Unser Model ist 1,80 cm gro\u00df und tr\u00e4gt Gr\u00f6\u00dfe M.<\/span><\/p>\n<p style=\"margin: 0cm 0cm 11.25pt 0cm;\"><span style=\"font-size: 10.5pt; font-family: 'Arial',sans-serif; color: #5d5d5d;\">Wenn Sie sich bei Ihren Ma\u00dfen nicht sicher sind, empfehlen wir Ihnen, zuerst Ihre Gr\u00f6\u00dfenma\u00dfe zu messen und sie mit unserer Gr\u00f6\u00dfentabelle zu vergleichen. Wenn Sie keine Erfahrung mit der Messung von Umfangsgr\u00f6\u00dfen haben, klicken Sie auf\u00a0<\/span><a href=\"https:\/\/www.youtube.com\/watch?v=3ZSfY87v6pM\"><em><span style=\"font-size: 10.5pt; font-family: 'Arial',sans-serif; text-decoration: none;\">HIER<\/span><\/em><span style=\"font-size: 10.5pt; font-family: 'Arial',sans-serif; text-decoration: none;\">\u00a0<\/span><\/a><span style=\"font-size: 10.5pt; font-family: 'Arial',sans-serif; color: #5d5d5d;\">\u00a0zu\u00a0<\/span><a href=\"https:\/\/www.youtube.com\/watch?v=3ZSfY87v6pM\"><em><span style=\"font-size: 10.5pt; font-family: 'Arial',sans-serif; color: red; text-decoration: none;\">VIDEO<\/span><\/em><\/a><span style=\"font-size: 10.5pt; font-family: 'Arial',sans-serif; color: #5d5d5d;\">\u00a0 mit Anweisungen. Sie k\u00f6nnen uns auch direkt anrufen oder anrufen! Unsere Mitarbeiter stehen Ihnen jederzeit zur Verf\u00fcgung.<\/span><\/p>\n<p style=\"margin: 0cm;\"><strong><span style=\"font-size: 10.5pt; font-family: 'Arial',sans-serif; color: #5d5d5d;\">LIEFERZEIT :<\/span><\/strong><span style=\"font-size: 10.5pt; font-family: 'Arial',sans-serif; color: #5d5d5d;\">\u00a02 bis 3 Werktage.<\/span><\/p>","protected":false},"featured_media":33570,"comment_status":"closed","ping_status":"closed","template":"","meta":[],"product_brand":[],"product_cat":[1670,147,874,907,1671,908,1669,1712,910,882],"product_tag":[1765,1691,1761,1762,1760,1692,1763,1698,1766,1764,101,1697,1699,1708],"class_list":{"0":"post-16023","1":"product","2":"type-product","3":"status-publish","4":"has-post-thumbnail","6":"product_cat-heren-leren-jas","7":"product_cat-heren-leren-jassen","8":"product_cat-kort-leren-jasje","9":"product_cat-kort-leren-jasje-heren","10":"product_cat-leren-heren-jas","11":"product_cat-leren-heren-jassen","12":"product_cat-leren-jas-heren","13":"product_cat-leren-jassen","14":"product_cat-leren-jassen-heren","15":"product_cat-versano","16":"product_tag-bruine-zomerjas-heren","17":"product_tag-echt-leer-heren-jas","18":"product_tag-heren-jas-leer","19":"product_tag-heren-leren-jas-bruin","20":"product_tag-herencollectie-versano","21":"product_tag-lamsleer-heren-jas","22":"product_tag-leren-heren-jas-met-kraag","23":"product_tag-leren-heren-jas-sale","24":"product_tag-leren-jassen-uitverkoop","25":"product_tag-liggende-kraag-heren-leren-jas","26":"product_tag-online-leren-jassen","27":"product_tag-uitverkoop-heren-leren-jas","28":"product_tag-versano-heren-leren-jas","29":"product_tag-zomerjassen-heren","30":"tm-no-options","32":"first","33":"instock","34":"sale","35":"taxable","36":"shipping-taxable","37":"purchasable","38":"product-type-variable"},"yoast_head":"<!-- This site is optimized with the Yoast SEO plugin v27.2 - https:\/\/yoast.com\/product\/yoast-seo-wordpress\/ -->\n<title>Leren heren jas bruin TR53 Versano, bruine leren jas heren<\/title>\n<meta name=\"description\" content=\"Bent u opzoek naar een Leren heren jas bruin TR53 Versano, dan bent u bij ons aan het juiste adres voor leren jassen voor heren.\" \/>\n<meta name=\"robots\" content=\"index, follow, max-snippet:-1, max-image-preview:large, max-video-preview:-1\" \/>\n<link rel=\"canonical\" href=\"https:\/\/versano.nl\/de\/shop\/leren-heren-jas-basic-bruin-versano-tr53\/\" \/>\n<meta property=\"og:locale\" content=\"de_DE\" \/>\n<meta property=\"og:type\" content=\"article\" \/>\n<meta property=\"og:title\" content=\"Leren heren jas bruin TR53 Versano, bruine leren jas heren\" \/>\n<meta property=\"og:description\" content=\"Bent u opzoek naar een Leren heren jas bruin TR53 Versano, dan bent u bij ons aan het juiste adres voor leren jassen voor heren.\" \/>\n<meta property=\"og:url\" content=\"https:\/\/versano.nl\/de\/shop\/leren-heren-jas-basic-bruin-versano-tr53\/\" \/>\n<meta property=\"og:site_name\" content=\"Versano\" \/>\n<meta property=\"article:modified_time\" content=\"2026-03-18T23:11:01+00:00\" \/>\n<meta property=\"og:image\" content=\"https:\/\/versano.nl\/wp-content\/uploads\/2020\/04\/tr53-bruin.jpg\" \/>\n\t<meta property=\"og:image:width\" content=\"600\" \/>\n\t<meta property=\"og:image:height\" content=\"800\" \/>\n\t<meta property=\"og:image:type\" content=\"image\/jpeg\" \/>\n<meta name=\"twitter:card\" content=\"summary_large_image\" \/>\n<meta name=\"twitter:label1\" content=\"Gesch\u00e4tzte Lesezeit\" \/>\n\t<meta name=\"twitter:data1\" content=\"2\u00a0Minuten\" \/>\n<script type=\"application\/ld+json\" class=\"yoast-schema-graph\">{\"@context\":\"https:\/\/schema.org\",\"@graph\":[{\"@type\":\"WebPage\",\"@id\":\"https:\/\/versano.nl\/shop\/leren-heren-jas-basic-bruin-versano-tr53\/\",\"url\":\"https:\/\/versano.nl\/shop\/leren-heren-jas-basic-bruin-versano-tr53\/\",\"name\":\"Leren heren jas bruin TR53 Versano, bruine leren jas heren\",\"isPartOf\":{\"@id\":\"https:\/\/versano.nl\/#website\"},\"primaryImageOfPage\":{\"@id\":\"https:\/\/versano.nl\/shop\/leren-heren-jas-basic-bruin-versano-tr53\/#primaryimage\"},\"image\":{\"@id\":\"https:\/\/versano.nl\/shop\/leren-heren-jas-basic-bruin-versano-tr53\/#primaryimage\"},\"thumbnailUrl\":\"https:\/\/versano.nl\/wp-content\/uploads\/2020\/04\/tr53-bruin.jpg\",\"datePublished\":\"2020-04-10T20:20:29+00:00\",\"dateModified\":\"2026-03-18T23:11:01+00:00\",\"description\":\"Bent u opzoek naar een Leren heren jas bruin TR53 Versano, dan bent u bij ons aan het juiste adres voor leren jassen voor heren.\",\"breadcrumb\":{\"@id\":\"https:\/\/versano.nl\/shop\/leren-heren-jas-basic-bruin-versano-tr53\/#breadcrumb\"},\"inLanguage\":\"de\",\"potentialAction\":[{\"@type\":\"ReadAction\",\"target\":[\"https:\/\/versano.nl\/shop\/leren-heren-jas-basic-bruin-versano-tr53\/\"]}]},{\"@type\":\"ImageObject\",\"inLanguage\":\"de\",\"@id\":\"https:\/\/versano.nl\/shop\/leren-heren-jas-basic-bruin-versano-tr53\/#primaryimage\",\"url\":\"https:\/\/versano.nl\/wp-content\/uploads\/2020\/04\/tr53-bruin.jpg\",\"contentUrl\":\"https:\/\/versano.nl\/wp-content\/uploads\/2020\/04\/tr53-bruin.jpg\",\"width\":600,\"height\":800},{\"@type\":\"BreadcrumbList\",\"@id\":\"https:\/\/versano.nl\/shop\/leren-heren-jas-basic-bruin-versano-tr53\/#breadcrumb\",\"itemListElement\":[{\"@type\":\"ListItem\",\"position\":1,\"name\":\"Home\",\"item\":\"https:\/\/versano.nl\/\"},{\"@type\":\"ListItem\",\"position\":2,\"name\":\"Shop\",\"item\":\"https:\/\/versano.nl\/shop\/\"},{\"@type\":\"ListItem\",\"position\":3,\"name\":\"Leren heren jas bruin TR53 Versano\"}]},{\"@type\":\"WebSite\",\"@id\":\"https:\/\/versano.nl\/#website\",\"url\":\"https:\/\/versano.nl\/\",\"name\":\"Versano\",\"description\":\"winterjassen met bontkraag | leren dames jassen | leren heren jassen\",\"potentialAction\":[{\"@type\":\"SearchAction\",\"target\":{\"@type\":\"EntryPoint\",\"urlTemplate\":\"https:\/\/versano.nl\/?s={search_term_string}\"},\"query-input\":{\"@type\":\"PropertyValueSpecification\",\"valueRequired\":true,\"valueName\":\"search_term_string\"}}],\"inLanguage\":\"de\"}]}<\/script>\n<!-- \/ Yoast SEO plugin. -->","yoast_head_json":{"title":"Leder Herrenjacke braun TR53 Versano, braune Lederjacke Herren","description":"Suchen Sie eine Herren Lederjacke braun TR53 Versano, dann sind Sie bei Lederjacken f\u00fcr Herren genau richtig.","robots":{"index":"index","follow":"follow","max-snippet":"max-snippet:-1","max-image-preview":"max-image-preview:large","max-video-preview":"max-video-preview:-1"},"canonical":"https:\/\/versano.nl\/de\/shop\/leren-heren-jas-basic-bruin-versano-tr53\/","og_locale":"de_DE","og_type":"article","og_title":"Leren heren jas bruin TR53 Versano, bruine leren jas heren","og_description":"Bent u opzoek naar een Leren heren jas bruin TR53 Versano, dan bent u bij ons aan het juiste adres voor leren jassen voor heren.","og_url":"https:\/\/versano.nl\/de\/shop\/leren-heren-jas-basic-bruin-versano-tr53\/","og_site_name":"Versano","article_modified_time":"2026-03-18T23:11:01+00:00","og_image":[{"width":600,"height":800,"url":"https:\/\/versano.nl\/wp-content\/uploads\/2020\/04\/tr53-bruin.jpg","type":"image\/jpeg"}],"twitter_card":"summary_large_image","twitter_misc":{"Gesch\u00e4tzte Lesezeit":"2\u00a0Minuten"},"schema":{"@context":"https:\/\/schema.org","@graph":[{"@type":"WebPage","@id":"https:\/\/versano.nl\/shop\/leren-heren-jas-basic-bruin-versano-tr53\/","url":"https:\/\/versano.nl\/shop\/leren-heren-jas-basic-bruin-versano-tr53\/","name":"Leder Herrenjacke braun TR53 Versano, braune Lederjacke Herren","isPartOf":{"@id":"https:\/\/versano.nl\/#website"},"primaryImageOfPage":{"@id":"https:\/\/versano.nl\/shop\/leren-heren-jas-basic-bruin-versano-tr53\/#primaryimage"},"image":{"@id":"https:\/\/versano.nl\/shop\/leren-heren-jas-basic-bruin-versano-tr53\/#primaryimage"},"thumbnailUrl":"https:\/\/versano.nl\/wp-content\/uploads\/2020\/04\/tr53-bruin.jpg","datePublished":"2020-04-10T20:20:29+00:00","dateModified":"2026-03-18T23:11:01+00:00","description":"Suchen Sie eine Herren Lederjacke braun TR53 Versano, dann sind Sie bei Lederjacken f\u00fcr Herren genau richtig.","breadcrumb":{"@id":"https:\/\/versano.nl\/shop\/leren-heren-jas-basic-bruin-versano-tr53\/#breadcrumb"},"inLanguage":"de","potentialAction":[{"@type":"ReadAction","target":["https:\/\/versano.nl\/shop\/leren-heren-jas-basic-bruin-versano-tr53\/"]}]},{"@type":"ImageObject","inLanguage":"de","@id":"https:\/\/versano.nl\/shop\/leren-heren-jas-basic-bruin-versano-tr53\/#primaryimage","url":"https:\/\/versano.nl\/wp-content\/uploads\/2020\/04\/tr53-bruin.jpg","contentUrl":"https:\/\/versano.nl\/wp-content\/uploads\/2020\/04\/tr53-bruin.jpg","width":600,"height":800},{"@type":"BreadcrumbList","@id":"https:\/\/versano.nl\/shop\/leren-heren-jas-basic-bruin-versano-tr53\/#breadcrumb","itemListElement":[{"@type":"ListItem","position":1,"name":"Home","item":"https:\/\/versano.nl\/"},{"@type":"ListItem","position":2,"name":"Shop","item":"https:\/\/versano.nl\/shop\/"},{"@type":"ListItem","position":3,"name":"Leren heren jas bruin TR53 Versano"}]},{"@type":"WebSite","@id":"https:\/\/versano.nl\/#website","url":"https:\/\/versano.nl\/","name":"Versano","description":"Winterm\u00e4ntel mit Pelzkragen | Damen Lederjacken | Herren Lederjacken","potentialAction":[{"@type":"SearchAction","target":{"@type":"EntryPoint","urlTemplate":"https:\/\/versano.nl\/?s={search_term_string}"},"query-input":{"@type":"PropertyValueSpecification","valueRequired":true,"valueName":"search_term_string"}}],"inLanguage":"de"}]}},"_links":{"self":[{"href":"https:\/\/versano.nl\/de\/wp-json\/wp\/v2\/product\/16023","targetHints":{"allow":["GET"]}}],"collection":[{"href":"https:\/\/versano.nl\/de\/wp-json\/wp\/v2\/product"}],"about":[{"href":"https:\/\/versano.nl\/de\/wp-json\/wp\/v2\/types\/product"}],"replies":[{"embeddable":true,"href":"https:\/\/versano.nl\/de\/wp-json\/wp\/v2\/comments?post=16023"}],"wp:featuredmedia":[{"embeddable":true,"href":"https:\/\/versano.nl\/de\/wp-json\/wp\/v2\/media\/33570"}],"wp:attachment":[{"href":"https:\/\/versano.nl\/de\/wp-json\/wp\/v2\/media?parent=16023"}],"wp:term":[{"taxonomy":"product_brand","embeddable":true,"href":"https:\/\/versano.nl\/de\/wp-json\/wp\/v2\/product_brand?post=16023"},{"taxonomy":"product_cat","embeddable":true,"href":"https:\/\/versano.nl\/de\/wp-json\/wp\/v2\/product_cat?post=16023"},{"taxonomy":"product_tag","embeddable":true,"href":"https:\/\/versano.nl\/de\/wp-json\/wp\/v2\/product_tag?post=16023"}],"curies":[{"name":"wp","href":"https:\/\/api.w.org\/{rel}","templated":true}]}}