{"id":12619,"date":"2019-10-07T21:47:09","date_gmt":"2019-10-07T21:47:09","guid":{"rendered":"https:\/\/versano.nl\/shop\/halflange-dames-winterjas-met-bontkraag-rood-genny-versano\/"},"modified":"2026-02-23T11:24:14","modified_gmt":"2026-02-23T11:24:14","slug":"halflange-dames-winterjas-met-bontkraag-rood-genny-versano","status":"publish","type":"product","link":"https:\/\/versano.nl\/de\/shop\/halflange-dames-winterjas-met-bontkraag-rood-genny-versano\/","title":{"rendered":"Damen Wintermantel mit Pelzkragen Jenny Red Versano"},"content":{"rendered":"<h2>Damen Wintermantel mit Pelzkragen Jenny Red Versano<\/h2>\n<p>Suchen Sie einen gut sitzenden Damen Wintermantel mit Pelzkragen jenny red Versano? Dann sind Sie in Versano genau richtig. Jenny ist die perfekte Winterjacke, um durch den Winter zu kommen. Ein Deckmantel, der mit oder ohne Pelzkragen geliefert werden kann. Damen Wintermantel mit Pelzkragen Jenny Red Versano ist nicht nur warm, sondern hat auch eine sch\u00f6n taillierte Passform. Diese Damen Winterjacke von Versano ist ein mittellanges Modell mit seitlichen Eingrifftaschen, die sich auf H\u00fcfth\u00f6he befinden. Diese Taschen k\u00f6nnen mit einem Rei\u00dfverschluss verschlossen werden, die Jacke hat zus\u00e4tzlich einen Rei\u00dfverschluss bestehend aus einem Rei\u00dfverschluss. Sie ist eine der meistverkauften Jacken von Versano zu einem wettbewerbsf\u00e4higen Preis.<\/p>\n<h2><span style=\"color: #000000;\"><strong>Eine Top Winterjacke mit einem sch\u00f6nen Design.<\/strong><\/span><\/h2>\n<p>Damen Wintermantel mit Pelzkragen Jenny Rot Versano ist eines der Prunkst\u00fccke und sehr sch\u00f6n gestaltet von den Designern von Versano. Die Marke Versano ist vor allem f\u00fcr die sch\u00f6nen und ausgefallenen Jackenmodelle mit taillierter italienischer Passform bekannt, aber das ist nicht nur ein Design, wir nennen es &quot;A STATE OF ART&quot;. Jenny hat auch einen Rei\u00dfverschluss auf der R\u00fcckseite, der der Jacke einen coolen Look verleiht und durch das \u00d6ffnen des Rei\u00dfverschlusses wird die Jacke etwas breiter, sodass Sie bequem sitzen oder Rad fahren k\u00f6nnen. Die Jacke hat eine feste Kapuze und Druckkn\u00f6pfe, an denen der Pelzkragen befestigt werden kann. Nat\u00fcrlich k\u00f6nnen Sie bei versano auch einen Wintermantel f\u00fcr Damen ohne Pelzkragen kaufen und tragen.<\/p>\n<p>&nbsp;<\/p>\n<p>Marke: <a title=\"versano\" href=\"https:\/\/versano.nl\/\" target=\"_blank\" rel=\"noopener noreferrer\">Versano<\/a><br \/>\nL\u00e4nge: H\u00e4lfte<br \/>\nPassform: eng geschnitten<br \/>\nliner: 100% Polyester<br \/>\nAuskleiden Dicke: 200 Gramm ausgekleideten dicke<br \/>\n\u00c4rmell\u00e4nge: Lange \u00c4rmel<br \/>\nHOOD ausgekleidete, Massiv<br \/>\nExtras: verst\u00e4rkte N\u00e4hte<br \/>\nSchlie\u00dfen: Full Zip<br \/>\nS\u00e4cke Rei\u00dfverschluss Seitentaschen, Innen<br \/>\nFunktion: wasserdicht, winddicht<br \/>\nMaterial Materialau\u00dfenschicht: 100% Polyester<br \/>\nZubeh\u00f6r: Pelzkragen (optional)<\/p>\n<p>Lieferzeit: 2-3 Tage<\/p>\n<p><span style=\"color: #ff0000;\">WICHTIGE INFO:<\/span>\u00a0Sie k\u00f6nnen jede Versano-Jacke mit oder ohne Pelzkragen kaufen, der Pelzkragen ist nicht im Lieferumfang enthalten.<\/p>","protected":false},"excerpt":{"rendered":"<h4>W\u00c4HLEN SIE HIER EINE ANDERE FARBE<\/h4>\n<p><span style=\"color: #ff0000;\"><a href=\"https:\/\/versano.nl\/shop\/lange-dames-winterjas-beige-genny-versano\/\"><img loading=\"lazy\" decoding=\"async\" class=\"alignnone size-full wp-image-19636\" src=\"https:\/\/versano.nl\/wp-content\/uploads\/sites\/2\/2019\/11\/dames-winterjas-beige-halflang-model-zilveren-rits-versano-voorkant-thumb.jpg\" alt=\"\" width=\"57\" height=\"75\" \/><\/a><a href=\"https:\/\/versano.nl\/shop\/halflange-dames-winterjas-rose-genny-versano-silver-zip\/\"><img loading=\"lazy\" decoding=\"async\" class=\"alignnone size-full wp-image-19638\" src=\"https:\/\/versano.nl\/wp-content\/uploads\/sites\/2\/2019\/11\/dames-winterjas-zalmroze-halflang-model-zilveren-rits-versano-voorkant-thumb.jpg\" alt=\"\" width=\"57\" height=\"75\" \/><\/a><a href=\"https:\/\/versano.nl\/shop\/halflange-dames-winterjas-rose-genny-versano-black-zip\/\"><img loading=\"lazy\" decoding=\"async\" class=\"alignnone size-full wp-image-19639\" src=\"https:\/\/versano.nl\/wp-content\/uploads\/sites\/2\/2019\/11\/dames-winterjas-zalmroze-halflang-model-zwarte-rits-versano-voorkant-thumb.jpg\" alt=\"\" width=\"57\" height=\"75\" \/><\/a><a href=\"https:\/\/versano.nl\/shop\/halflange-dames-winterjas-met-bontkraag-blauw-genny-versano\/\"><img loading=\"lazy\" decoding=\"async\" class=\"alignnone size-full wp-image-19640\" src=\"https:\/\/versano.nl\/wp-content\/uploads\/sites\/2\/2019\/11\/Genny-blauw.jpg\" alt=\"\" width=\"57\" height=\"75\" \/><\/a><a href=\"https:\/\/versano.nl\/shop\/halflange-dames-winterjas-met-bontkraag-zwart-genny-versano\/\"><img loading=\"lazy\" decoding=\"async\" class=\"alignnone size-full wp-image-19641\" src=\"https:\/\/versano.nl\/wp-content\/uploads\/sites\/2\/2019\/11\/Genny-zwart-thumb.jpg\" alt=\"\" width=\"57\" height=\"75\" \/><\/a><a href=\"https:\/\/versano.nl\/shop\/dames-winterjas-met-pels-blauw-cognac-jenny-merk-versano\/\"><img loading=\"lazy\" decoding=\"async\" class=\"alignnone size-full wp-image-19642\" src=\"https:\/\/versano.nl\/wp-content\/uploads\/sites\/2\/2019\/11\/halflange-dames-winterjas-met-bontkraag-blauw-met-cognac-biezen-versano-voorkant-model1-thumb.jpg\" alt=\"\" width=\"57\" height=\"75\" \/><\/a><a href=\"https:\/\/versano.nl\/shop\/halflange-dames-winterjas-met-bontkraag-groen-genny-versano\"><img loading=\"lazy\" decoding=\"async\" class=\"alignnone size-full wp-image-19643\" src=\"https:\/\/versano.nl\/wp-content\/uploads\/sites\/2\/2019\/11\/versano-dames-winterjas-genny-groen.jpg\" alt=\"\" width=\"57\" height=\"76\" \/><\/a><a href=\"https:\/\/versano.nl\/shop\/lange-witte-dames-winterjas-genny-versano-silver-zip\/\"><img loading=\"lazy\" decoding=\"async\" class=\"alignnone size-full wp-image-19644\" src=\"https:\/\/versano.nl\/wp-content\/uploads\/sites\/2\/2019\/11\/witte-dames-winterjas-halflang-bontkraag-versano-voorkant-thumb.jpg\" alt=\"\" width=\"57\" height=\"75\" \/><\/a><a href=\"https:\/\/versano.nl\/shop\/halflange-witte-dames-winterjas-genny-versano-black-zip\/\"><img loading=\"lazy\" decoding=\"async\" class=\"alignnone size-full wp-image-19645\" src=\"https:\/\/versano.nl\/wp-content\/uploads\/sites\/2\/2019\/11\/witte-dames-winterjas-halflang-bontkraag-zwarte-rits-versano-voorkant-thumb.jpg\" alt=\"\" width=\"57\" height=\"75\" \/><\/a><\/span><\/p>\n<p><span style=\"color: #ff0000;\"><strong>Fit Beratung:<\/strong><\/span> Die Passform dieser Jacke ist eng geschnitten. Unser Modell ist 1,80 cm gro\u00df und tr\u00e4gt ein Medium.<\/p>\n<p>Wenn Sie sich bei Ihren Ma\u00dfen nicht sicher sind, empfehlen wir Ihnen, zuerst Ihre Gr\u00f6\u00dfenma\u00dfe zu messen und sie mit unserer Gr\u00f6\u00dfentabelle zu vergleichen. Wenn Sie keine Erfahrung mit der Messung von Umfangsgr\u00f6\u00dfen haben, klicken Sie auf <a href=\"https:\/\/www.youtube.com\/watch?v=3ZSfY87v6pM\"><em>HIER<\/em>\u00a0<\/a>\u00a0zu <span style=\"color: #ff0000;\"><a style=\"color: #ff0000;\" href=\"https:\/\/www.youtube.com\/watch?v=3ZSfY87v6pM\"><em>VIDEO<\/em><\/a><\/span>\u00a0 mit Anweisungen. Sie k\u00f6nnen uns auch direkt anrufen oder anrufen! Unsere Mitarbeiter stehen Ihnen jederzeit zur Verf\u00fcgung.<\/p>\n<p><span style=\"color: #000000;\">LIEFERZEIT :<\/span> 2 bis 3 Werktage.<\/p>\n<p><strong>WICHTIGE INFO:\u00a0<\/strong>Sie k\u00f6nnen jede Versano-Jacke mit oder ohne Pelzkragen kaufen, der Pelzkragen ist nicht im Lieferumfang enthalten.<\/p>","protected":false},"featured_media":12616,"comment_status":"open","ping_status":"closed","template":"","meta":[],"product_brand":[],"product_cat":[1403,1012,1353,1145,1384,1389,1382,1383,1037,1038,882,1143,1144,2204,1415,1041,1042,215,1404,1339],"product_tag":[217,1456,1450,218,1051,1053,1058,1195,1196],"class_list":{"0":"post-12619","1":"product","2":"type-product","3":"status-publish","4":"has-post-thumbnail","6":"product_cat-bontkraag-jas","7":"product_cat-dames-jas-met-bontkraag","8":"product_cat-dames-jas-met-pels","9":"product_cat-dames-winterjas","10":"product_cat-dames-winterjas-met-bontkraag","11":"product_cat-dames-winterjas-met-pels","12":"product_cat-dames-winterjassen","13":"product_cat-dames-winterjassen-met-bontkraag","14":"product_cat-jas-met-bontkraag","15":"product_cat-jas-met-bontkraag-dames","16":"product_cat-versano","17":"product_cat-winterjas","18":"product_cat-winterjas-dames","19":"product_cat-winterjas-dames-halflang","20":"product_cat-winterjas-dames-met-bontkraag","21":"product_cat-winterjas-met-bontkraag","22":"product_cat-winterjas-met-bontkraag-dames","23":"product_cat-dames-jassen-met-bontkraag","24":"product_cat-winterjassen","25":"product_cat-winterjassen-dames","26":"product_tag-dames-winterjas-met-bontkraag-rood","27":"product_tag-dames-winterjas-met-bontkraag-sale","28":"product_tag-dames-winterjas-met-grote-bontkraag","29":"product_tag-dames-winterjas-rood","30":"product_tag-halflange-rode-dames-winterjas-met-bontkraag","31":"product_tag-rode-dames-winterjas-met-pels","32":"product_tag-rode-dames-winterjassen","33":"product_tag-rode-lange-dames-winterjas","34":"product_tag-winterjassen-dames-rood","35":"product_shipping_class-verzendkosten-1","36":"tm-has-options","38":"first","39":"instock","40":"sale","41":"taxable","42":"shipping-taxable","43":"purchasable","44":"product-type-variable"},"yoast_head":"<!-- This site is optimized with the Yoast SEO plugin v27.2 - https:\/\/yoast.com\/product\/yoast-seo-wordpress\/ -->\n<title>Dames winterjas met bontkraag jenny rood Versano<\/title>\n<meta name=\"description\" content=\"Ben u op zoek naar een Dames winterjas met bontkraag jenny rood Versano, kijk dan gerust in de webshop voor onze collectie voor winterjassen.\" \/>\n<meta name=\"robots\" content=\"index, follow, max-snippet:-1, max-image-preview:large, max-video-preview:-1\" \/>\n<link rel=\"canonical\" href=\"https:\/\/versano.nl\/de\/shop\/halflange-dames-winterjas-met-bontkraag-rood-genny-versano\/\" \/>\n<meta property=\"og:locale\" content=\"de_DE\" \/>\n<meta property=\"og:type\" content=\"article\" \/>\n<meta property=\"og:title\" content=\"Dames winterjas met bontkraag jenny rood Versano\" \/>\n<meta property=\"og:description\" content=\"Ben u op zoek naar een Dames winterjas met bontkraag jenny rood Versano, kijk dan gerust in de webshop voor onze collectie voor winterjassen.\" \/>\n<meta property=\"og:url\" content=\"https:\/\/versano.nl\/de\/shop\/halflange-dames-winterjas-met-bontkraag-rood-genny-versano\/\" \/>\n<meta property=\"og:site_name\" content=\"Versano\" \/>\n<meta property=\"article:modified_time\" content=\"2026-02-23T11:24:14+00:00\" \/>\n<meta property=\"og:image\" content=\"https:\/\/versano.nl\/wp-content\/uploads\/2019\/10\/dames-winterjas-met-bontkraag-halflang-rood-versano-genny-voorkant.jpg\" \/>\n\t<meta property=\"og:image:width\" content=\"900\" \/>\n\t<meta property=\"og:image:height\" content=\"1176\" \/>\n\t<meta property=\"og:image:type\" content=\"image\/jpeg\" \/>\n<meta name=\"twitter:card\" content=\"summary_large_image\" \/>\n<meta name=\"twitter:label1\" content=\"Gesch\u00e4tzte Lesezeit\" \/>\n\t<meta name=\"twitter:data1\" content=\"2\u00a0Minuten\" \/>\n<script type=\"application\/ld+json\" class=\"yoast-schema-graph\">{\"@context\":\"https:\/\/schema.org\",\"@graph\":[{\"@type\":\"WebPage\",\"@id\":\"https:\/\/versano.nl\/shop\/halflange-dames-winterjas-met-bontkraag-rood-genny-versano\/\",\"url\":\"https:\/\/versano.nl\/shop\/halflange-dames-winterjas-met-bontkraag-rood-genny-versano\/\",\"name\":\"Dames winterjas met bontkraag jenny rood Versano\",\"isPartOf\":{\"@id\":\"https:\/\/versano.nl\/#website\"},\"primaryImageOfPage\":{\"@id\":\"https:\/\/versano.nl\/shop\/halflange-dames-winterjas-met-bontkraag-rood-genny-versano\/#primaryimage\"},\"image\":{\"@id\":\"https:\/\/versano.nl\/shop\/halflange-dames-winterjas-met-bontkraag-rood-genny-versano\/#primaryimage\"},\"thumbnailUrl\":\"https:\/\/versano.nl\/wp-content\/uploads\/2019\/10\/dames-winterjas-met-bontkraag-halflang-rood-versano-genny-voorkant.jpg\",\"datePublished\":\"2019-10-07T21:47:09+00:00\",\"dateModified\":\"2026-02-23T11:24:14+00:00\",\"description\":\"Ben u op zoek naar een Dames winterjas met bontkraag jenny rood Versano, kijk dan gerust in de webshop voor onze collectie voor winterjassen.\",\"breadcrumb\":{\"@id\":\"https:\/\/versano.nl\/shop\/halflange-dames-winterjas-met-bontkraag-rood-genny-versano\/#breadcrumb\"},\"inLanguage\":\"de\",\"potentialAction\":[{\"@type\":\"ReadAction\",\"target\":[\"https:\/\/versano.nl\/shop\/halflange-dames-winterjas-met-bontkraag-rood-genny-versano\/\"]}]},{\"@type\":\"ImageObject\",\"inLanguage\":\"de\",\"@id\":\"https:\/\/versano.nl\/shop\/halflange-dames-winterjas-met-bontkraag-rood-genny-versano\/#primaryimage\",\"url\":\"https:\/\/versano.nl\/wp-content\/uploads\/2019\/10\/dames-winterjas-met-bontkraag-halflang-rood-versano-genny-voorkant.jpg\",\"contentUrl\":\"https:\/\/versano.nl\/wp-content\/uploads\/2019\/10\/dames-winterjas-met-bontkraag-halflang-rood-versano-genny-voorkant.jpg\",\"width\":900,\"height\":1176,\"caption\":\"Dames winterjas met bontkraag jenny rood Versano\"},{\"@type\":\"BreadcrumbList\",\"@id\":\"https:\/\/versano.nl\/shop\/halflange-dames-winterjas-met-bontkraag-rood-genny-versano\/#breadcrumb\",\"itemListElement\":[{\"@type\":\"ListItem\",\"position\":1,\"name\":\"Home\",\"item\":\"https:\/\/versano.nl\/\"},{\"@type\":\"ListItem\",\"position\":2,\"name\":\"Shop\",\"item\":\"https:\/\/versano.nl\/shop\/\"},{\"@type\":\"ListItem\",\"position\":3,\"name\":\"Dames winterjas met bontkraag jenny rood Versano\"}]},{\"@type\":\"WebSite\",\"@id\":\"https:\/\/versano.nl\/#website\",\"url\":\"https:\/\/versano.nl\/\",\"name\":\"Versano\",\"description\":\"winterjassen met bontkraag | leren dames jassen | leren heren jassen\",\"potentialAction\":[{\"@type\":\"SearchAction\",\"target\":{\"@type\":\"EntryPoint\",\"urlTemplate\":\"https:\/\/versano.nl\/?s={search_term_string}\"},\"query-input\":{\"@type\":\"PropertyValueSpecification\",\"valueRequired\":true,\"valueName\":\"search_term_string\"}}],\"inLanguage\":\"de\"}]}<\/script>\n<!-- \/ Yoast SEO plugin. -->","yoast_head_json":{"title":"Damen Wintermantel mit Pelzkragen Jenny Red Versano","description":"Suchen Sie eine Damen Winterjacke mit Fellkragen Jenny Red Versano, dann schauen Sie im Webshop nach unserer Kollektion f\u00fcr Winterjacken.","robots":{"index":"index","follow":"follow","max-snippet":"max-snippet:-1","max-image-preview":"max-image-preview:large","max-video-preview":"max-video-preview:-1"},"canonical":"https:\/\/versano.nl\/de\/shop\/halflange-dames-winterjas-met-bontkraag-rood-genny-versano\/","og_locale":"de_DE","og_type":"article","og_title":"Dames winterjas met bontkraag jenny rood Versano","og_description":"Ben u op zoek naar een Dames winterjas met bontkraag jenny rood Versano, kijk dan gerust in de webshop voor onze collectie voor winterjassen.","og_url":"https:\/\/versano.nl\/de\/shop\/halflange-dames-winterjas-met-bontkraag-rood-genny-versano\/","og_site_name":"Versano","article_modified_time":"2026-02-23T11:24:14+00:00","og_image":[{"width":900,"height":1176,"url":"https:\/\/versano.nl\/wp-content\/uploads\/2019\/10\/dames-winterjas-met-bontkraag-halflang-rood-versano-genny-voorkant.jpg","type":"image\/jpeg"}],"twitter_card":"summary_large_image","twitter_misc":{"Gesch\u00e4tzte Lesezeit":"2\u00a0Minuten"},"schema":{"@context":"https:\/\/schema.org","@graph":[{"@type":"WebPage","@id":"https:\/\/versano.nl\/shop\/halflange-dames-winterjas-met-bontkraag-rood-genny-versano\/","url":"https:\/\/versano.nl\/shop\/halflange-dames-winterjas-met-bontkraag-rood-genny-versano\/","name":"Damen Wintermantel mit Pelzkragen Jenny Red Versano","isPartOf":{"@id":"https:\/\/versano.nl\/#website"},"primaryImageOfPage":{"@id":"https:\/\/versano.nl\/shop\/halflange-dames-winterjas-met-bontkraag-rood-genny-versano\/#primaryimage"},"image":{"@id":"https:\/\/versano.nl\/shop\/halflange-dames-winterjas-met-bontkraag-rood-genny-versano\/#primaryimage"},"thumbnailUrl":"https:\/\/versano.nl\/wp-content\/uploads\/2019\/10\/dames-winterjas-met-bontkraag-halflang-rood-versano-genny-voorkant.jpg","datePublished":"2019-10-07T21:47:09+00:00","dateModified":"2026-02-23T11:24:14+00:00","description":"Suchen Sie eine Damen Winterjacke mit Fellkragen Jenny Red Versano, dann schauen Sie im Webshop nach unserer Kollektion f\u00fcr Winterjacken.","breadcrumb":{"@id":"https:\/\/versano.nl\/shop\/halflange-dames-winterjas-met-bontkraag-rood-genny-versano\/#breadcrumb"},"inLanguage":"de","potentialAction":[{"@type":"ReadAction","target":["https:\/\/versano.nl\/shop\/halflange-dames-winterjas-met-bontkraag-rood-genny-versano\/"]}]},{"@type":"ImageObject","inLanguage":"de","@id":"https:\/\/versano.nl\/shop\/halflange-dames-winterjas-met-bontkraag-rood-genny-versano\/#primaryimage","url":"https:\/\/versano.nl\/wp-content\/uploads\/2019\/10\/dames-winterjas-met-bontkraag-halflang-rood-versano-genny-voorkant.jpg","contentUrl":"https:\/\/versano.nl\/wp-content\/uploads\/2019\/10\/dames-winterjas-met-bontkraag-halflang-rood-versano-genny-voorkant.jpg","width":900,"height":1176,"caption":"Dames winterjas met bontkraag jenny rood Versano"},{"@type":"BreadcrumbList","@id":"https:\/\/versano.nl\/shop\/halflange-dames-winterjas-met-bontkraag-rood-genny-versano\/#breadcrumb","itemListElement":[{"@type":"ListItem","position":1,"name":"Home","item":"https:\/\/versano.nl\/"},{"@type":"ListItem","position":2,"name":"Shop","item":"https:\/\/versano.nl\/shop\/"},{"@type":"ListItem","position":3,"name":"Dames winterjas met bontkraag jenny rood Versano"}]},{"@type":"WebSite","@id":"https:\/\/versano.nl\/#website","url":"https:\/\/versano.nl\/","name":"Versano","description":"Winterm\u00e4ntel mit Pelzkragen | Damen Lederjacken | Herren Lederjacken","potentialAction":[{"@type":"SearchAction","target":{"@type":"EntryPoint","urlTemplate":"https:\/\/versano.nl\/?s={search_term_string}"},"query-input":{"@type":"PropertyValueSpecification","valueRequired":true,"valueName":"search_term_string"}}],"inLanguage":"de"}]}},"_links":{"self":[{"href":"https:\/\/versano.nl\/de\/wp-json\/wp\/v2\/product\/12619","targetHints":{"allow":["GET"]}}],"collection":[{"href":"https:\/\/versano.nl\/de\/wp-json\/wp\/v2\/product"}],"about":[{"href":"https:\/\/versano.nl\/de\/wp-json\/wp\/v2\/types\/product"}],"replies":[{"embeddable":true,"href":"https:\/\/versano.nl\/de\/wp-json\/wp\/v2\/comments?post=12619"}],"wp:featuredmedia":[{"embeddable":true,"href":"https:\/\/versano.nl\/de\/wp-json\/wp\/v2\/media\/12616"}],"wp:attachment":[{"href":"https:\/\/versano.nl\/de\/wp-json\/wp\/v2\/media?parent=12619"}],"wp:term":[{"taxonomy":"product_brand","embeddable":true,"href":"https:\/\/versano.nl\/de\/wp-json\/wp\/v2\/product_brand?post=12619"},{"taxonomy":"product_cat","embeddable":true,"href":"https:\/\/versano.nl\/de\/wp-json\/wp\/v2\/product_cat?post=12619"},{"taxonomy":"product_tag","embeddable":true,"href":"https:\/\/versano.nl\/de\/wp-json\/wp\/v2\/product_tag?post=12619"}],"curies":[{"name":"wp","href":"https:\/\/api.w.org\/{rel}","templated":true}]}}