{"id":1247,"date":"2014-09-10T12:14:41","date_gmt":"2014-09-10T12:14:41","guid":{"rendered":"http:\/\/leathershopdoci.nl\/new\/shop\/dames-leren-jassen\/versano-dames-leren-jassen-315\/"},"modified":"2026-01-26T06:53:40","modified_gmt":"2026-01-26T06:53:40","slug":"dames-leren-jas-versano-315-cognac","status":"publish","type":"product","link":"https:\/\/versano.nl\/de\/shop\/dames-leren-jas-versano-315-cognac\/","title":{"rendered":"Leder Damenjacke 315 Cognac Versano"},"content":{"rendered":"<h2>Leder Damenjacke 315 Cognac Versano<\/h2>\n<p>Auf der Suche nach einer schicken Damen Lederjacke, in der Sie gerne herumlaufen? Bei Versano wissen sie, wie man eine solche Jacke entwirft und produziert. Nehmen Sie zum Beispiel diese sch\u00f6ne Damen Lederjacke 315 cognac Versano. Dies ist eine Jacke, die, man kann es nicht leugnen, gro\u00dfartig aussieht. Das Finish ist absolut perfekt und alle Elemente sind sch\u00f6n aufeinander abgestimmt. Dies ist eines der Grundmodelle von Versano und als solches auch einer unserer Erfolge. Sie ist in strapazierf\u00e4higem Lammleder erh\u00e4ltlich, aber wenn Sie es lieber nicht tragen m\u00f6chten, haben wir diese Jacke auch in Lederimitat gefertigt. Dieses Modell ist in mehreren Farben und auch in gr\u00f6\u00dferen Gr\u00f6\u00dfen bis 5xl erh\u00e4ltlich.<\/p>\n<h2><strong>Bestellen Sie die Lederjacke von Versano<\/strong><\/h2>\n<p>Diese schicke Damenjacke von Versano ist eines der besten Basic-Modelle der italienischen Marke Versano. Es ist eine Jacke, die sich gut mit verschiedenen Arten von Kleidung kombinieren l\u00e4sst. Denken Sie an einen Rock, aber auch an eine coole Jeans. Die Jacke hat vier Taschen, zwei Seitentaschen und zwei kleinere Taschen auf der Brust. Die 315 black von Versano ist aus besten Materialien gefertigt und ist weich und anschmiegsam, da es sich um 100% Lammfell handelt. Wenn Sie diese Jacke bei uns bestellen, erhalten Sie eine Jacke, die ein Leben lang sch\u00f6n bleibt. Die Farbe Schwarz l\u00e4sst sich gut kombinieren und passt zu fast allen Outfits. Sein italienisches Design sorgt daf\u00fcr, dass die Jacke eng anliegt und trotzdem angenehm zu tragen ist. Dieses Modell ist nicht zu voll, was es zu einem Top-Klassiker macht. Sie k\u00f6nnen ganz einfach auf unserer Website bestellen.<\/p>\n<p>Marke: <a href=\"https:\/\/versano.nl\/\" target=\"_blank\" rel=\"noopener noreferrer\">Versano<\/a><br \/>\nMaterial: 100% Lammfell<br \/>\nFutter: 100% Polyester<br \/>\nL\u00e4nge: kurz<br \/>\nPassform: fest sitzend<br \/>\nSchlie\u00dfung: Rei\u00dfverschluss<br \/>\nTaschen: RV-Taschen<br \/>\nKragen: Stehkragen<br \/>\nMaterial Au\u00dfenschicht: hohe Qualit\u00e4t und weiches Lammfell<br \/>\nLieferzeit: 2-3 Werktage<\/p>","protected":false},"excerpt":{"rendered":"<p><strong>W\u00c4HLEN SIE HIER EINE ANDERE FARBE<\/strong><\/p>\n<p><a href=\"https:\/\/versano.nl\/shop\/dames-leren-jasje-315-blauw-versano\/\"><img loading=\"lazy\" decoding=\"async\" class=\"alignnone size-full wp-image-19828\" src=\"https:\/\/versano.nl\/wp-content\/uploads\/sites\/2\/2019\/01\/leren-dames-jas-blauw-ronde-kraag-315-model4-thumb.jpg\" alt=\"\" width=\"57\" height=\"75\" \/><\/a><a href=\"https:\/\/versano.nl\/shop\/leren-dames-jas-groen-versano-315\/\"><img loading=\"lazy\" decoding=\"async\" class=\"alignnone size-full wp-image-19829\" src=\"https:\/\/versano.nl\/wp-content\/uploads\/sites\/2\/2019\/01\/leren-dames-jas-groen-ronde-kraag-315-model4-thumb.jpg\" alt=\"\" width=\"57\" height=\"75\" \/><\/a><a href=\"https:\/\/versano.nl\/shop\/leren-dames-jas-315-bruin-versano\/\"><img loading=\"lazy\" decoding=\"async\" class=\"alignnone size-full wp-image-19830\" src=\"https:\/\/versano.nl\/wp-content\/uploads\/sites\/2\/2019\/01\/leren-dames-jassen-bruin-ronde-kraag-315-model3-thumb.jpg\" alt=\"\" width=\"57\" height=\"75\" \/><\/a><a href=\"https:\/\/versano.nl\/shop\/dames-leren-jas-versano-315-zwart\/\"><img loading=\"lazy\" decoding=\"async\" class=\"alignnone size-full wp-image-19831\" src=\"https:\/\/versano.nl\/wp-content\/uploads\/sites\/2\/2019\/01\/leren-dames-jassen-zwart-ronde-kraag-315-model3-thumb.jpg\" alt=\"\" width=\"57\" height=\"75\" \/><\/a><a href=\"https:\/\/versano.nl\/shop\/leren-dames-jas-rood-versano-315\/\"><img loading=\"lazy\" decoding=\"async\" class=\"alignnone size-full wp-image-19833\" src=\"https:\/\/versano.nl\/wp-content\/uploads\/sites\/2\/2019\/01\/leren-jasje-rood-ronde-kraag-315-model2-thumb.jpg\" alt=\"\" width=\"57\" height=\"75\" \/><\/a><a href=\"https:\/\/versano.nl\/shop\/leren-dames-jas-beige-versano-315\/\"><img loading=\"lazy\" decoding=\"async\" class=\"alignnone size-full wp-image-19832\" src=\"https:\/\/versano.nl\/wp-content\/uploads\/sites\/2\/2019\/01\/leren-jasje-beige-ronde-kraag-315-model3-thumb.jpg\" alt=\"\" width=\"57\" height=\"75\" \/><\/a><a href=\"https:\/\/versano.nl\/shop\/leren-dames-jas-beige-versano-315\/\"><img loading=\"lazy\" decoding=\"async\" class=\"alignnone size-full wp-image-27050\" src=\"https:\/\/versano.nl\/wp-content\/uploads\/sites\/2\/2017\/04\/leren-dames-jas-taupe-camel-myversano-315-thumb.jpg\" alt=\"\" width=\"57\" height=\"76\" srcset=\"https:\/\/versano.nl\/wp-content\/uploads\/2017\/04\/leren-dames-jas-taupe-camel-myversano-315-thumb.jpg 57w, https:\/\/versano.nl\/wp-content\/uploads\/2017\/04\/leren-dames-jas-taupe-camel-myversano-315-thumb-9x12.jpg 9w\" sizes=\"auto, (max-width: 57px) 100vw, 57px\" \/><\/a><\/p>\n<p><span style=\"color: #ff0000;\">Fit Beratung:<\/span> Die Passform dieser Jacke ist eng geschnitten. Unser Modell ist 1,68 cm gro\u00df und tr\u00e4gt eine Gr\u00f6\u00dfe S.<\/p>\n<p>Wenn Sie sich bei Ihren Ma\u00dfen nicht sicher sind, empfehlen wir Ihnen, zuerst Ihre Gr\u00f6\u00dfenma\u00dfe zu messen und sie mit unserer Gr\u00f6\u00dfentabelle zu vergleichen. Wenn Sie keine Erfahrung mit der Messung von Umfangsgr\u00f6\u00dfen haben, klicken Sie auf <a href=\"https:\/\/www.youtube.com\/watch?v=3ZSfY87v6pM\"><em>HIER<\/em>\u00a0<\/a>\u00a0zu <span style=\"color: #ff0000;\"><a style=\"color: #ff0000;\" href=\"https:\/\/www.youtube.com\/watch?v=3ZSfY87v6pM\"><em>VIDEO<\/em><\/a>\u00a0<\/span> mit Anweisungen. Sie k\u00f6nnen uns auch direkt anrufen oder anrufen! Unsere Mitarbeiter stehen Ihnen jederzeit zur Verf\u00fcgung.<\/p>\n<p><strong>LIEFERZEIT :<\/strong> 2 bis 3 Werktage.<\/p>","protected":false},"featured_media":33520,"comment_status":"closed","ping_status":"closed","template":"","meta":[],"product_brand":[],"product_cat":[89,90,874,875,1470,879,1469,880,1712,881,2051,878,882],"product_tag":[350,351,95,352,353,98,349,142,101,105,106,107],"class_list":{"0":"post-1247","1":"product","2":"type-product","3":"status-publish","4":"has-post-thumbnail","6":"product_cat-dames","7":"product_cat-dames-leren-jassen","8":"product_cat-kort-leren-jasje","9":"product_cat-kort-leren-jasje-dames","10":"product_cat-leren-dames-jas","11":"product_cat-leren-dames-jassen","12":"product_cat-leren-jas-dames","13":"product_cat-leren-jasje-dames","14":"product_cat-leren-jassen","15":"product_cat-leren-jassen-dames","16":"product_cat-leren-jassen-dames-grote-maten","17":"product_cat-leren-jassen-dames-uitverkoop","18":"product_cat-versano","19":"product_tag-basic-dames-leren-jas-cognac","20":"product_tag-dames-leren-jas-cognac","21":"product_tag-korte-leren-jassen","22":"product_tag-leren-dames-jas-cognac","23":"product_tag-leren-dames-jasje-cognac","24":"product_tag-leren-jasje","25":"product_tag-leren-jassen","26":"product_tag-online-dames-leren-jassen","27":"product_tag-online-leren-jassen","28":"product_tag-versano-leren-jassen","29":"product_tag-winter-leren-jassen","30":"product_tag-zomer-leren-jassen","31":"tm-no-options","33":"first","34":"instock","35":"sale","36":"taxable","37":"shipping-taxable","38":"purchasable","39":"product-type-variable"},"yoast_head":"<!-- This site is optimized with the Yoast SEO plugin v27.2 - https:\/\/yoast.com\/product\/yoast-seo-wordpress\/ -->\n<title>Leren dames jas 315 cognac Versano, dames leren jas<\/title>\n<meta name=\"description\" content=\"Bent u op zoek naar een Leren dames jas 315 cognac Versano? Dan bent u bij Versano aan het juiste adres voor een dames leren jasje.\" \/>\n<meta name=\"robots\" content=\"index, follow, max-snippet:-1, max-image-preview:large, max-video-preview:-1\" \/>\n<link rel=\"canonical\" href=\"https:\/\/versano.nl\/de\/shop\/dames-leren-jas-versano-315-cognac\/\" \/>\n<meta property=\"og:locale\" content=\"de_DE\" \/>\n<meta property=\"og:type\" content=\"article\" \/>\n<meta property=\"og:title\" content=\"Leren dames jas 315 cognac Versano, dames leren jas\" \/>\n<meta property=\"og:description\" content=\"Bent u op zoek naar een Leren dames jas 315 cognac Versano? Dan bent u bij Versano aan het juiste adres voor een dames leren jasje.\" \/>\n<meta property=\"og:url\" content=\"https:\/\/versano.nl\/de\/shop\/dames-leren-jas-versano-315-cognac\/\" \/>\n<meta property=\"og:site_name\" content=\"Versano\" \/>\n<meta property=\"article:modified_time\" content=\"2026-01-26T06:53:40+00:00\" \/>\n<meta property=\"og:image\" content=\"https:\/\/versano.nl\/wp-content\/uploads\/2014\/09\/315-cognac.jpg\" \/>\n\t<meta property=\"og:image:width\" content=\"600\" \/>\n\t<meta property=\"og:image:height\" content=\"800\" \/>\n\t<meta property=\"og:image:type\" content=\"image\/jpeg\" \/>\n<meta name=\"twitter:card\" content=\"summary_large_image\" \/>\n<meta name=\"twitter:label1\" content=\"Gesch\u00e4tzte Lesezeit\" \/>\n\t<meta name=\"twitter:data1\" content=\"2\u00a0Minuten\" \/>\n<script type=\"application\/ld+json\" class=\"yoast-schema-graph\">{\"@context\":\"https:\/\/schema.org\",\"@graph\":[{\"@type\":\"WebPage\",\"@id\":\"https:\/\/versano.nl\/shop\/dames-leren-jas-versano-315-cognac\/\",\"url\":\"https:\/\/versano.nl\/shop\/dames-leren-jas-versano-315-cognac\/\",\"name\":\"Leren dames jas 315 cognac Versano, dames leren jas\",\"isPartOf\":{\"@id\":\"https:\/\/versano.nl\/#website\"},\"primaryImageOfPage\":{\"@id\":\"https:\/\/versano.nl\/shop\/dames-leren-jas-versano-315-cognac\/#primaryimage\"},\"image\":{\"@id\":\"https:\/\/versano.nl\/shop\/dames-leren-jas-versano-315-cognac\/#primaryimage\"},\"thumbnailUrl\":\"https:\/\/versano.nl\/wp-content\/uploads\/2014\/09\/315-cognac.jpg\",\"datePublished\":\"2014-09-10T12:14:41+00:00\",\"dateModified\":\"2026-01-26T06:53:40+00:00\",\"description\":\"Bent u op zoek naar een Leren dames jas 315 cognac Versano? Dan bent u bij Versano aan het juiste adres voor een dames leren jasje.\",\"breadcrumb\":{\"@id\":\"https:\/\/versano.nl\/shop\/dames-leren-jas-versano-315-cognac\/#breadcrumb\"},\"inLanguage\":\"de\",\"potentialAction\":[{\"@type\":\"ReadAction\",\"target\":[\"https:\/\/versano.nl\/shop\/dames-leren-jas-versano-315-cognac\/\"]}]},{\"@type\":\"ImageObject\",\"inLanguage\":\"de\",\"@id\":\"https:\/\/versano.nl\/shop\/dames-leren-jas-versano-315-cognac\/#primaryimage\",\"url\":\"https:\/\/versano.nl\/wp-content\/uploads\/2014\/09\/315-cognac.jpg\",\"contentUrl\":\"https:\/\/versano.nl\/wp-content\/uploads\/2014\/09\/315-cognac.jpg\",\"width\":600,\"height\":800,\"caption\":\"315 cognac\"},{\"@type\":\"BreadcrumbList\",\"@id\":\"https:\/\/versano.nl\/shop\/dames-leren-jas-versano-315-cognac\/#breadcrumb\",\"itemListElement\":[{\"@type\":\"ListItem\",\"position\":1,\"name\":\"Home\",\"item\":\"https:\/\/versano.nl\/\"},{\"@type\":\"ListItem\",\"position\":2,\"name\":\"Shop\",\"item\":\"https:\/\/versano.nl\/shop\/\"},{\"@type\":\"ListItem\",\"position\":3,\"name\":\"Leren dames jas 315 cognac Versano\"}]},{\"@type\":\"WebSite\",\"@id\":\"https:\/\/versano.nl\/#website\",\"url\":\"https:\/\/versano.nl\/\",\"name\":\"Versano\",\"description\":\"winterjassen met bontkraag | leren dames jassen | leren heren jassen\",\"potentialAction\":[{\"@type\":\"SearchAction\",\"target\":{\"@type\":\"EntryPoint\",\"urlTemplate\":\"https:\/\/versano.nl\/?s={search_term_string}\"},\"query-input\":{\"@type\":\"PropertyValueSpecification\",\"valueRequired\":true,\"valueName\":\"search_term_string\"}}],\"inLanguage\":\"de\"}]}<\/script>\n<!-- \/ Yoast SEO plugin. -->","yoast_head_json":{"title":"Damen Lederjacke 315 cognac Versano, Damen Lederjacke","description":"Suchen Sie eine Damen Lederjacke 315 cognac Versano? Dann sind Sie bei Versano f\u00fcr eine Damen Lederjacke genau richtig.","robots":{"index":"index","follow":"follow","max-snippet":"max-snippet:-1","max-image-preview":"max-image-preview:large","max-video-preview":"max-video-preview:-1"},"canonical":"https:\/\/versano.nl\/de\/shop\/dames-leren-jas-versano-315-cognac\/","og_locale":"de_DE","og_type":"article","og_title":"Leren dames jas 315 cognac Versano, dames leren jas","og_description":"Bent u op zoek naar een Leren dames jas 315 cognac Versano? Dan bent u bij Versano aan het juiste adres voor een dames leren jasje.","og_url":"https:\/\/versano.nl\/de\/shop\/dames-leren-jas-versano-315-cognac\/","og_site_name":"Versano","article_modified_time":"2026-01-26T06:53:40+00:00","og_image":[{"width":600,"height":800,"url":"https:\/\/versano.nl\/wp-content\/uploads\/2014\/09\/315-cognac.jpg","type":"image\/jpeg"}],"twitter_card":"summary_large_image","twitter_misc":{"Gesch\u00e4tzte Lesezeit":"2\u00a0Minuten"},"schema":{"@context":"https:\/\/schema.org","@graph":[{"@type":"WebPage","@id":"https:\/\/versano.nl\/shop\/dames-leren-jas-versano-315-cognac\/","url":"https:\/\/versano.nl\/shop\/dames-leren-jas-versano-315-cognac\/","name":"Damen Lederjacke 315 cognac Versano, Damen Lederjacke","isPartOf":{"@id":"https:\/\/versano.nl\/#website"},"primaryImageOfPage":{"@id":"https:\/\/versano.nl\/shop\/dames-leren-jas-versano-315-cognac\/#primaryimage"},"image":{"@id":"https:\/\/versano.nl\/shop\/dames-leren-jas-versano-315-cognac\/#primaryimage"},"thumbnailUrl":"https:\/\/versano.nl\/wp-content\/uploads\/2014\/09\/315-cognac.jpg","datePublished":"2014-09-10T12:14:41+00:00","dateModified":"2026-01-26T06:53:40+00:00","description":"Suchen Sie eine Damen Lederjacke 315 cognac Versano? Dann sind Sie bei Versano f\u00fcr eine Damen Lederjacke genau richtig.","breadcrumb":{"@id":"https:\/\/versano.nl\/shop\/dames-leren-jas-versano-315-cognac\/#breadcrumb"},"inLanguage":"de","potentialAction":[{"@type":"ReadAction","target":["https:\/\/versano.nl\/shop\/dames-leren-jas-versano-315-cognac\/"]}]},{"@type":"ImageObject","inLanguage":"de","@id":"https:\/\/versano.nl\/shop\/dames-leren-jas-versano-315-cognac\/#primaryimage","url":"https:\/\/versano.nl\/wp-content\/uploads\/2014\/09\/315-cognac.jpg","contentUrl":"https:\/\/versano.nl\/wp-content\/uploads\/2014\/09\/315-cognac.jpg","width":600,"height":800,"caption":"315 cognac"},{"@type":"BreadcrumbList","@id":"https:\/\/versano.nl\/shop\/dames-leren-jas-versano-315-cognac\/#breadcrumb","itemListElement":[{"@type":"ListItem","position":1,"name":"Home","item":"https:\/\/versano.nl\/"},{"@type":"ListItem","position":2,"name":"Shop","item":"https:\/\/versano.nl\/shop\/"},{"@type":"ListItem","position":3,"name":"Leren dames jas 315 cognac Versano"}]},{"@type":"WebSite","@id":"https:\/\/versano.nl\/#website","url":"https:\/\/versano.nl\/","name":"Versano","description":"Winterm\u00e4ntel mit Pelzkragen | Damen Lederjacken | Herren Lederjacken","potentialAction":[{"@type":"SearchAction","target":{"@type":"EntryPoint","urlTemplate":"https:\/\/versano.nl\/?s={search_term_string}"},"query-input":{"@type":"PropertyValueSpecification","valueRequired":true,"valueName":"search_term_string"}}],"inLanguage":"de"}]}},"_links":{"self":[{"href":"https:\/\/versano.nl\/de\/wp-json\/wp\/v2\/product\/1247","targetHints":{"allow":["GET"]}}],"collection":[{"href":"https:\/\/versano.nl\/de\/wp-json\/wp\/v2\/product"}],"about":[{"href":"https:\/\/versano.nl\/de\/wp-json\/wp\/v2\/types\/product"}],"replies":[{"embeddable":true,"href":"https:\/\/versano.nl\/de\/wp-json\/wp\/v2\/comments?post=1247"}],"wp:featuredmedia":[{"embeddable":true,"href":"https:\/\/versano.nl\/de\/wp-json\/wp\/v2\/media\/33520"}],"wp:attachment":[{"href":"https:\/\/versano.nl\/de\/wp-json\/wp\/v2\/media?parent=1247"}],"wp:term":[{"taxonomy":"product_brand","embeddable":true,"href":"https:\/\/versano.nl\/de\/wp-json\/wp\/v2\/product_brand?post=1247"},{"taxonomy":"product_cat","embeddable":true,"href":"https:\/\/versano.nl\/de\/wp-json\/wp\/v2\/product_cat?post=1247"},{"taxonomy":"product_tag","embeddable":true,"href":"https:\/\/versano.nl\/de\/wp-json\/wp\/v2\/product_tag?post=1247"}],"curies":[{"name":"wp","href":"https:\/\/api.w.org\/{rel}","templated":true}]}}